{"id":11069,"date":"2025-02-11T15:45:33","date_gmt":"2025-02-11T15:45:33","guid":{"rendered":"https:\/\/alpencupmx.eu\/?page_id=11069"},"modified":"2025-04-24T12:04:57","modified_gmt":"2025-04-24T12:04:57","slug":"rietz-2025","status":"publish","type":"page","link":"https:\/\/alpencupmx.eu\/it_it\/rietz-2025\/","title":{"rendered":"Rietz"},"content":{"rendered":"<div id=\"fws_69f2cb057d731\"  data-column-margin=\"default\" data-midnight=\"light\" data-top-percent=\"15%\" data-bottom-percent=\"13%\"  class=\"wpb_row vc_row-fluid vc_row full-width-section vc_row-o-equal-height vc_row-flex vc_row-o-content-bottom parallax_section\"  style=\"padding-top: calc(100vw * 0.15); padding-bottom: calc(100vw * 0.13); \"><div class=\"row-bg-wrap\" data-bg-animation=\"fade-in\" data-bg-animation-delay=\"\" data-bg-overlay=\"true\"><div class=\"inner-wrap row-bg-layer using-image\" style=\"background-color: #d1d1ca;\" ><div class=\"row-bg viewport-desktop using-image using-bg-color\" data-parallax-speed=\"fast\" style=\"background-image: url(https:\/\/alpencupmx.eu\/wp-content\/uploads\/2025\/04\/2025_APR_AUT_Alpencup_Rietz_PR-Size-5093.jpg); background-position: center center; background-repeat: no-repeat; background-color: #d1d1ca; \"><\/div><\/div><div class=\"row-bg-overlay row-bg-layer\" style=\"background-color:#0a0a0a;  opacity: 0.5; \"><\/div><\/div><div class=\"row_col_wrap_12 col span_12 light left\">\n\t<div  class=\"vc_col-sm-6 wpb_column column_container vc_column_container col no-extra-padding inherit_tablet inherit_phone\"  data-padding-pos=\"all\" data-has-bg-color=\"false\" data-bg-color=\"\" data-bg-opacity=\"1\" data-animation=\"\" data-delay=\"0\" >\n\t\t<div class=\"vc_column-inner\" >\n\t\t\t<div class=\"wpb_wrapper\">\n\t\t\t\t<div id=\"fws_69f2cb057ec17\" data-midnight=\"\" data-column-margin=\"default\" class=\"wpb_row vc_row-fluid vc_row inner_row\"  style=\"\"><div class=\"row-bg-wrap\"> <div class=\"row-bg\" ><\/div> <\/div><div class=\"row_col_wrap_12_inner col span_12  left\">\n\t<div  class=\"vc_col-sm-12 wpb_column column_container vc_column_container col child_column no-extra-padding inherit_tablet inherit_phone\"   data-padding-pos=\"all\" data-has-bg-color=\"false\" data-bg-color=\"\" data-bg-opacity=\"1\" data-animation=\"\" data-delay=\"0\" >\n\t\t<div class=\"vc_column-inner\" >\n\t\t<div class=\"wpb_wrapper\">\n\t\t\t<div class=\"nectar-split-heading\" data-align=\"default\" data-m-align=\"inherit\" data-text-effect=\"default\" data-animation-type=\"line-reveal-by-space\" data-animation-delay=\"0\" data-animation-offset=\"\" data-m-rm-animation=\"\" data-stagger=\"\" data-custom-font-size=\"false\" ><h1 >RIETZ<\/h1><\/div>\n\t\t<\/div> \n\t<\/div>\n\t<\/div> \n<\/div><\/div><div id=\"fws_69f2cb058020c\" data-midnight=\"\" data-column-margin=\"default\" class=\"wpb_row vc_row-fluid vc_row inner_row\"  style=\"\"><div class=\"row-bg-wrap\"> <div class=\"row-bg\" ><\/div> <\/div><div class=\"row_col_wrap_12_inner col span_12  left\">\n\t<div  class=\"vc_col-sm-12 wpb_column column_container vc_column_container col child_column has-animation no-extra-padding inherit_tablet inherit_phone\"   data-padding-pos=\"all\" data-has-bg-color=\"false\" data-bg-color=\"\" data-bg-opacity=\"1\" data-animation=\"fade-in\" data-delay=\"800\" >\n\t\t<div class=\"vc_column-inner\" >\n\t\t<div class=\"wpb_wrapper\">\n\t\t\t\n<div class=\"wpb_text_column wpb_content_element\" >\n\t<p><span style=\"font-size: 14pt;\">???? <strong>05. &#8211; 06. April 2025<\/strong><\/span><\/p>\n<p><span style=\"font-size: 14pt;\">???????? MSC-Rietz Motocross Tirolo<\/span><\/p>\n<\/div>\n\n\n\n\n\t\t<\/div> \n\t<\/div>\n\t<\/div> \n<\/div><\/div>\n\t\t\t<\/div> \n\t\t<\/div>\n\t<\/div> \n\n\t<div  class=\"vc_col-sm-6 wpb_column column_container vc_column_container col no-extra-padding inherit_tablet inherit_phone\"  data-padding-pos=\"all\" data-has-bg-color=\"false\" data-bg-color=\"\" data-bg-opacity=\"1\" data-animation=\"\" data-delay=\"0\" >\n\t\t<div class=\"vc_column-inner\" >\n\t\t\t<div class=\"wpb_wrapper\">\n\t\t\t\t<style>#count-down-wrap-9966 .ult_countdown-amount { font-weight:bold;font-weight:bold;  font-family : ;\tcolor: #000000; } #count-down-wrap-9966 .ult_countdown-period{font-weight:bold;\tcolor: ;\tfont-family: ;}<\/style><div  data-ultimate-target='#count-down-wrap-9966 .ult_countdown-period'  data-responsive-json-new='{\"font-size\":\"desktop:13px;\",\"line-height\":\"\"}'  class=\"ult-responsive ult_countdown   ult-cd-s2\"><div id=\"count-down-wrap-9966\"  class=\"ult-responsive ult_countdown-div ult_countdown-dateAndTime ult-wptz\" data-labels=\"Jahre,Monate,Wochen,Tage,Hours,Minuten,Sekunden\" data-labels2=\"Jahr,Monat,Woche,Tag,Hour,Minute,Sekunde\"  data-terminal-date=\"2025\/04\/05 08:00:00\" data-countformat=\"DHM\" data-time-zone=\"1\" data-time-now=\"2026\/04\/30 04:22:45\"  data-tick-col=\"#000000\"   data-ultimate-target='#count-down-wrap-9966 .ult_countdown-amount'  data-responsive-json-new='{\"font-size\":\"desktop:36px;\",\"line-height\":\"\"}'  data-tick-p-col=\"\" data-br-color=\"#ffffff\" data-br-style=\"inset\" data-br-size=\"3\"  data-tick-style=\"font-weight:bold;\"  data-tick-p-style=\"\"  data-bg-color=\"#ffffff\" data-br-radius=\"10\" data-padd=\"5\" >2025\/04\/05 08:00:00<\/div><\/div>\n\t\t\t<\/div> \n\t\t<\/div>\n\t<\/div> \n<\/div><\/div>\n\t\t<div id=\"fws_69f2cb058240b\"  data-column-margin=\"default\" data-midnight=\"dark\" data-top-percent=\"6%\" data-bottom-percent=\"2%\"  class=\"wpb_row vc_row-fluid vc_row full-width-section has-row-bg-color\"  style=\"padding-top: calc(100vw * 0.06); padding-bottom: calc(100vw * 0.02); --row-bg-color: #ffffff;\"><div class=\"row-bg-wrap\" data-bg-animation=\"none\" data-bg-animation-delay=\"\" data-bg-overlay=\"false\"><div class=\"inner-wrap row-bg-layer\" ><div class=\"row-bg viewport-desktop using-bg-color\"  style=\"background-color: #ffffff; \"><\/div><\/div><\/div><div class=\"row_col_wrap_12 col span_12 dark left\">\n\t<div  class=\"vc_col-sm-12 wpb_column column_container vc_column_container col no-extra-padding inherit_tablet inherit_phone\"  data-padding-pos=\"all\" data-has-bg-color=\"false\" data-bg-color=\"\" data-bg-opacity=\"1\" data-animation=\"\" data-delay=\"0\" >\n\t\t<div class=\"vc_column-inner\" >\n\t\t\t<div class=\"wpb_wrapper\">\n\t\t\t\t\n\t<div class=\"wpb_content_element\" data-interval=\"0\">\n\t\t<div class=\"wpb_wrapper tabbed clearfix\" data-style=\"material\" data-animation=\"fade\" data-spacing=\"side-45px\" data-icon-size=\"32\" data-full-width-line=\"true\" data-color-scheme=\"extra-color-2\" data-alignment=\"center\">\n\t\t\t<ul class=\"wpb_tabs_nav ui-tabs-nav clearfix\"><li class=\"tab-item active-tab\"><a role=\"button\" href=\"#tab-1745496270468-4\" class=\"active-tab\"><span>Media<\/span><\/a><\/li><li class=\"tab-item\"><a role=\"button\" href=\"#tab-1745496270606-10\" ><span>Informazioni<\/span><\/a><\/li><li class=\"tab-item\"><a role=\"button\" href=\"#tab-1745496270715-4\" ><span>Risultati<\/span><\/a><\/li><li class=\"tab-item\"><a role=\"button\" href=\"#tab-1745496270910-0\" ><span>Orario<\/span><\/a><\/li><li class=\"tab-item\"><a role=\"button\" href=\"#tab-1745496271050-5\" ><span>Pista<\/span><\/a><\/li><li class=\"tab-item\"><a role=\"button\" href=\"#tab-1745496271165-4\" ><span>Elenco dei conducenti<\/span><\/a><\/li><\/ul>\n\n\t\t\t\n\t\t\t<div id=\"tab-media\" data-tab-icon=\"iconsmind-Camera-5\" class=\"wpb_tab ui-tabs-panel wpb_ui-tabs-hide clearfix\"><span class=\"im-icon-wrap tab-icon\"><span><svg role=\"presentation\" version=\"1.1\" xmlns=\"http:\/\/www.w3.org\/2000\/svg\" width=\"32\" height=\"32\" viewbox=\"0 0 32 32\">\n        <path d=\"M27.333 30.667h-22.667c-2.573 0-4.667-2.093-4.667-4.667v-10.667c0-2.573 2.093-4.667 4.667-4.667h9.796l1.251-1.156c0.123-0.113 0.284-0.177 0.452-0.177h7.944c0.193 0 0.375 0.084 0.501 0.228l0.971 1.105h1.752c2.573 0 4.667 2.093 4.667 4.667v10.667c0 2.573-2.093 4.667-4.667 4.667zM4.667 12c-1.837 0-3.333 1.495-3.333 3.333v10.667c0 1.839 1.496 3.333 3.333 3.333h22.667c1.837 0 3.333-1.495 3.333-3.333v-10.667c0-1.839-1.496-3.333-3.333-3.333h-2.056c-0.192 0-0.375-0.084-0.501-0.228l-0.969-1.105h-7.383l-1.251 1.156c-0.121 0.113-0.283 0.177-0.451 0.177h-10.056zM16 28c-3.676 0-6.667-2.991-6.667-6.667s2.991-6.667 6.667-6.667 6.667 2.991 6.667 6.667-2.991 6.667-6.667 6.667zM16 16c-2.941 0-5.333 2.392-5.333 5.333s2.392 5.333 5.333 5.333 5.333-2.392 5.333-5.333-2.392-5.333-5.333-5.333zM28 14.667c0 0.737-0.597 1.333-1.333 1.333s-1.333-0.597-1.333-1.333c0-0.737 0.597-1.333 1.333-1.333s1.333 0.597 1.333 1.333zM23.333 8h-6.667c-0.368 0-0.667-0.299-0.667-0.667v-5.333c0-0.368 0.299-0.667 0.667-0.667h6.667c0.367 0 0.667 0.299 0.667 0.667v5.333c0 0.368-0.3 0.667-0.667 0.667zM17.333 6.667h5.333v-4h-5.333v4zM8 10.667h-2.667c-0.368 0-0.667-0.299-0.667-0.667s0.299-0.667 0.667-0.667h2.667c0.368 0 0.667 0.299 0.667 0.667s-0.299 0.667-0.667 0.667zM4.667 27.333c-0.368 0-0.667-0.299-0.667-0.667v-12c0-0.368 0.299-0.667 0.667-0.667s0.667 0.299 0.667 0.667v12c0 0.368-0.299 0.667-0.667 0.667z\"><\/path>\n        <\/svg><\/span><\/span>\n\t\t\t\t<div id=\"fws_69f2cb0585a5c\" data-midnight=\"\" data-column-margin=\"default\" class=\"wpb_row vc_row-fluid vc_row inner_row\"  style=\"\"><div class=\"row-bg-wrap\"> <div class=\"row-bg\" ><\/div> <\/div><div class=\"row_col_wrap_12_inner col span_12  left\">\n\t<div  class=\"vc_col-sm-12 wpb_column column_container vc_column_container col child_column no-extra-padding inherit_tablet inherit_phone\"   data-padding-pos=\"all\" data-has-bg-color=\"false\" data-bg-color=\"\" data-bg-opacity=\"1\" data-animation=\"\" data-delay=\"0\" >\n\t\t<div class=\"vc_column-inner\" >\n\t\t<div class=\"wpb_wrapper\">\n\t\t\t\n<div class=\"wpb_text_column wpb_content_element\" >\n\t<h2 style=\"text-align: center;\"><strong>Story Highlight vom Wochenende\u00a0<\/strong><\/h2>\n<\/div>\n\n\n\n\n<div class=\"wpb_text_column wpb_content_element  vc_custom_1745493694757\" >\n\t<p>Was ein Auftakt f\u00fcr den Alpencup 2025 in Rietz, \u00d6sterreich. Danke an Alle, welche zu unserem Event nach Tirol gekommen sind!<br \/>\nSuper Wetter, eine perfekt pr\u00e4parierte Strecke, gutes Racing, top Gastro.<br \/>\nWas will man mehr f\u00fcr ein MX Wochenende mit guten Vibes?<br \/>\nViel Spass mit unserem Highlight Reel vom Wochenende und wir sehen uns bei den n\u00e4chsten Rennen f\u00fcr mehr!<\/p>\n<\/div>\n\n\n\n<div class=\"img-with-aniamtion-wrap center custom-size\" data-max-width=\"100%\" data-max-width-mobile=\"default\" data-shadow=\"none\" data-animation=\"none\" >\n      <div class=\"inner\">\n        <div class=\"hover-wrap\"> \n          <div class=\"hover-wrap-inner\">\n            <a href=\"https:\/\/www.instagram.com\/stories\/highlights\/18349397890144798\/\" aria-label=\"Hier Klicken...\" target=\"_blank\" class=\"center\">\n              <img loading=\"lazy\" decoding=\"async\" class=\"img-with-animation skip-lazy\" data-delay=\"0\" height=\"300\" width=\"177\" data-animation=\"none\" src=\"https:\/\/alpencupmx.eu\/wp-content\/uploads\/2025\/04\/Bildschirmfoto-2025-04-24-um-13.22.53-177x300.png\" alt=\"Insta Highlights - Rietz 2025 Keyframe\" srcset=\"https:\/\/alpencupmx.eu\/wp-content\/uploads\/2025\/04\/Bildschirmfoto-2025-04-24-um-13.22.53-177x300.png 177w, https:\/\/alpencupmx.eu\/wp-content\/uploads\/2025\/04\/Bildschirmfoto-2025-04-24-um-13.22.53-604x1024.png 604w, https:\/\/alpencupmx.eu\/wp-content\/uploads\/2025\/04\/Bildschirmfoto-2025-04-24-um-13.22.53-768x1302.png 768w, https:\/\/alpencupmx.eu\/wp-content\/uploads\/2025\/04\/Bildschirmfoto-2025-04-24-um-13.22.53-906x1536.png 906w, https:\/\/alpencupmx.eu\/wp-content\/uploads\/2025\/04\/Bildschirmfoto-2025-04-24-um-13.22.53-1208x2048.png 1208w, https:\/\/alpencupmx.eu\/wp-content\/uploads\/2025\/04\/Bildschirmfoto-2025-04-24-um-13.22.53-7x12.png 7w, https:\/\/alpencupmx.eu\/wp-content\/uploads\/2025\/04\/Bildschirmfoto-2025-04-24-um-13.22.53-600x1017.png 600w, https:\/\/alpencupmx.eu\/wp-content\/uploads\/2025\/04\/Bildschirmfoto-2025-04-24-um-13.22.53.png 1400w\" sizes=\"auto, (max-width: 177px) 100vw, 177px\" \/>\n            <\/a>\n          <\/div>\n        <\/div>\n        \n      <\/div>\n      <\/div><div class=\"divider-wrap\" data-alignment=\"default\"><div style=\"height: 80px;\" class=\"divider\"><\/div><\/div>\n<div class=\"wpb_text_column wpb_content_element\" >\n\t<h2 style=\"text-align: center;\"><strong>Photos Sonntag 06. April 2025<\/strong><\/h2>\n<p><span style=\"font-size: 14pt;\"><strong>Unsere schnelle Bildauswahl vom zweiten Renntag in Rietz, Tirol \u2013 2025<\/strong><\/span><\/p>\n<p><em>Tutte le immagini sono \u00a9 e\u00a0<strong>non<\/strong>\u00a0per il tuo uso gratuito!<br \/>\nQualsiasi utilizzo (anche sui social media) deve essere chiarito con il titolare dei diritti.<\/em><\/p>\n<p><strong>CI SONO ALTRE FOTO\u00a0<a href=\"https:\/\/photo-portal.shop\/share\/7je7bjn\/\" target=\"_blank\" rel=\"noopener\">QUI\u2026<\/a><\/strong><\/p>\n<\/div>\n\n\n\n\n\t<div class=\"wpb_gallery wpb_content_element clearfix\">\n\t\t<div class=\"wpb_wrapper\"><div class=\"wpb_gallery_slidesparallax_image_grid\" data-onclick=\"link_image\" data-interval=\"5\"><div class=\"parallax-grid-item\"><div class=\"style-5\"><div class=\"parallaxImg\"><div class=\"parallaxImg-layer\"><img decoding=\"async\" class=\"skip-lazy\" src=\"https:\/\/alpencupmx.eu\/wp-content\/uploads\/2025\/04\/2025_APR_AUT_Alpencup_Rietz_watermark-5848-600x400.jpg\" width=\"600\" height=\"400\" alt=\"Alpencup Rietz 2025 - Sonntag - Bild 4\" title=\"Alpencup Rietz 2025 - Sonntag - Bild 4-5848\" loading=\"lazy\" \/><a href=\"https:\/\/alpencupmx.eu\/wp-content\/uploads\/2025\/04\/2025_APR_AUT_Alpencup_Rietz_watermark-5848.jpg\"  class=\"default-link pretty_photo\"><\/a><\/div><\/div><\/div><\/div><div class=\"parallax-grid-item\"><div class=\"style-5\"><div class=\"parallaxImg\"><div class=\"parallaxImg-layer\"><img decoding=\"async\" class=\"skip-lazy\" src=\"https:\/\/alpencupmx.eu\/wp-content\/uploads\/2025\/04\/2025_APR_AUT_Alpencup_Rietz_watermark--600x400.jpg\" width=\"600\" height=\"400\" alt=\"Alpencup Rietz 2025 - Sonntag - Bild 1\" title=\"Alpencup Rietz 2025 - Sonntag - Bild 1-\" loading=\"lazy\" \/><a href=\"https:\/\/alpencupmx.eu\/wp-content\/uploads\/2025\/04\/2025_APR_AUT_Alpencup_Rietz_watermark-.jpg\"  class=\"default-link pretty_photo\"><\/a><\/div><\/div><\/div><\/div><div class=\"parallax-grid-item\"><div class=\"style-5\"><div class=\"parallaxImg\"><div class=\"parallaxImg-layer\"><img decoding=\"async\" class=\"skip-lazy\" src=\"https:\/\/alpencupmx.eu\/wp-content\/uploads\/2025\/04\/2025_APR_AUT_Alpencup_Rietz_watermark-6019-600x400.jpg\" width=\"600\" height=\"400\" alt=\"Alpencup Rietz 2025 - Sonntag - Bild 10\" title=\"Alpencup Rietz 2025 - Sonntag - Bild 10-6019\" loading=\"lazy\" \/><a href=\"https:\/\/alpencupmx.eu\/wp-content\/uploads\/2025\/04\/2025_APR_AUT_Alpencup_Rietz_watermark-6019.jpg\"  class=\"default-link pretty_photo\"><\/a><\/div><\/div><\/div><\/div><div class=\"parallax-grid-item\"><div class=\"style-5\"><div class=\"parallaxImg\"><div class=\"parallaxImg-layer\"><img decoding=\"async\" class=\"skip-lazy\" src=\"https:\/\/alpencupmx.eu\/wp-content\/uploads\/2025\/04\/2025_APR_AUT_Alpencup_Rietz_watermark-5720-600x400.jpg\" width=\"600\" height=\"400\" alt=\"Alpencup Rietz 2025 - Sonntag - Bild 2\" title=\"Alpencup Rietz 2025 - Sonntag - Bild 2-5720\" loading=\"lazy\" \/><a href=\"https:\/\/alpencupmx.eu\/wp-content\/uploads\/2025\/04\/2025_APR_AUT_Alpencup_Rietz_watermark-5720.jpg\"  class=\"default-link pretty_photo\"><\/a><\/div><\/div><\/div><\/div><div class=\"parallax-grid-item\"><div class=\"style-5\"><div class=\"parallaxImg\"><div class=\"parallaxImg-layer\"><img decoding=\"async\" class=\"skip-lazy\" src=\"https:\/\/alpencupmx.eu\/wp-content\/uploads\/2025\/04\/2025_APR_AUT_Alpencup_Rietz_watermark-6294-600x400.jpg\" width=\"600\" height=\"400\" alt=\"Alpencup Rietz 2025 - Sonntag - Bild 19\" title=\"Alpencup Rietz 2025 - Sonntag - Bild 19-6294\" loading=\"lazy\" \/><a href=\"https:\/\/alpencupmx.eu\/wp-content\/uploads\/2025\/04\/2025_APR_AUT_Alpencup_Rietz_watermark-6294.jpg\"  class=\"default-link pretty_photo\"><\/a><\/div><\/div><\/div><\/div><div class=\"parallax-grid-item\"><div class=\"style-5\"><div class=\"parallaxImg\"><div class=\"parallaxImg-layer\"><img decoding=\"async\" class=\"skip-lazy\" src=\"https:\/\/alpencupmx.eu\/wp-content\/uploads\/2025\/04\/2025_APR_AUT_Alpencup_Rietz_watermark-8397-600x400.jpg\" width=\"600\" height=\"400\" alt=\"Alpencup Rietz 2025 - Sonntag - Bild 22\" title=\"Alpencup Rietz 2025 - Sonntag - Bild 22-8397\" loading=\"lazy\" \/><a href=\"https:\/\/alpencupmx.eu\/wp-content\/uploads\/2025\/04\/2025_APR_AUT_Alpencup_Rietz_watermark-8397.jpg\"  class=\"default-link pretty_photo\"><\/a><\/div><\/div><\/div><\/div><div class=\"parallax-grid-item\"><div class=\"style-5\"><div class=\"parallaxImg\"><div class=\"parallaxImg-layer\"><img decoding=\"async\" class=\"skip-lazy\" src=\"https:\/\/alpencupmx.eu\/wp-content\/uploads\/2025\/04\/2025_APR_AUT_Alpencup_Rietz_watermark-5726-600x400.jpg\" width=\"600\" height=\"400\" alt=\"Alpencup Rietz 2025 - Sonntag - Bild 3\" title=\"Alpencup Rietz 2025 - Sonntag - Bild 3\" loading=\"lazy\" \/><a href=\"https:\/\/alpencupmx.eu\/wp-content\/uploads\/2025\/04\/2025_APR_AUT_Alpencup_Rietz_watermark-5726.jpg\"  class=\"default-link pretty_photo\"><\/a><\/div><\/div><\/div><\/div><div class=\"parallax-grid-item\"><div class=\"style-5\"><div class=\"parallaxImg\"><div class=\"parallaxImg-layer\"><img decoding=\"async\" class=\"skip-lazy\" src=\"https:\/\/alpencupmx.eu\/wp-content\/uploads\/2025\/04\/2025_APR_AUT_Alpencup_Rietz_watermark-5913-600x400.jpg\" width=\"600\" height=\"400\" alt=\"Alpencup Rietz 2025 - Sonntag - Bild 6\" title=\"Alpencup Rietz 2025 - Sonntag - Bild 6-5913\" loading=\"lazy\" \/><a href=\"https:\/\/alpencupmx.eu\/wp-content\/uploads\/2025\/04\/2025_APR_AUT_Alpencup_Rietz_watermark-5913.jpg\"  class=\"default-link pretty_photo\"><\/a><\/div><\/div><\/div><\/div><div class=\"parallax-grid-item\"><div class=\"style-5\"><div class=\"parallaxImg\"><div class=\"parallaxImg-layer\"><img decoding=\"async\" class=\"skip-lazy\" src=\"https:\/\/alpencupmx.eu\/wp-content\/uploads\/2025\/04\/2025_APR_AUT_Alpencup_Rietz_watermark-8599-600x400.jpg\" width=\"600\" height=\"400\" alt=\"Alpencup Rietz 2025 - Sonntag - Bild 29\" title=\"Alpencup Rietz 2025 - Sonntag - Bild 29-8599\" loading=\"lazy\" \/><a href=\"https:\/\/alpencupmx.eu\/wp-content\/uploads\/2025\/04\/2025_APR_AUT_Alpencup_Rietz_watermark-8599.jpg\"  class=\"default-link pretty_photo\"><\/a><\/div><\/div><\/div><\/div><div class=\"parallax-grid-item\"><div class=\"style-5\"><div class=\"parallaxImg\"><div class=\"parallaxImg-layer\"><img decoding=\"async\" class=\"skip-lazy\" src=\"https:\/\/alpencupmx.eu\/wp-content\/uploads\/2025\/04\/2025_APR_AUT_Alpencup_Rietz_watermark-5928-600x400.jpg\" width=\"600\" height=\"400\" alt=\"Alpencup Rietz 2025 - Sonntag - Bild 8\" title=\"Alpencup Rietz 2025 - Sonntag - Bild 8-5928\" loading=\"lazy\" \/><a href=\"https:\/\/alpencupmx.eu\/wp-content\/uploads\/2025\/04\/2025_APR_AUT_Alpencup_Rietz_watermark-5928.jpg\"  class=\"default-link pretty_photo\"><\/a><\/div><\/div><\/div><\/div><div class=\"parallax-grid-item\"><div class=\"style-5\"><div class=\"parallaxImg\"><div class=\"parallaxImg-layer\"><img decoding=\"async\" class=\"skip-lazy\" src=\"https:\/\/alpencupmx.eu\/wp-content\/uploads\/2025\/04\/2025_APR_AUT_Alpencup_Rietz_watermark-5974-600x400.jpg\" width=\"600\" height=\"400\" alt=\"Alpencup Rietz 2025 - Sonntag - Bild 9\" title=\"Alpencup Rietz 2025 - Sonntag - Bild 9-5974\" loading=\"lazy\" \/><a href=\"https:\/\/alpencupmx.eu\/wp-content\/uploads\/2025\/04\/2025_APR_AUT_Alpencup_Rietz_watermark-5974.jpg\"  class=\"default-link pretty_photo\"><\/a><\/div><\/div><\/div><\/div><div class=\"parallax-grid-item\"><div class=\"style-5\"><div class=\"parallaxImg\"><div class=\"parallaxImg-layer\"><img decoding=\"async\" class=\"skip-lazy\" src=\"https:\/\/alpencupmx.eu\/wp-content\/uploads\/2025\/04\/2025_APR_AUT_Alpencup_Rietz_watermark-6051-600x400.jpg\" width=\"600\" height=\"400\" alt=\"Alpencup Rietz 2025 - Sonntag - Bild 11\" title=\"Alpencup Rietz 2025 - Sonntag - Bild 11-6051\" loading=\"lazy\" \/><a href=\"https:\/\/alpencupmx.eu\/wp-content\/uploads\/2025\/04\/2025_APR_AUT_Alpencup_Rietz_watermark-6051.jpg\"  class=\"default-link pretty_photo\"><\/a><\/div><\/div><\/div><\/div><div class=\"parallax-grid-item\"><div class=\"style-5\"><div class=\"parallaxImg\"><div class=\"parallaxImg-layer\"><img decoding=\"async\" class=\"skip-lazy\" src=\"https:\/\/alpencupmx.eu\/wp-content\/uploads\/2025\/04\/2025_APR_AUT_Alpencup_Rietz_watermark-6120-600x400.jpg\" width=\"600\" height=\"400\" alt=\"Alpencup Rietz 2025 - Sonntag - Bild 12\" title=\"Alpencup Rietz 2025 - Sonntag - Bild 12-6120\" loading=\"lazy\" \/><a href=\"https:\/\/alpencupmx.eu\/wp-content\/uploads\/2025\/04\/2025_APR_AUT_Alpencup_Rietz_watermark-6120.jpg\"  class=\"default-link pretty_photo\"><\/a><\/div><\/div><\/div><\/div><div class=\"parallax-grid-item\"><div class=\"style-5\"><div class=\"parallaxImg\"><div class=\"parallaxImg-layer\"><img decoding=\"async\" class=\"skip-lazy\" src=\"https:\/\/alpencupmx.eu\/wp-content\/uploads\/2025\/04\/2025_APR_AUT_Alpencup_Rietz_watermark-8595-600x400.jpg\" width=\"600\" height=\"400\" alt=\"Alpencup Rietz 2025 - Sonntag - Bild 28\" title=\"Alpencup Rietz 2025 - Sonntag - Bild 28-8595\" loading=\"lazy\" \/><a href=\"https:\/\/alpencupmx.eu\/wp-content\/uploads\/2025\/04\/2025_APR_AUT_Alpencup_Rietz_watermark-8595.jpg\"  class=\"default-link pretty_photo\"><\/a><\/div><\/div><\/div><\/div><div class=\"parallax-grid-item\"><div class=\"style-5\"><div class=\"parallaxImg\"><div class=\"parallaxImg-layer\"><img decoding=\"async\" class=\"skip-lazy\" src=\"https:\/\/alpencupmx.eu\/wp-content\/uploads\/2025\/04\/2025_APR_AUT_Alpencup_Rietz_watermark-6157-600x400.jpg\" width=\"600\" height=\"400\" alt=\"Alpencup Rietz 2025 - Sonntag - Bild 13\" title=\"Alpencup Rietz 2025 - Sonntag - Bild 13-6157\" loading=\"lazy\" \/><a href=\"https:\/\/alpencupmx.eu\/wp-content\/uploads\/2025\/04\/2025_APR_AUT_Alpencup_Rietz_watermark-6157.jpg\"  class=\"default-link pretty_photo\"><\/a><\/div><\/div><\/div><\/div><div class=\"parallax-grid-item\"><div class=\"style-5\"><div class=\"parallaxImg\"><div class=\"parallaxImg-layer\"><img decoding=\"async\" class=\"skip-lazy\" src=\"https:\/\/alpencupmx.eu\/wp-content\/uploads\/2025\/04\/2025_APR_AUT_Alpencup_Rietz_watermark-6166-600x400.jpg\" width=\"600\" height=\"400\" alt=\"Alpencup Rietz 2025 - Sonntag - Bild 14\" title=\"Alpencup Rietz 2025 - Sonntag - Bild 14-6166\" loading=\"lazy\" \/><a href=\"https:\/\/alpencupmx.eu\/wp-content\/uploads\/2025\/04\/2025_APR_AUT_Alpencup_Rietz_watermark-6166.jpg\"  class=\"default-link pretty_photo\"><\/a><\/div><\/div><\/div><\/div><div class=\"parallax-grid-item\"><div class=\"style-5\"><div class=\"parallaxImg\"><div class=\"parallaxImg-layer\"><img decoding=\"async\" class=\"skip-lazy\" src=\"https:\/\/alpencupmx.eu\/wp-content\/uploads\/2025\/04\/2025_APR_AUT_Alpencup_Rietz_watermark-6172-600x400.jpg\" width=\"600\" height=\"400\" alt=\"Alpencup Rietz 2025 - Sonntag - Bild 15\" title=\"Alpencup Rietz 2025 - Sonntag - Bild 15\" loading=\"lazy\" \/><a href=\"https:\/\/alpencupmx.eu\/wp-content\/uploads\/2025\/04\/2025_APR_AUT_Alpencup_Rietz_watermark-6172.jpg\"  class=\"default-link pretty_photo\"><\/a><\/div><\/div><\/div><\/div><div class=\"parallax-grid-item\"><div class=\"style-5\"><div class=\"parallaxImg\"><div class=\"parallaxImg-layer\"><img decoding=\"async\" class=\"skip-lazy\" src=\"https:\/\/alpencupmx.eu\/wp-content\/uploads\/2025\/04\/2025_APR_AUT_Alpencup_Rietz_watermark-6215-600x400.jpg\" width=\"600\" height=\"400\" alt=\"Alpencup Rietz 2025 - Sonntag - Bild 16\" title=\"Alpencup Rietz 2025 - Sonntag - Bild 16-6215\" loading=\"lazy\" \/><a href=\"https:\/\/alpencupmx.eu\/wp-content\/uploads\/2025\/04\/2025_APR_AUT_Alpencup_Rietz_watermark-6215.jpg\"  class=\"default-link pretty_photo\"><\/a><\/div><\/div><\/div><\/div><div class=\"parallax-grid-item\"><div class=\"style-5\"><div class=\"parallaxImg\"><div class=\"parallaxImg-layer\"><img decoding=\"async\" class=\"skip-lazy\" src=\"https:\/\/alpencupmx.eu\/wp-content\/uploads\/2025\/04\/2025_APR_AUT_Alpencup_Rietz_watermark-6251-600x400.jpg\" width=\"600\" height=\"400\" alt=\"Alpencup Rietz 2025 - Sonntag - Bild 18\" title=\"Alpencup Rietz 2025 - Sonntag - Bild 18-6251\" loading=\"lazy\" \/><a href=\"https:\/\/alpencupmx.eu\/wp-content\/uploads\/2025\/04\/2025_APR_AUT_Alpencup_Rietz_watermark-6251.jpg\"  class=\"default-link pretty_photo\"><\/a><\/div><\/div><\/div><\/div><div class=\"parallax-grid-item\"><div class=\"style-5\"><div class=\"parallaxImg\"><div class=\"parallaxImg-layer\"><img decoding=\"async\" class=\"skip-lazy\" src=\"https:\/\/alpencupmx.eu\/wp-content\/uploads\/2025\/04\/2025_APR_AUT_Alpencup_Rietz_watermark-6343-600x400.jpg\" width=\"600\" height=\"400\" alt=\"Alpencup Rietz 2025 - Sonntag - Bild 20\" title=\"Alpencup Rietz 2025 - Sonntag - Bild 20-6343\" loading=\"lazy\" \/><a href=\"https:\/\/alpencupmx.eu\/wp-content\/uploads\/2025\/04\/2025_APR_AUT_Alpencup_Rietz_watermark-6343.jpg\"  class=\"default-link pretty_photo\"><\/a><\/div><\/div><\/div><\/div><div class=\"parallax-grid-item\"><div class=\"style-5\"><div class=\"parallaxImg\"><div class=\"parallaxImg-layer\"><img decoding=\"async\" class=\"skip-lazy\" src=\"https:\/\/alpencupmx.eu\/wp-content\/uploads\/2025\/04\/2025_APR_AUT_Alpencup_Rietz_watermark-6399-600x400.jpg\" width=\"600\" height=\"400\" alt=\"Alpencup Rietz 2025 - Sonntag - Bild 21\" title=\"Alpencup Rietz 2025 - Sonntag - Bild 21-6399\" loading=\"lazy\" \/><a href=\"https:\/\/alpencupmx.eu\/wp-content\/uploads\/2025\/04\/2025_APR_AUT_Alpencup_Rietz_watermark-6399.jpg\"  class=\"default-link pretty_photo\"><\/a><\/div><\/div><\/div><\/div><div class=\"parallax-grid-item\"><div class=\"style-5\"><div class=\"parallaxImg\"><div class=\"parallaxImg-layer\"><img decoding=\"async\" class=\"skip-lazy\" src=\"https:\/\/alpencupmx.eu\/wp-content\/uploads\/2025\/04\/2025_APR_AUT_Alpencup_Rietz_watermark-8411-600x400.jpg\" width=\"600\" height=\"400\" alt=\"Alpencup Rietz 2025 - Sonntag - Bild 23\" title=\"Alpencup Rietz 2025 - Sonntag - Bild 23-8411\" loading=\"lazy\" \/><a href=\"https:\/\/alpencupmx.eu\/wp-content\/uploads\/2025\/04\/2025_APR_AUT_Alpencup_Rietz_watermark-8411.jpg\"  class=\"default-link pretty_photo\"><\/a><\/div><\/div><\/div><\/div><div class=\"parallax-grid-item\"><div class=\"style-5\"><div class=\"parallaxImg\"><div class=\"parallaxImg-layer\"><img decoding=\"async\" class=\"skip-lazy\" src=\"https:\/\/alpencupmx.eu\/wp-content\/uploads\/2025\/04\/2025_APR_AUT_Alpencup_Rietz_watermark-5850-600x400.jpg\" width=\"600\" height=\"400\" alt=\"Alpencup Rietz 2025 - Sonntag - Bild 5\" title=\"Alpencup Rietz 2025 - Sonntag - Bild 5-5850\" loading=\"lazy\" \/><a href=\"https:\/\/alpencupmx.eu\/wp-content\/uploads\/2025\/04\/2025_APR_AUT_Alpencup_Rietz_watermark-5850.jpg\"  class=\"default-link pretty_photo\"><\/a><\/div><\/div><\/div><\/div><div class=\"parallax-grid-item\"><div class=\"style-5\"><div class=\"parallaxImg\"><div class=\"parallaxImg-layer\"><img decoding=\"async\" class=\"skip-lazy\" src=\"https:\/\/alpencupmx.eu\/wp-content\/uploads\/2025\/04\/2025_APR_AUT_Alpencup_Rietz_watermark-8438-600x400.jpg\" width=\"600\" height=\"400\" alt=\"Alpencup Rietz 2025 - Sonntag - Bild 24\" title=\"Alpencup Rietz 2025 - Sonntag - Bild 24\" loading=\"lazy\" \/><a href=\"https:\/\/alpencupmx.eu\/wp-content\/uploads\/2025\/04\/2025_APR_AUT_Alpencup_Rietz_watermark-8438.jpg\"  class=\"default-link pretty_photo\"><\/a><\/div><\/div><\/div><\/div><div class=\"parallax-grid-item\"><div class=\"style-5\"><div class=\"parallaxImg\"><div class=\"parallaxImg-layer\"><img decoding=\"async\" class=\"skip-lazy\" src=\"https:\/\/alpencupmx.eu\/wp-content\/uploads\/2025\/04\/2025_APR_AUT_Alpencup_Rietz_watermark-8588-600x400.jpg\" width=\"600\" height=\"400\" alt=\"Alpencup Rietz 2025 - Sonntag - Bild 27\" title=\"Alpencup Rietz 2025 - Sonntag - Bild 27-8588\" loading=\"lazy\" \/><a href=\"https:\/\/alpencupmx.eu\/wp-content\/uploads\/2025\/04\/2025_APR_AUT_Alpencup_Rietz_watermark-8588.jpg\"  class=\"default-link pretty_photo\"><\/a><\/div><\/div><\/div><\/div><div class=\"parallax-grid-item\"><div class=\"style-5\"><div class=\"parallaxImg\"><div class=\"parallaxImg-layer\"><img decoding=\"async\" class=\"skip-lazy\" src=\"https:\/\/alpencupmx.eu\/wp-content\/uploads\/2025\/04\/2025_APR_AUT_Alpencup_Rietz_watermark-5918-600x400.jpg\" width=\"600\" height=\"400\" alt=\"Alpencup Rietz 2025 - Sonntag - Bild 7\" title=\"Alpencup Rietz 2025 - Sonntag - Bild 7-5918\" loading=\"lazy\" \/><a href=\"https:\/\/alpencupmx.eu\/wp-content\/uploads\/2025\/04\/2025_APR_AUT_Alpencup_Rietz_watermark-5918.jpg\"  class=\"default-link pretty_photo\"><\/a><\/div><\/div><\/div><\/div><div class=\"parallax-grid-item\"><div class=\"style-5\"><div class=\"parallaxImg\"><div class=\"parallaxImg-layer\"><img decoding=\"async\" class=\"skip-lazy\" src=\"https:\/\/alpencupmx.eu\/wp-content\/uploads\/2025\/04\/2025_APR_AUT_Alpencup_Rietz_watermark-8452-600x400.jpg\" width=\"600\" height=\"400\" alt=\"Alpencup Rietz 2025 - Sonntag - Bild 25\" title=\"Alpencup Rietz 2025 - Sonntag - Bild 25-8452\" loading=\"lazy\" \/><a href=\"https:\/\/alpencupmx.eu\/wp-content\/uploads\/2025\/04\/2025_APR_AUT_Alpencup_Rietz_watermark-8452.jpg\"  class=\"default-link pretty_photo\"><\/a><\/div><\/div><\/div><\/div><div class=\"parallax-grid-item\"><div class=\"style-5\"><div class=\"parallaxImg\"><div class=\"parallaxImg-layer\"><img decoding=\"async\" class=\"skip-lazy\" src=\"https:\/\/alpencupmx.eu\/wp-content\/uploads\/2025\/04\/2025_APR_AUT_Alpencup_Rietz_watermark-8498-600x400.jpg\" width=\"600\" height=\"400\" alt=\"Alpencup Rietz 2025 - Sonntag - Bild 26\" title=\"Alpencup Rietz 2025 - Sonntag - Bild 26-8498\" loading=\"lazy\" \/><a href=\"https:\/\/alpencupmx.eu\/wp-content\/uploads\/2025\/04\/2025_APR_AUT_Alpencup_Rietz_watermark-8498.jpg\"  class=\"default-link pretty_photo\"><\/a><\/div><\/div><\/div><\/div><div class=\"parallax-grid-item\"><div class=\"style-5\"><div class=\"parallaxImg\"><div class=\"parallaxImg-layer\"><img decoding=\"async\" class=\"skip-lazy\" src=\"https:\/\/alpencupmx.eu\/wp-content\/uploads\/2025\/04\/2025_APR_AUT_Alpencup_Rietz_watermark-6219-600x400.jpg\" width=\"600\" height=\"400\" alt=\"Alpencup Rietz 2025 - Sonntag - Bild 17\" title=\"Alpencup Rietz 2025 - Sonntag - Bild 17-6219\" loading=\"lazy\" \/><a href=\"https:\/\/alpencupmx.eu\/wp-content\/uploads\/2025\/04\/2025_APR_AUT_Alpencup_Rietz_watermark-6219.jpg\"  class=\"default-link pretty_photo\"><\/a><\/div><\/div><\/div><\/div><div class=\"parallax-grid-item\"><div class=\"style-5\"><div class=\"parallaxImg\"><div class=\"parallaxImg-layer\"><img decoding=\"async\" class=\"skip-lazy\" src=\"https:\/\/alpencupmx.eu\/wp-content\/uploads\/2025\/04\/2025_APR_AUT_Alpencup_Rietz_watermark-8606-600x400.jpg\" width=\"600\" height=\"400\" alt=\"Alpencup Rietz 2025 - Sonntag - Bild 30\" title=\"Alpencup Rietz 2025 - Sonntag - Bild 30-8606\" loading=\"lazy\" \/><a href=\"https:\/\/alpencupmx.eu\/wp-content\/uploads\/2025\/04\/2025_APR_AUT_Alpencup_Rietz_watermark-8606.jpg\"  class=\"default-link pretty_photo\"><\/a><\/div><\/div><\/div><\/div><\/div>\n\t\t<\/div> \n\t<\/div> <div class=\"divider-wrap\" data-alignment=\"center\"><div style=\"margin-top: 45px; width: 20%; height: 2px; margin-bottom: 45px;\" data-width=\"20%\" data-animate=\"\" data-animation-delay=\"\" data-color=\"default\" class=\"divider-small-border\"><\/div><\/div>\n<div class=\"wpb_text_column wpb_content_element\" >\n\t<h2 style=\"text-align: center;\"><strong>Photos Samstag 05. April 2025<\/strong><\/h2>\n<p><span style=\"font-size: 14pt;\"><strong>Unsere schnelle Bildauswahl vom ersten Renntag in Rietz, Tirol \u2013 2025<\/strong><\/span><\/p>\n<p><em>Tutte le immagini sono \u00a9 e <span style=\"text-decoration: underline;\"><strong>non<\/strong><\/span> per il tuo uso gratuito!<br \/>\nUn utilizzo (<span style=\"text-decoration: underline;\">Anche<\/span> sui social media) deve essere chiarito con il titolare dei diritti.<\/em><\/p>\n<p><strong>CI SONO ALTRE FOTO <a href=\"https:\/\/photo-portal.shop\/share\/qiijoXQ\/\" target=\"_blank\" rel=\"noopener\">QUI\u2026<\/a><\/strong><\/p>\n<\/div>\n\n\n\n\n\t<div class=\"wpb_gallery wpb_content_element clearfix\">\n\t\t<div class=\"wpb_wrapper\"><div class=\"wpb_gallery_slidesimage_grid\" data-onclick=\"link_image\" data-interval=\"5\">\n\n\t<div class=\"portfolio-wrap\">\n\n\t\t\t<span class=\"portfolio-loading\"><\/span>\n\n\t\t\t<div class=\"row portfolio-items no-masonry\" data-starting-filter=\"\" data-gutter=\"default\" data-masonry-type=\"default\" data-bypass-cropping=\"\"  data-ps=\"3\" data-loading=\"default\" data-categories-to-show=\"\" data-col-num=\"cols-2\">\n\n\n\n\t\n\t\t\t\t\t\t\t<div class=\"col span_6  element\" data-project-cat=\"\" data-default-color=\"true\" data-title-color=\"\" data-subtitle-color=\"\">\n\n\t\t\t\t\t\t\t<div class=\"inner-wrap animated\" data-animation=\"fade_in\">\n\n\t\t\t\t\t\t\t\n\t\t\t\t\t\t\t<div class=\"work-item style-3\">\n\n\t\t\t\t\t\t\t\t<img loading=\"lazy\" decoding=\"async\" width=\"1024\" height=\"683\" src=\"https:\/\/alpencupmx.eu\/wp-content\/uploads\/2024\/04\/IMG_5428-1024x683.jpg\" class=\"skip-lazy top-level-image attachment-large\" alt=\"Alpencup Rietz 2024 - Samstag - Bild 1\" title=\"Alpencup Rietz 2024 - Samstag - Bild 1\" srcset=\"https:\/\/alpencupmx.eu\/wp-content\/uploads\/2024\/04\/IMG_5428-1024x683.jpg 1024w, https:\/\/alpencupmx.eu\/wp-content\/uploads\/2024\/04\/IMG_5428-600x400.jpg 600w, https:\/\/alpencupmx.eu\/wp-content\/uploads\/2024\/04\/IMG_5428-300x200.jpg 300w, https:\/\/alpencupmx.eu\/wp-content\/uploads\/2024\/04\/IMG_5428-768x512.jpg 768w, https:\/\/alpencupmx.eu\/wp-content\/uploads\/2024\/04\/IMG_5428-18x12.jpg 18w, https:\/\/alpencupmx.eu\/wp-content\/uploads\/2024\/04\/IMG_5428-900x600.jpg 900w, https:\/\/alpencupmx.eu\/wp-content\/uploads\/2024\/04\/IMG_5428.jpg 1500w\" sizes=\"auto, (max-width: 1024px) 100vw, 1024px\" \/>\n\t\t\t\t\t\t\t\t<div class=\"work-info-bg\"><\/div>\n\n\t\t\t\t\t\t\t\t\n\t\t\t\t\t\t\t\t\t<div class=\"work-info\">\n\n\t\t\t\t\t\t\t\t\t\t<div class=\"vert-center\">\n\t\t\t\t\t\t\t\t\t\t\t\t\t\t\t\t\t\t\t\t\t<\/div><!--\/vert-center-->\n\n\t\t\t\t\t\t\t\t\t\t\t\t\t\t\t\t\t\t   \t\t\t <a href=\"https:\/\/alpencupmx.eu\/wp-content\/uploads\/2024\/04\/IMG_5428.jpg\" class=\"pretty_photo\"><span class=\"screen-reader-text\">Alpencup Rietz 2024 - Samstag - Bild 1<\/span><\/a>\n\t\t\t\t\t\t\t\t   \t\t\n\t\t\t\t\t\t\t\t\t<\/div>\n\n\t\t\t\t\t\t\t\t\n\t\t\t\t\t\t\t<\/div><!--work-item-->\n\n\t\t\t\t\t\t\n\n\t\t\t\t\t\t<\/div><\/div> \n\t\t\t\t\t\t\n\t\t\t\t\t\t\t<div class=\"col span_6  element\" data-project-cat=\"\" data-default-color=\"true\" data-title-color=\"\" data-subtitle-color=\"\">\n\n\t\t\t\t\t\t\t<div class=\"inner-wrap animated\" data-animation=\"fade_in\">\n\n\t\t\t\t\t\t\t\n\t\t\t\t\t\t\t<div class=\"work-item style-3\">\n\n\t\t\t\t\t\t\t\t<img loading=\"lazy\" decoding=\"async\" width=\"1024\" height=\"683\" src=\"https:\/\/alpencupmx.eu\/wp-content\/uploads\/2024\/04\/IMG_5445-1024x683.jpg\" class=\"skip-lazy top-level-image attachment-large\" alt=\"Alpencup Rietz 2024 - Samstag - Bild 2\" title=\"Alpencup Rietz 2024 - Samstag - Bild 2\" srcset=\"https:\/\/alpencupmx.eu\/wp-content\/uploads\/2024\/04\/IMG_5445-1024x683.jpg 1024w, https:\/\/alpencupmx.eu\/wp-content\/uploads\/2024\/04\/IMG_5445-600x400.jpg 600w, https:\/\/alpencupmx.eu\/wp-content\/uploads\/2024\/04\/IMG_5445-300x200.jpg 300w, https:\/\/alpencupmx.eu\/wp-content\/uploads\/2024\/04\/IMG_5445-768x512.jpg 768w, https:\/\/alpencupmx.eu\/wp-content\/uploads\/2024\/04\/IMG_5445-18x12.jpg 18w, https:\/\/alpencupmx.eu\/wp-content\/uploads\/2024\/04\/IMG_5445-900x600.jpg 900w, https:\/\/alpencupmx.eu\/wp-content\/uploads\/2024\/04\/IMG_5445.jpg 1500w\" sizes=\"auto, (max-width: 1024px) 100vw, 1024px\" \/>\n\t\t\t\t\t\t\t\t<div class=\"work-info-bg\"><\/div>\n\n\t\t\t\t\t\t\t\t\n\t\t\t\t\t\t\t\t\t<div class=\"work-info\">\n\n\t\t\t\t\t\t\t\t\t\t<div class=\"vert-center\">\n\t\t\t\t\t\t\t\t\t\t\t\t\t\t\t\t\t\t\t\t\t<\/div><!--\/vert-center-->\n\n\t\t\t\t\t\t\t\t\t\t\t\t\t\t\t\t\t\t   \t\t\t <a href=\"https:\/\/alpencupmx.eu\/wp-content\/uploads\/2024\/04\/IMG_5445.jpg\" class=\"pretty_photo\"><span class=\"screen-reader-text\">Alpencup Rietz 2024 - Samstag - Bild 2<\/span><\/a>\n\t\t\t\t\t\t\t\t   \t\t\n\t\t\t\t\t\t\t\t\t<\/div>\n\n\t\t\t\t\t\t\t\t\n\t\t\t\t\t\t\t<\/div><!--work-item-->\n\n\t\t\t\t\t\t\n\n\t\t\t\t\t\t<\/div><\/div> \n\t\t\t\t\t\t\n\t\t\t\t\t\t\t<div class=\"col span_6  element\" data-project-cat=\"\" data-default-color=\"true\" data-title-color=\"\" data-subtitle-color=\"\">\n\n\t\t\t\t\t\t\t<div class=\"inner-wrap animated\" data-animation=\"fade_in\">\n\n\t\t\t\t\t\t\t\n\t\t\t\t\t\t\t<div class=\"work-item style-3\">\n\n\t\t\t\t\t\t\t\t<img loading=\"lazy\" decoding=\"async\" width=\"1024\" height=\"683\" src=\"https:\/\/alpencupmx.eu\/wp-content\/uploads\/2024\/04\/IMG_5478-1024x683.jpg\" class=\"skip-lazy top-level-image attachment-large\" alt=\"Alpencup Rietz 2024 - Samstag - Bild 3\" title=\"Alpencup Rietz 2024 - Samstag - Bild 3\" srcset=\"https:\/\/alpencupmx.eu\/wp-content\/uploads\/2024\/04\/IMG_5478-1024x683.jpg 1024w, https:\/\/alpencupmx.eu\/wp-content\/uploads\/2024\/04\/IMG_5478-600x400.jpg 600w, https:\/\/alpencupmx.eu\/wp-content\/uploads\/2024\/04\/IMG_5478-300x200.jpg 300w, https:\/\/alpencupmx.eu\/wp-content\/uploads\/2024\/04\/IMG_5478-768x512.jpg 768w, https:\/\/alpencupmx.eu\/wp-content\/uploads\/2024\/04\/IMG_5478-18x12.jpg 18w, https:\/\/alpencupmx.eu\/wp-content\/uploads\/2024\/04\/IMG_5478-900x600.jpg 900w, https:\/\/alpencupmx.eu\/wp-content\/uploads\/2024\/04\/IMG_5478.jpg 1500w\" sizes=\"auto, (max-width: 1024px) 100vw, 1024px\" \/>\n\t\t\t\t\t\t\t\t<div class=\"work-info-bg\"><\/div>\n\n\t\t\t\t\t\t\t\t\n\t\t\t\t\t\t\t\t\t<div class=\"work-info\">\n\n\t\t\t\t\t\t\t\t\t\t<div class=\"vert-center\">\n\t\t\t\t\t\t\t\t\t\t\t\t\t\t\t\t\t\t\t\t\t<\/div><!--\/vert-center-->\n\n\t\t\t\t\t\t\t\t\t\t\t\t\t\t\t\t\t\t   \t\t\t <a href=\"https:\/\/alpencupmx.eu\/wp-content\/uploads\/2024\/04\/IMG_5478.jpg\" class=\"pretty_photo\"><span class=\"screen-reader-text\">Alpencup Rietz 2024 - Samstag - Bild 3<\/span><\/a>\n\t\t\t\t\t\t\t\t   \t\t\n\t\t\t\t\t\t\t\t\t<\/div>\n\n\t\t\t\t\t\t\t\t\n\t\t\t\t\t\t\t<\/div><!--work-item-->\n\n\t\t\t\t\t\t\n\n\t\t\t\t\t\t<\/div><\/div> \n\t\t\t\t\t\t\n\t\t\t\t\t\t\t<div class=\"col span_6  element\" data-project-cat=\"\" data-default-color=\"true\" data-title-color=\"\" data-subtitle-color=\"\">\n\n\t\t\t\t\t\t\t<div class=\"inner-wrap animated\" data-animation=\"fade_in\">\n\n\t\t\t\t\t\t\t\n\t\t\t\t\t\t\t<div class=\"work-item style-3\">\n\n\t\t\t\t\t\t\t\t<img loading=\"lazy\" decoding=\"async\" width=\"1024\" height=\"683\" src=\"https:\/\/alpencupmx.eu\/wp-content\/uploads\/2024\/04\/IMG_5509-1024x683.jpg\" class=\"skip-lazy top-level-image attachment-large\" alt=\"Alpencup Rietz 2024 - Samstag - Bild 4\" title=\"Alpencup Rietz 2024 - Samstag - Bild 4\" srcset=\"https:\/\/alpencupmx.eu\/wp-content\/uploads\/2024\/04\/IMG_5509-1024x683.jpg 1024w, https:\/\/alpencupmx.eu\/wp-content\/uploads\/2024\/04\/IMG_5509-600x400.jpg 600w, https:\/\/alpencupmx.eu\/wp-content\/uploads\/2024\/04\/IMG_5509-300x200.jpg 300w, https:\/\/alpencupmx.eu\/wp-content\/uploads\/2024\/04\/IMG_5509-768x512.jpg 768w, https:\/\/alpencupmx.eu\/wp-content\/uploads\/2024\/04\/IMG_5509-18x12.jpg 18w, https:\/\/alpencupmx.eu\/wp-content\/uploads\/2024\/04\/IMG_5509-900x600.jpg 900w, https:\/\/alpencupmx.eu\/wp-content\/uploads\/2024\/04\/IMG_5509.jpg 1500w\" sizes=\"auto, (max-width: 1024px) 100vw, 1024px\" \/>\n\t\t\t\t\t\t\t\t<div class=\"work-info-bg\"><\/div>\n\n\t\t\t\t\t\t\t\t\n\t\t\t\t\t\t\t\t\t<div class=\"work-info\">\n\n\t\t\t\t\t\t\t\t\t\t<div class=\"vert-center\">\n\t\t\t\t\t\t\t\t\t\t\t\t\t\t\t\t\t\t\t\t\t<\/div><!--\/vert-center-->\n\n\t\t\t\t\t\t\t\t\t\t\t\t\t\t\t\t\t\t   \t\t\t <a href=\"https:\/\/alpencupmx.eu\/wp-content\/uploads\/2024\/04\/IMG_5509.jpg\" class=\"pretty_photo\"><span class=\"screen-reader-text\">Alpencup Rietz 2024 - Samstag - Bild 4<\/span><\/a>\n\t\t\t\t\t\t\t\t   \t\t\n\t\t\t\t\t\t\t\t\t<\/div>\n\n\t\t\t\t\t\t\t\t\n\t\t\t\t\t\t\t<\/div><!--work-item-->\n\n\t\t\t\t\t\t\n\n\t\t\t\t\t\t<\/div><\/div> \n\t\t\t\t\t\t\n\t\t\t\t\t\t\t<div class=\"col span_6  element\" data-project-cat=\"\" data-default-color=\"true\" data-title-color=\"\" data-subtitle-color=\"\">\n\n\t\t\t\t\t\t\t<div class=\"inner-wrap animated\" data-animation=\"fade_in\">\n\n\t\t\t\t\t\t\t\n\t\t\t\t\t\t\t<div class=\"work-item style-3\">\n\n\t\t\t\t\t\t\t\t<img loading=\"lazy\" decoding=\"async\" width=\"1024\" height=\"683\" src=\"https:\/\/alpencupmx.eu\/wp-content\/uploads\/2024\/04\/IMG_5521-1024x683.jpg\" class=\"skip-lazy top-level-image attachment-large\" alt=\"Alpencup Rietz 2024 - Samstag - Bild 5\" title=\"Alpencup Rietz 2024 - Samstag - Bild 5\" srcset=\"https:\/\/alpencupmx.eu\/wp-content\/uploads\/2024\/04\/IMG_5521-1024x683.jpg 1024w, https:\/\/alpencupmx.eu\/wp-content\/uploads\/2024\/04\/IMG_5521-600x400.jpg 600w, https:\/\/alpencupmx.eu\/wp-content\/uploads\/2024\/04\/IMG_5521-300x200.jpg 300w, https:\/\/alpencupmx.eu\/wp-content\/uploads\/2024\/04\/IMG_5521-768x512.jpg 768w, https:\/\/alpencupmx.eu\/wp-content\/uploads\/2024\/04\/IMG_5521-18x12.jpg 18w, https:\/\/alpencupmx.eu\/wp-content\/uploads\/2024\/04\/IMG_5521-900x600.jpg 900w, https:\/\/alpencupmx.eu\/wp-content\/uploads\/2024\/04\/IMG_5521.jpg 1500w\" sizes=\"auto, (max-width: 1024px) 100vw, 1024px\" \/>\n\t\t\t\t\t\t\t\t<div class=\"work-info-bg\"><\/div>\n\n\t\t\t\t\t\t\t\t\n\t\t\t\t\t\t\t\t\t<div class=\"work-info\">\n\n\t\t\t\t\t\t\t\t\t\t<div class=\"vert-center\">\n\t\t\t\t\t\t\t\t\t\t\t\t\t\t\t\t\t\t\t\t\t<\/div><!--\/vert-center-->\n\n\t\t\t\t\t\t\t\t\t\t\t\t\t\t\t\t\t\t   \t\t\t <a href=\"https:\/\/alpencupmx.eu\/wp-content\/uploads\/2024\/04\/IMG_5521.jpg\" class=\"pretty_photo\"><span class=\"screen-reader-text\">Alpencup Rietz 2024 - Samstag - Bild 5<\/span><\/a>\n\t\t\t\t\t\t\t\t   \t\t\n\t\t\t\t\t\t\t\t\t<\/div>\n\n\t\t\t\t\t\t\t\t\n\t\t\t\t\t\t\t<\/div><!--work-item-->\n\n\t\t\t\t\t\t\n\n\t\t\t\t\t\t<\/div><\/div> \n\t\t\t\t\t\t\n\t\t\t\t\t\t\t<div class=\"col span_6  element\" data-project-cat=\"\" data-default-color=\"true\" data-title-color=\"\" data-subtitle-color=\"\">\n\n\t\t\t\t\t\t\t<div class=\"inner-wrap animated\" data-animation=\"fade_in\">\n\n\t\t\t\t\t\t\t\n\t\t\t\t\t\t\t<div class=\"work-item style-3\">\n\n\t\t\t\t\t\t\t\t<img loading=\"lazy\" decoding=\"async\" width=\"1024\" height=\"683\" src=\"https:\/\/alpencupmx.eu\/wp-content\/uploads\/2024\/04\/IMG_5531-1024x683.jpg\" class=\"skip-lazy top-level-image attachment-large\" alt=\"Alpencup Rietz 2024 - Samstag - Bild 6\" title=\"Alpencup Rietz 2024 - Samstag - Bild 6\" srcset=\"https:\/\/alpencupmx.eu\/wp-content\/uploads\/2024\/04\/IMG_5531-1024x683.jpg 1024w, https:\/\/alpencupmx.eu\/wp-content\/uploads\/2024\/04\/IMG_5531-600x400.jpg 600w, https:\/\/alpencupmx.eu\/wp-content\/uploads\/2024\/04\/IMG_5531-300x200.jpg 300w, https:\/\/alpencupmx.eu\/wp-content\/uploads\/2024\/04\/IMG_5531-768x512.jpg 768w, https:\/\/alpencupmx.eu\/wp-content\/uploads\/2024\/04\/IMG_5531-18x12.jpg 18w, https:\/\/alpencupmx.eu\/wp-content\/uploads\/2024\/04\/IMG_5531-900x600.jpg 900w, https:\/\/alpencupmx.eu\/wp-content\/uploads\/2024\/04\/IMG_5531.jpg 1500w\" sizes=\"auto, (max-width: 1024px) 100vw, 1024px\" \/>\n\t\t\t\t\t\t\t\t<div class=\"work-info-bg\"><\/div>\n\n\t\t\t\t\t\t\t\t\n\t\t\t\t\t\t\t\t\t<div class=\"work-info\">\n\n\t\t\t\t\t\t\t\t\t\t<div class=\"vert-center\">\n\t\t\t\t\t\t\t\t\t\t\t\t\t\t\t\t\t\t\t\t\t<\/div><!--\/vert-center-->\n\n\t\t\t\t\t\t\t\t\t\t\t\t\t\t\t\t\t\t   \t\t\t <a href=\"https:\/\/alpencupmx.eu\/wp-content\/uploads\/2024\/04\/IMG_5531.jpg\" class=\"pretty_photo\"><span class=\"screen-reader-text\">Alpencup Rietz 2024 - Samstag - Bild 6<\/span><\/a>\n\t\t\t\t\t\t\t\t   \t\t\n\t\t\t\t\t\t\t\t\t<\/div>\n\n\t\t\t\t\t\t\t\t\n\t\t\t\t\t\t\t<\/div><!--work-item-->\n\n\t\t\t\t\t\t\n\n\t\t\t\t\t\t<\/div><\/div> \n\t\t\t\t\t\t\n\t\t\t\t\t\t\t<div class=\"col span_6  element\" data-project-cat=\"\" data-default-color=\"true\" data-title-color=\"\" data-subtitle-color=\"\">\n\n\t\t\t\t\t\t\t<div class=\"inner-wrap animated\" data-animation=\"fade_in\">\n\n\t\t\t\t\t\t\t\n\t\t\t\t\t\t\t<div class=\"work-item style-3\">\n\n\t\t\t\t\t\t\t\t<img loading=\"lazy\" decoding=\"async\" width=\"1024\" height=\"683\" src=\"https:\/\/alpencupmx.eu\/wp-content\/uploads\/2024\/04\/IMG_5569-1024x683.jpg\" class=\"skip-lazy top-level-image attachment-large\" alt=\"Alpencup Rietz 2024 - Samstag - Bild 7\" title=\"Alpencup Rietz 2024 - Samstag - Bild 7\" srcset=\"https:\/\/alpencupmx.eu\/wp-content\/uploads\/2024\/04\/IMG_5569-1024x683.jpg 1024w, https:\/\/alpencupmx.eu\/wp-content\/uploads\/2024\/04\/IMG_5569-600x400.jpg 600w, https:\/\/alpencupmx.eu\/wp-content\/uploads\/2024\/04\/IMG_5569-300x200.jpg 300w, https:\/\/alpencupmx.eu\/wp-content\/uploads\/2024\/04\/IMG_5569-768x512.jpg 768w, https:\/\/alpencupmx.eu\/wp-content\/uploads\/2024\/04\/IMG_5569-18x12.jpg 18w, https:\/\/alpencupmx.eu\/wp-content\/uploads\/2024\/04\/IMG_5569-900x600.jpg 900w, https:\/\/alpencupmx.eu\/wp-content\/uploads\/2024\/04\/IMG_5569.jpg 1500w\" sizes=\"auto, (max-width: 1024px) 100vw, 1024px\" \/>\n\t\t\t\t\t\t\t\t<div class=\"work-info-bg\"><\/div>\n\n\t\t\t\t\t\t\t\t\n\t\t\t\t\t\t\t\t\t<div class=\"work-info\">\n\n\t\t\t\t\t\t\t\t\t\t<div class=\"vert-center\">\n\t\t\t\t\t\t\t\t\t\t\t\t\t\t\t\t\t\t\t\t\t<\/div><!--\/vert-center-->\n\n\t\t\t\t\t\t\t\t\t\t\t\t\t\t\t\t\t\t   \t\t\t <a href=\"https:\/\/alpencupmx.eu\/wp-content\/uploads\/2024\/04\/IMG_5569.jpg\" class=\"pretty_photo\"><span class=\"screen-reader-text\">Alpencup Rietz 2024 - Samstag - Bild 7<\/span><\/a>\n\t\t\t\t\t\t\t\t   \t\t\n\t\t\t\t\t\t\t\t\t<\/div>\n\n\t\t\t\t\t\t\t\t\n\t\t\t\t\t\t\t<\/div><!--work-item-->\n\n\t\t\t\t\t\t\n\n\t\t\t\t\t\t<\/div><\/div> \n\t\t\t\t\t\t\n\t\t\t\t\t\t\t<div class=\"col span_6  element\" data-project-cat=\"\" data-default-color=\"true\" data-title-color=\"\" data-subtitle-color=\"\">\n\n\t\t\t\t\t\t\t<div class=\"inner-wrap animated\" data-animation=\"fade_in\">\n\n\t\t\t\t\t\t\t\n\t\t\t\t\t\t\t<div class=\"work-item style-3\">\n\n\t\t\t\t\t\t\t\t<img loading=\"lazy\" decoding=\"async\" width=\"1024\" height=\"683\" src=\"https:\/\/alpencupmx.eu\/wp-content\/uploads\/2024\/04\/IMG_5651-1024x683.jpg\" class=\"skip-lazy top-level-image attachment-large\" alt=\"Alpencup Rietz 2024 - Samstag - Bild 7\" title=\"Alpencup Rietz 2024 - Samstag - Bild 7\" srcset=\"https:\/\/alpencupmx.eu\/wp-content\/uploads\/2024\/04\/IMG_5651-1024x683.jpg 1024w, https:\/\/alpencupmx.eu\/wp-content\/uploads\/2024\/04\/IMG_5651-600x400.jpg 600w, https:\/\/alpencupmx.eu\/wp-content\/uploads\/2024\/04\/IMG_5651-300x200.jpg 300w, https:\/\/alpencupmx.eu\/wp-content\/uploads\/2024\/04\/IMG_5651-768x512.jpg 768w, https:\/\/alpencupmx.eu\/wp-content\/uploads\/2024\/04\/IMG_5651-18x12.jpg 18w, https:\/\/alpencupmx.eu\/wp-content\/uploads\/2024\/04\/IMG_5651-900x600.jpg 900w, https:\/\/alpencupmx.eu\/wp-content\/uploads\/2024\/04\/IMG_5651.jpg 1500w\" sizes=\"auto, (max-width: 1024px) 100vw, 1024px\" \/>\n\t\t\t\t\t\t\t\t<div class=\"work-info-bg\"><\/div>\n\n\t\t\t\t\t\t\t\t\n\t\t\t\t\t\t\t\t\t<div class=\"work-info\">\n\n\t\t\t\t\t\t\t\t\t\t<div class=\"vert-center\">\n\t\t\t\t\t\t\t\t\t\t\t\t\t\t\t\t\t\t\t\t\t<\/div><!--\/vert-center-->\n\n\t\t\t\t\t\t\t\t\t\t\t\t\t\t\t\t\t\t   \t\t\t <a href=\"https:\/\/alpencupmx.eu\/wp-content\/uploads\/2024\/04\/IMG_5651.jpg\" class=\"pretty_photo\"><span class=\"screen-reader-text\">Alpencup Rietz 2024 - Samstag - Bild 7<\/span><\/a>\n\t\t\t\t\t\t\t\t   \t\t\n\t\t\t\t\t\t\t\t\t<\/div>\n\n\t\t\t\t\t\t\t\t\n\t\t\t\t\t\t\t<\/div><!--work-item-->\n\n\t\t\t\t\t\t\n\n\t\t\t\t\t\t<\/div><\/div> \n\t\t\t\t\t\t\n\t\t\t\t\t\t\t<div class=\"col span_6  element\" data-project-cat=\"\" data-default-color=\"true\" data-title-color=\"\" data-subtitle-color=\"\">\n\n\t\t\t\t\t\t\t<div class=\"inner-wrap animated\" data-animation=\"fade_in\">\n\n\t\t\t\t\t\t\t\n\t\t\t\t\t\t\t<div class=\"work-item style-3\">\n\n\t\t\t\t\t\t\t\t<img loading=\"lazy\" decoding=\"async\" width=\"1024\" height=\"683\" src=\"https:\/\/alpencupmx.eu\/wp-content\/uploads\/2024\/04\/IMG_5662-1024x683.jpg\" class=\"skip-lazy attachment-large\" alt=\"Alpencup Rietz 2024 - Samstag - Bild 8\" title=\"Alpencup Rietz 2024 - Samstag - Bild 8\" srcset=\"https:\/\/alpencupmx.eu\/wp-content\/uploads\/2024\/04\/IMG_5662-1024x683.jpg 1024w, https:\/\/alpencupmx.eu\/wp-content\/uploads\/2024\/04\/IMG_5662-600x400.jpg 600w, https:\/\/alpencupmx.eu\/wp-content\/uploads\/2024\/04\/IMG_5662-300x200.jpg 300w, https:\/\/alpencupmx.eu\/wp-content\/uploads\/2024\/04\/IMG_5662-768x512.jpg 768w, https:\/\/alpencupmx.eu\/wp-content\/uploads\/2024\/04\/IMG_5662-18x12.jpg 18w, https:\/\/alpencupmx.eu\/wp-content\/uploads\/2024\/04\/IMG_5662-900x600.jpg 900w, https:\/\/alpencupmx.eu\/wp-content\/uploads\/2024\/04\/IMG_5662.jpg 1500w\" sizes=\"auto, (max-width: 1024px) 100vw, 1024px\" \/>\n\t\t\t\t\t\t\t\t<div class=\"work-info-bg\"><\/div>\n\n\t\t\t\t\t\t\t\t\n\t\t\t\t\t\t\t\t\t<div class=\"work-info\">\n\n\t\t\t\t\t\t\t\t\t\t<div class=\"vert-center\">\n\t\t\t\t\t\t\t\t\t\t\t\t\t\t\t\t\t\t\t\t\t<\/div><!--\/vert-center-->\n\n\t\t\t\t\t\t\t\t\t\t\t\t\t\t\t\t\t\t   \t\t\t <a href=\"https:\/\/alpencupmx.eu\/wp-content\/uploads\/2024\/04\/IMG_5662.jpg\" class=\"pretty_photo\"><span class=\"screen-reader-text\">Alpencup Rietz 2024 - Samstag - Bild 8<\/span><\/a>\n\t\t\t\t\t\t\t\t   \t\t\n\t\t\t\t\t\t\t\t\t<\/div>\n\n\t\t\t\t\t\t\t\t\n\t\t\t\t\t\t\t<\/div><!--work-item-->\n\n\t\t\t\t\t\t\n\n\t\t\t\t\t\t<\/div><\/div> \n\t\t\t\t\t\t\n\t\t\t\t\t\t\t<div class=\"col span_6  element\" data-project-cat=\"\" data-default-color=\"true\" data-title-color=\"\" data-subtitle-color=\"\">\n\n\t\t\t\t\t\t\t<div class=\"inner-wrap animated\" data-animation=\"fade_in\">\n\n\t\t\t\t\t\t\t\n\t\t\t\t\t\t\t<div class=\"work-item style-3\">\n\n\t\t\t\t\t\t\t\t<img loading=\"lazy\" decoding=\"async\" width=\"1024\" height=\"683\" src=\"https:\/\/alpencupmx.eu\/wp-content\/uploads\/2024\/04\/IMG_5676-1024x683.jpg\" class=\"skip-lazy attachment-large\" alt=\"Alpencup Rietz 2024 - Samstag - Bild 9\" title=\"Alpencup Rietz 2024 - Samstag - Bild 9\" srcset=\"https:\/\/alpencupmx.eu\/wp-content\/uploads\/2024\/04\/IMG_5676-1024x683.jpg 1024w, https:\/\/alpencupmx.eu\/wp-content\/uploads\/2024\/04\/IMG_5676-600x400.jpg 600w, https:\/\/alpencupmx.eu\/wp-content\/uploads\/2024\/04\/IMG_5676-300x200.jpg 300w, https:\/\/alpencupmx.eu\/wp-content\/uploads\/2024\/04\/IMG_5676-768x512.jpg 768w, https:\/\/alpencupmx.eu\/wp-content\/uploads\/2024\/04\/IMG_5676-18x12.jpg 18w, https:\/\/alpencupmx.eu\/wp-content\/uploads\/2024\/04\/IMG_5676-900x600.jpg 900w, https:\/\/alpencupmx.eu\/wp-content\/uploads\/2024\/04\/IMG_5676.jpg 1500w\" sizes=\"auto, (max-width: 1024px) 100vw, 1024px\" \/>\n\t\t\t\t\t\t\t\t<div class=\"work-info-bg\"><\/div>\n\n\t\t\t\t\t\t\t\t\n\t\t\t\t\t\t\t\t\t<div class=\"work-info\">\n\n\t\t\t\t\t\t\t\t\t\t<div class=\"vert-center\">\n\t\t\t\t\t\t\t\t\t\t\t\t\t\t\t\t\t\t\t\t\t<\/div><!--\/vert-center-->\n\n\t\t\t\t\t\t\t\t\t\t\t\t\t\t\t\t\t\t   \t\t\t <a href=\"https:\/\/alpencupmx.eu\/wp-content\/uploads\/2024\/04\/IMG_5676.jpg\" class=\"pretty_photo\"><span class=\"screen-reader-text\">Alpencup Rietz 2024 - Samstag - Bild 9<\/span><\/a>\n\t\t\t\t\t\t\t\t   \t\t\n\t\t\t\t\t\t\t\t\t<\/div>\n\n\t\t\t\t\t\t\t\t\n\t\t\t\t\t\t\t<\/div><!--work-item-->\n\n\t\t\t\t\t\t\n\n\t\t\t\t\t\t<\/div><\/div> \n\t\t\t\t\t\t\n\t\t\t\t\t\t\t<div class=\"col span_6  element\" data-project-cat=\"\" data-default-color=\"true\" data-title-color=\"\" data-subtitle-color=\"\">\n\n\t\t\t\t\t\t\t<div class=\"inner-wrap animated\" data-animation=\"fade_in\">\n\n\t\t\t\t\t\t\t\n\t\t\t\t\t\t\t<div class=\"work-item style-3\">\n\n\t\t\t\t\t\t\t\t<img loading=\"lazy\" decoding=\"async\" width=\"1024\" height=\"683\" src=\"https:\/\/alpencupmx.eu\/wp-content\/uploads\/2024\/04\/IMG_5712-1024x683.jpg\" class=\"skip-lazy attachment-large\" alt=\"Alpencup Rietz 2024 - Samstag - Bild 10\" title=\"Alpencup Rietz 2024 - Samstag - Bild 10\" srcset=\"https:\/\/alpencupmx.eu\/wp-content\/uploads\/2024\/04\/IMG_5712-1024x683.jpg 1024w, https:\/\/alpencupmx.eu\/wp-content\/uploads\/2024\/04\/IMG_5712-600x400.jpg 600w, https:\/\/alpencupmx.eu\/wp-content\/uploads\/2024\/04\/IMG_5712-300x200.jpg 300w, https:\/\/alpencupmx.eu\/wp-content\/uploads\/2024\/04\/IMG_5712-768x512.jpg 768w, https:\/\/alpencupmx.eu\/wp-content\/uploads\/2024\/04\/IMG_5712-18x12.jpg 18w, https:\/\/alpencupmx.eu\/wp-content\/uploads\/2024\/04\/IMG_5712-900x600.jpg 900w, https:\/\/alpencupmx.eu\/wp-content\/uploads\/2024\/04\/IMG_5712.jpg 1500w\" sizes=\"auto, (max-width: 1024px) 100vw, 1024px\" \/>\n\t\t\t\t\t\t\t\t<div class=\"work-info-bg\"><\/div>\n\n\t\t\t\t\t\t\t\t\n\t\t\t\t\t\t\t\t\t<div class=\"work-info\">\n\n\t\t\t\t\t\t\t\t\t\t<div class=\"vert-center\">\n\t\t\t\t\t\t\t\t\t\t\t\t\t\t\t\t\t\t\t\t\t<\/div><!--\/vert-center-->\n\n\t\t\t\t\t\t\t\t\t\t\t\t\t\t\t\t\t\t   \t\t\t <a href=\"https:\/\/alpencupmx.eu\/wp-content\/uploads\/2024\/04\/IMG_5712.jpg\" class=\"pretty_photo\"><span class=\"screen-reader-text\">Alpencup Rietz 2024 - Samstag - Bild 10<\/span><\/a>\n\t\t\t\t\t\t\t\t   \t\t\n\t\t\t\t\t\t\t\t\t<\/div>\n\n\t\t\t\t\t\t\t\t\n\t\t\t\t\t\t\t<\/div><!--work-item-->\n\n\t\t\t\t\t\t\n\n\t\t\t\t\t\t<\/div><\/div> \n\t\t\t\t\t\t\n\t\t\t\t\t\t\t<div class=\"col span_6  element\" data-project-cat=\"\" data-default-color=\"true\" data-title-color=\"\" data-subtitle-color=\"\">\n\n\t\t\t\t\t\t\t<div class=\"inner-wrap animated\" data-animation=\"fade_in\">\n\n\t\t\t\t\t\t\t\n\t\t\t\t\t\t\t<div class=\"work-item style-3\">\n\n\t\t\t\t\t\t\t\t<img loading=\"lazy\" decoding=\"async\" width=\"1024\" height=\"683\" src=\"https:\/\/alpencupmx.eu\/wp-content\/uploads\/2024\/04\/IMG_5748-1024x683.jpg\" class=\"skip-lazy attachment-large\" alt=\"Alpencup Rietz 2024 - Samstag - Bild 11\" title=\"Alpencup Rietz 2024 - Samstag - Bild 11\" srcset=\"https:\/\/alpencupmx.eu\/wp-content\/uploads\/2024\/04\/IMG_5748-1024x683.jpg 1024w, https:\/\/alpencupmx.eu\/wp-content\/uploads\/2024\/04\/IMG_5748-600x400.jpg 600w, https:\/\/alpencupmx.eu\/wp-content\/uploads\/2024\/04\/IMG_5748-300x200.jpg 300w, https:\/\/alpencupmx.eu\/wp-content\/uploads\/2024\/04\/IMG_5748-768x512.jpg 768w, https:\/\/alpencupmx.eu\/wp-content\/uploads\/2024\/04\/IMG_5748-18x12.jpg 18w, https:\/\/alpencupmx.eu\/wp-content\/uploads\/2024\/04\/IMG_5748-900x600.jpg 900w, https:\/\/alpencupmx.eu\/wp-content\/uploads\/2024\/04\/IMG_5748.jpg 1500w\" sizes=\"auto, (max-width: 1024px) 100vw, 1024px\" \/>\n\t\t\t\t\t\t\t\t<div class=\"work-info-bg\"><\/div>\n\n\t\t\t\t\t\t\t\t\n\t\t\t\t\t\t\t\t\t<div class=\"work-info\">\n\n\t\t\t\t\t\t\t\t\t\t<div class=\"vert-center\">\n\t\t\t\t\t\t\t\t\t\t\t\t\t\t\t\t\t\t\t\t\t<\/div><!--\/vert-center-->\n\n\t\t\t\t\t\t\t\t\t\t\t\t\t\t\t\t\t\t   \t\t\t <a href=\"https:\/\/alpencupmx.eu\/wp-content\/uploads\/2024\/04\/IMG_5748.jpg\" class=\"pretty_photo\"><span class=\"screen-reader-text\">Alpencup Rietz 2024 - Samstag - Bild 11<\/span><\/a>\n\t\t\t\t\t\t\t\t   \t\t\n\t\t\t\t\t\t\t\t\t<\/div>\n\n\t\t\t\t\t\t\t\t\n\t\t\t\t\t\t\t<\/div><!--work-item-->\n\n\t\t\t\t\t\t\n\n\t\t\t\t\t\t<\/div><\/div> \n\t\t\t\t\t\t\n\t\t\t\t\t\t\t<div class=\"col span_6  element\" data-project-cat=\"\" data-default-color=\"true\" data-title-color=\"\" data-subtitle-color=\"\">\n\n\t\t\t\t\t\t\t<div class=\"inner-wrap animated\" data-animation=\"fade_in\">\n\n\t\t\t\t\t\t\t\n\t\t\t\t\t\t\t<div class=\"work-item style-3\">\n\n\t\t\t\t\t\t\t\t<img loading=\"lazy\" decoding=\"async\" width=\"1024\" height=\"683\" src=\"https:\/\/alpencupmx.eu\/wp-content\/uploads\/2024\/04\/IMG_5754-1024x683.jpg\" class=\"skip-lazy attachment-large\" alt=\"Alpencup Rietz 2024 - Samstag - Bild 12\" title=\"Alpencup Rietz 2024 - Samstag - Bild 12\" srcset=\"https:\/\/alpencupmx.eu\/wp-content\/uploads\/2024\/04\/IMG_5754-1024x683.jpg 1024w, https:\/\/alpencupmx.eu\/wp-content\/uploads\/2024\/04\/IMG_5754-600x400.jpg 600w, https:\/\/alpencupmx.eu\/wp-content\/uploads\/2024\/04\/IMG_5754-300x200.jpg 300w, https:\/\/alpencupmx.eu\/wp-content\/uploads\/2024\/04\/IMG_5754-768x512.jpg 768w, https:\/\/alpencupmx.eu\/wp-content\/uploads\/2024\/04\/IMG_5754-18x12.jpg 18w, https:\/\/alpencupmx.eu\/wp-content\/uploads\/2024\/04\/IMG_5754-900x600.jpg 900w, https:\/\/alpencupmx.eu\/wp-content\/uploads\/2024\/04\/IMG_5754.jpg 1500w\" sizes=\"auto, (max-width: 1024px) 100vw, 1024px\" \/>\n\t\t\t\t\t\t\t\t<div class=\"work-info-bg\"><\/div>\n\n\t\t\t\t\t\t\t\t\n\t\t\t\t\t\t\t\t\t<div class=\"work-info\">\n\n\t\t\t\t\t\t\t\t\t\t<div class=\"vert-center\">\n\t\t\t\t\t\t\t\t\t\t\t\t\t\t\t\t\t\t\t\t\t<\/div><!--\/vert-center-->\n\n\t\t\t\t\t\t\t\t\t\t\t\t\t\t\t\t\t\t   \t\t\t <a href=\"https:\/\/alpencupmx.eu\/wp-content\/uploads\/2024\/04\/IMG_5754.jpg\" class=\"pretty_photo\"><span class=\"screen-reader-text\">Alpencup Rietz 2024 - Samstag - Bild 12<\/span><\/a>\n\t\t\t\t\t\t\t\t   \t\t\n\t\t\t\t\t\t\t\t\t<\/div>\n\n\t\t\t\t\t\t\t\t\n\t\t\t\t\t\t\t<\/div><!--work-item-->\n\n\t\t\t\t\t\t\n\n\t\t\t\t\t\t<\/div><\/div> \n\t\t\t\t\t\t\n\t\t\t\t\t\t\t<div class=\"col span_6  element\" data-project-cat=\"\" data-default-color=\"true\" data-title-color=\"\" data-subtitle-color=\"\">\n\n\t\t\t\t\t\t\t<div class=\"inner-wrap animated\" data-animation=\"fade_in\">\n\n\t\t\t\t\t\t\t\n\t\t\t\t\t\t\t<div class=\"work-item style-3\">\n\n\t\t\t\t\t\t\t\t<img loading=\"lazy\" decoding=\"async\" width=\"1024\" height=\"683\" src=\"https:\/\/alpencupmx.eu\/wp-content\/uploads\/2024\/04\/IMG_5763-1024x683.jpg\" class=\"skip-lazy attachment-large\" alt=\"Alpencup Rietz 2024 - Samstag - Bild 13\" title=\"Alpencup Rietz 2024 - Samstag - Bild 13\" srcset=\"https:\/\/alpencupmx.eu\/wp-content\/uploads\/2024\/04\/IMG_5763-1024x683.jpg 1024w, https:\/\/alpencupmx.eu\/wp-content\/uploads\/2024\/04\/IMG_5763-600x400.jpg 600w, https:\/\/alpencupmx.eu\/wp-content\/uploads\/2024\/04\/IMG_5763-300x200.jpg 300w, https:\/\/alpencupmx.eu\/wp-content\/uploads\/2024\/04\/IMG_5763-768x512.jpg 768w, https:\/\/alpencupmx.eu\/wp-content\/uploads\/2024\/04\/IMG_5763-18x12.jpg 18w, https:\/\/alpencupmx.eu\/wp-content\/uploads\/2024\/04\/IMG_5763-900x600.jpg 900w, https:\/\/alpencupmx.eu\/wp-content\/uploads\/2024\/04\/IMG_5763.jpg 1500w\" sizes=\"auto, (max-width: 1024px) 100vw, 1024px\" \/>\n\t\t\t\t\t\t\t\t<div class=\"work-info-bg\"><\/div>\n\n\t\t\t\t\t\t\t\t\n\t\t\t\t\t\t\t\t\t<div class=\"work-info\">\n\n\t\t\t\t\t\t\t\t\t\t<div class=\"vert-center\">\n\t\t\t\t\t\t\t\t\t\t\t\t\t\t\t\t\t\t\t\t\t<\/div><!--\/vert-center-->\n\n\t\t\t\t\t\t\t\t\t\t\t\t\t\t\t\t\t\t   \t\t\t <a href=\"https:\/\/alpencupmx.eu\/wp-content\/uploads\/2024\/04\/IMG_5763.jpg\" class=\"pretty_photo\"><span class=\"screen-reader-text\">Alpencup Rietz 2024 - Samstag - Bild 13<\/span><\/a>\n\t\t\t\t\t\t\t\t   \t\t\n\t\t\t\t\t\t\t\t\t<\/div>\n\n\t\t\t\t\t\t\t\t\n\t\t\t\t\t\t\t<\/div><!--work-item-->\n\n\t\t\t\t\t\t\n\n\t\t\t\t\t\t<\/div><\/div> \n\t\t\t\t\t\t\n\t\t\t\t\t\t\t<div class=\"col span_6  element\" data-project-cat=\"\" data-default-color=\"true\" data-title-color=\"\" data-subtitle-color=\"\">\n\n\t\t\t\t\t\t\t<div class=\"inner-wrap animated\" data-animation=\"fade_in\">\n\n\t\t\t\t\t\t\t\n\t\t\t\t\t\t\t<div class=\"work-item style-3\">\n\n\t\t\t\t\t\t\t\t<img loading=\"lazy\" decoding=\"async\" width=\"1024\" height=\"683\" src=\"https:\/\/alpencupmx.eu\/wp-content\/uploads\/2024\/04\/IMG_5790-1024x683.jpg\" class=\"skip-lazy attachment-large\" alt=\"Alpencup Rietz 2024 - Samstag - Bild 14\" title=\"Alpencup Rietz 2024 - Samstag - Bild 15\" srcset=\"https:\/\/alpencupmx.eu\/wp-content\/uploads\/2024\/04\/IMG_5790-1024x683.jpg 1024w, https:\/\/alpencupmx.eu\/wp-content\/uploads\/2024\/04\/IMG_5790-600x400.jpg 600w, https:\/\/alpencupmx.eu\/wp-content\/uploads\/2024\/04\/IMG_5790-300x200.jpg 300w, https:\/\/alpencupmx.eu\/wp-content\/uploads\/2024\/04\/IMG_5790-768x512.jpg 768w, https:\/\/alpencupmx.eu\/wp-content\/uploads\/2024\/04\/IMG_5790-18x12.jpg 18w, https:\/\/alpencupmx.eu\/wp-content\/uploads\/2024\/04\/IMG_5790-900x600.jpg 900w, https:\/\/alpencupmx.eu\/wp-content\/uploads\/2024\/04\/IMG_5790.jpg 1500w\" sizes=\"auto, (max-width: 1024px) 100vw, 1024px\" \/>\n\t\t\t\t\t\t\t\t<div class=\"work-info-bg\"><\/div>\n\n\t\t\t\t\t\t\t\t\n\t\t\t\t\t\t\t\t\t<div class=\"work-info\">\n\n\t\t\t\t\t\t\t\t\t\t<div class=\"vert-center\">\n\t\t\t\t\t\t\t\t\t\t\t\t\t\t\t\t\t\t\t\t\t<\/div><!--\/vert-center-->\n\n\t\t\t\t\t\t\t\t\t\t\t\t\t\t\t\t\t\t   \t\t\t <a href=\"https:\/\/alpencupmx.eu\/wp-content\/uploads\/2024\/04\/IMG_5790.jpg\" class=\"pretty_photo\"><span class=\"screen-reader-text\">Alpencup Rietz 2024 - Samstag - Bild 15<\/span><\/a>\n\t\t\t\t\t\t\t\t   \t\t\n\t\t\t\t\t\t\t\t\t<\/div>\n\n\t\t\t\t\t\t\t\t\n\t\t\t\t\t\t\t<\/div><!--work-item-->\n\n\t\t\t\t\t\t\n\n\t\t\t\t\t\t<\/div><\/div> \n\t\t\t\t\t\t\n\t\t\t\t\t\t\t<div class=\"col span_6  element\" data-project-cat=\"\" data-default-color=\"true\" data-title-color=\"\" data-subtitle-color=\"\">\n\n\t\t\t\t\t\t\t<div class=\"inner-wrap animated\" data-animation=\"fade_in\">\n\n\t\t\t\t\t\t\t\n\t\t\t\t\t\t\t<div class=\"work-item style-3\">\n\n\t\t\t\t\t\t\t\t<img loading=\"lazy\" decoding=\"async\" width=\"1024\" height=\"683\" src=\"https:\/\/alpencupmx.eu\/wp-content\/uploads\/2024\/04\/IMG_5803-1024x683.jpg\" class=\"skip-lazy attachment-large\" alt=\"Alpencup Rietz 2024 - Samstag - Bild 16\" title=\"Alpencup Rietz 2024 - Samstag - Bild 16\" srcset=\"https:\/\/alpencupmx.eu\/wp-content\/uploads\/2024\/04\/IMG_5803-1024x683.jpg 1024w, https:\/\/alpencupmx.eu\/wp-content\/uploads\/2024\/04\/IMG_5803-600x400.jpg 600w, https:\/\/alpencupmx.eu\/wp-content\/uploads\/2024\/04\/IMG_5803-300x200.jpg 300w, https:\/\/alpencupmx.eu\/wp-content\/uploads\/2024\/04\/IMG_5803-768x512.jpg 768w, https:\/\/alpencupmx.eu\/wp-content\/uploads\/2024\/04\/IMG_5803-18x12.jpg 18w, https:\/\/alpencupmx.eu\/wp-content\/uploads\/2024\/04\/IMG_5803-900x600.jpg 900w, https:\/\/alpencupmx.eu\/wp-content\/uploads\/2024\/04\/IMG_5803.jpg 1500w\" sizes=\"auto, (max-width: 1024px) 100vw, 1024px\" \/>\n\t\t\t\t\t\t\t\t<div class=\"work-info-bg\"><\/div>\n\n\t\t\t\t\t\t\t\t\n\t\t\t\t\t\t\t\t\t<div class=\"work-info\">\n\n\t\t\t\t\t\t\t\t\t\t<div class=\"vert-center\">\n\t\t\t\t\t\t\t\t\t\t\t\t\t\t\t\t\t\t\t\t\t<\/div><!--\/vert-center-->\n\n\t\t\t\t\t\t\t\t\t\t\t\t\t\t\t\t\t\t   \t\t\t <a href=\"https:\/\/alpencupmx.eu\/wp-content\/uploads\/2024\/04\/IMG_5803.jpg\" class=\"pretty_photo\"><span class=\"screen-reader-text\">Alpencup Rietz 2024 - Samstag - Bild 16<\/span><\/a>\n\t\t\t\t\t\t\t\t   \t\t\n\t\t\t\t\t\t\t\t\t<\/div>\n\n\t\t\t\t\t\t\t\t\n\t\t\t\t\t\t\t<\/div><!--work-item-->\n\n\t\t\t\t\t\t\n\n\t\t\t\t\t\t<\/div><\/div> \n\t\t\t\t\t\t\n\t\t\t\t\t\t\t<div class=\"col span_6  element\" data-project-cat=\"\" data-default-color=\"true\" data-title-color=\"\" data-subtitle-color=\"\">\n\n\t\t\t\t\t\t\t<div class=\"inner-wrap animated\" data-animation=\"fade_in\">\n\n\t\t\t\t\t\t\t\n\t\t\t\t\t\t\t<div class=\"work-item style-3\">\n\n\t\t\t\t\t\t\t\t<img loading=\"lazy\" decoding=\"async\" width=\"1024\" height=\"683\" src=\"https:\/\/alpencupmx.eu\/wp-content\/uploads\/2024\/04\/IMG_5818-1024x683.jpg\" class=\"skip-lazy attachment-large\" alt=\"Alpencup Rietz 2024 - Samstag - Bild 17\" title=\"Alpencup Rietz 2024 - Samstag - Bild 17\" srcset=\"https:\/\/alpencupmx.eu\/wp-content\/uploads\/2024\/04\/IMG_5818-1024x683.jpg 1024w, https:\/\/alpencupmx.eu\/wp-content\/uploads\/2024\/04\/IMG_5818-600x400.jpg 600w, https:\/\/alpencupmx.eu\/wp-content\/uploads\/2024\/04\/IMG_5818-300x200.jpg 300w, https:\/\/alpencupmx.eu\/wp-content\/uploads\/2024\/04\/IMG_5818-768x512.jpg 768w, https:\/\/alpencupmx.eu\/wp-content\/uploads\/2024\/04\/IMG_5818-18x12.jpg 18w, https:\/\/alpencupmx.eu\/wp-content\/uploads\/2024\/04\/IMG_5818-900x600.jpg 900w, https:\/\/alpencupmx.eu\/wp-content\/uploads\/2024\/04\/IMG_5818.jpg 1500w\" sizes=\"auto, (max-width: 1024px) 100vw, 1024px\" \/>\n\t\t\t\t\t\t\t\t<div class=\"work-info-bg\"><\/div>\n\n\t\t\t\t\t\t\t\t\n\t\t\t\t\t\t\t\t\t<div class=\"work-info\">\n\n\t\t\t\t\t\t\t\t\t\t<div class=\"vert-center\">\n\t\t\t\t\t\t\t\t\t\t\t\t\t\t\t\t\t\t\t\t\t<\/div><!--\/vert-center-->\n\n\t\t\t\t\t\t\t\t\t\t\t\t\t\t\t\t\t\t   \t\t\t <a href=\"https:\/\/alpencupmx.eu\/wp-content\/uploads\/2024\/04\/IMG_5818.jpg\" class=\"pretty_photo\"><span class=\"screen-reader-text\">Alpencup Rietz 2024 - Samstag - Bild 17<\/span><\/a>\n\t\t\t\t\t\t\t\t   \t\t\n\t\t\t\t\t\t\t\t\t<\/div>\n\n\t\t\t\t\t\t\t\t\n\t\t\t\t\t\t\t<\/div><!--work-item-->\n\n\t\t\t\t\t\t\n\n\t\t\t\t\t\t<\/div><\/div> \n\t\t\t\t\t\t\n\t\t\t\t\t\t\t<div class=\"col span_6  element\" data-project-cat=\"\" data-default-color=\"true\" data-title-color=\"\" data-subtitle-color=\"\">\n\n\t\t\t\t\t\t\t<div class=\"inner-wrap animated\" data-animation=\"fade_in\">\n\n\t\t\t\t\t\t\t\n\t\t\t\t\t\t\t<div class=\"work-item style-3\">\n\n\t\t\t\t\t\t\t\t<img loading=\"lazy\" decoding=\"async\" width=\"1024\" height=\"683\" src=\"https:\/\/alpencupmx.eu\/wp-content\/uploads\/2024\/04\/IMG_5846-1024x683.jpg\" class=\"skip-lazy attachment-large\" alt=\"Alpencup Rietz 2024 - Samstag - Bild 18\" title=\"Alpencup Rietz 2024 - Samstag - Bild 18\" srcset=\"https:\/\/alpencupmx.eu\/wp-content\/uploads\/2024\/04\/IMG_5846-1024x683.jpg 1024w, https:\/\/alpencupmx.eu\/wp-content\/uploads\/2024\/04\/IMG_5846-600x400.jpg 600w, https:\/\/alpencupmx.eu\/wp-content\/uploads\/2024\/04\/IMG_5846-300x200.jpg 300w, https:\/\/alpencupmx.eu\/wp-content\/uploads\/2024\/04\/IMG_5846-768x512.jpg 768w, https:\/\/alpencupmx.eu\/wp-content\/uploads\/2024\/04\/IMG_5846-18x12.jpg 18w, https:\/\/alpencupmx.eu\/wp-content\/uploads\/2024\/04\/IMG_5846-900x600.jpg 900w, https:\/\/alpencupmx.eu\/wp-content\/uploads\/2024\/04\/IMG_5846.jpg 1500w\" sizes=\"auto, (max-width: 1024px) 100vw, 1024px\" \/>\n\t\t\t\t\t\t\t\t<div class=\"work-info-bg\"><\/div>\n\n\t\t\t\t\t\t\t\t\n\t\t\t\t\t\t\t\t\t<div class=\"work-info\">\n\n\t\t\t\t\t\t\t\t\t\t<div class=\"vert-center\">\n\t\t\t\t\t\t\t\t\t\t\t\t\t\t\t\t\t\t\t\t\t<\/div><!--\/vert-center-->\n\n\t\t\t\t\t\t\t\t\t\t\t\t\t\t\t\t\t\t   \t\t\t <a href=\"https:\/\/alpencupmx.eu\/wp-content\/uploads\/2024\/04\/IMG_5846.jpg\" class=\"pretty_photo\"><span class=\"screen-reader-text\">Alpencup Rietz 2024 - Samstag - Bild 18<\/span><\/a>\n\t\t\t\t\t\t\t\t   \t\t\n\t\t\t\t\t\t\t\t\t<\/div>\n\n\t\t\t\t\t\t\t\t\n\t\t\t\t\t\t\t<\/div><!--work-item-->\n\n\t\t\t\t\t\t\n\n\t\t\t\t\t\t<\/div><\/div> \n\t\t\t\t\t\t\n\t\t\t\t\t\t\t<div class=\"col span_6  element\" data-project-cat=\"\" data-default-color=\"true\" data-title-color=\"\" data-subtitle-color=\"\">\n\n\t\t\t\t\t\t\t<div class=\"inner-wrap animated\" data-animation=\"fade_in\">\n\n\t\t\t\t\t\t\t\n\t\t\t\t\t\t\t<div class=\"work-item style-3\">\n\n\t\t\t\t\t\t\t\t<img loading=\"lazy\" decoding=\"async\" width=\"1024\" height=\"683\" src=\"https:\/\/alpencupmx.eu\/wp-content\/uploads\/2024\/04\/IMG_5876-1024x683.jpg\" class=\"skip-lazy attachment-large\" alt=\"Alpencup Rietz 2024 - Samstag - Bild 19\" title=\"Alpencup Rietz 2024 - Samstag - Bild 19\" srcset=\"https:\/\/alpencupmx.eu\/wp-content\/uploads\/2024\/04\/IMG_5876-1024x683.jpg 1024w, https:\/\/alpencupmx.eu\/wp-content\/uploads\/2024\/04\/IMG_5876-600x400.jpg 600w, https:\/\/alpencupmx.eu\/wp-content\/uploads\/2024\/04\/IMG_5876-300x200.jpg 300w, https:\/\/alpencupmx.eu\/wp-content\/uploads\/2024\/04\/IMG_5876-768x512.jpg 768w, https:\/\/alpencupmx.eu\/wp-content\/uploads\/2024\/04\/IMG_5876-18x12.jpg 18w, https:\/\/alpencupmx.eu\/wp-content\/uploads\/2024\/04\/IMG_5876-900x600.jpg 900w, https:\/\/alpencupmx.eu\/wp-content\/uploads\/2024\/04\/IMG_5876.jpg 1500w\" sizes=\"auto, (max-width: 1024px) 100vw, 1024px\" \/>\n\t\t\t\t\t\t\t\t<div class=\"work-info-bg\"><\/div>\n\n\t\t\t\t\t\t\t\t\n\t\t\t\t\t\t\t\t\t<div class=\"work-info\">\n\n\t\t\t\t\t\t\t\t\t\t<div class=\"vert-center\">\n\t\t\t\t\t\t\t\t\t\t\t\t\t\t\t\t\t\t\t\t\t<\/div><!--\/vert-center-->\n\n\t\t\t\t\t\t\t\t\t\t\t\t\t\t\t\t\t\t   \t\t\t <a href=\"https:\/\/alpencupmx.eu\/wp-content\/uploads\/2024\/04\/IMG_5876.jpg\" class=\"pretty_photo\"><span class=\"screen-reader-text\">Alpencup Rietz 2024 - Samstag - Bild 19<\/span><\/a>\n\t\t\t\t\t\t\t\t   \t\t\n\t\t\t\t\t\t\t\t\t<\/div>\n\n\t\t\t\t\t\t\t\t\n\t\t\t\t\t\t\t<\/div><!--work-item-->\n\n\t\t\t\t\t\t\n\n\t\t\t\t\t\t<\/div><\/div> \n\t\t\t\t\t\t\n\t\t\t\t\t\t\t<div class=\"col span_6  element\" data-project-cat=\"\" data-default-color=\"true\" data-title-color=\"\" data-subtitle-color=\"\">\n\n\t\t\t\t\t\t\t<div class=\"inner-wrap animated\" data-animation=\"fade_in\">\n\n\t\t\t\t\t\t\t\n\t\t\t\t\t\t\t<div class=\"work-item style-3\">\n\n\t\t\t\t\t\t\t\t<img loading=\"lazy\" decoding=\"async\" width=\"1024\" height=\"683\" src=\"https:\/\/alpencupmx.eu\/wp-content\/uploads\/2024\/04\/IMG_5948-1024x683.jpg\" class=\"skip-lazy attachment-large\" alt=\"Alpencup Rietz 2024 - Samstag - Bild 20\" title=\"Alpencup Rietz 2024 - Samstag - Bild 20\" srcset=\"https:\/\/alpencupmx.eu\/wp-content\/uploads\/2024\/04\/IMG_5948-1024x683.jpg 1024w, https:\/\/alpencupmx.eu\/wp-content\/uploads\/2024\/04\/IMG_5948-600x400.jpg 600w, https:\/\/alpencupmx.eu\/wp-content\/uploads\/2024\/04\/IMG_5948-300x200.jpg 300w, https:\/\/alpencupmx.eu\/wp-content\/uploads\/2024\/04\/IMG_5948-768x512.jpg 768w, https:\/\/alpencupmx.eu\/wp-content\/uploads\/2024\/04\/IMG_5948-18x12.jpg 18w, https:\/\/alpencupmx.eu\/wp-content\/uploads\/2024\/04\/IMG_5948-900x600.jpg 900w, https:\/\/alpencupmx.eu\/wp-content\/uploads\/2024\/04\/IMG_5948.jpg 1500w\" sizes=\"auto, (max-width: 1024px) 100vw, 1024px\" \/>\n\t\t\t\t\t\t\t\t<div class=\"work-info-bg\"><\/div>\n\n\t\t\t\t\t\t\t\t\n\t\t\t\t\t\t\t\t\t<div class=\"work-info\">\n\n\t\t\t\t\t\t\t\t\t\t<div class=\"vert-center\">\n\t\t\t\t\t\t\t\t\t\t\t\t\t\t\t\t\t\t\t\t\t<\/div><!--\/vert-center-->\n\n\t\t\t\t\t\t\t\t\t\t\t\t\t\t\t\t\t\t   \t\t\t <a href=\"https:\/\/alpencupmx.eu\/wp-content\/uploads\/2024\/04\/IMG_5948.jpg\" class=\"pretty_photo\"><span class=\"screen-reader-text\">Alpencup Rietz 2024 - Samstag - Bild 20<\/span><\/a>\n\t\t\t\t\t\t\t\t   \t\t\n\t\t\t\t\t\t\t\t\t<\/div>\n\n\t\t\t\t\t\t\t\t\n\t\t\t\t\t\t\t<\/div><!--work-item-->\n\n\t\t\t\t\t\t\n\n\t\t\t\t\t\t<\/div><\/div> \n\t\t\t\t\t\t<\/div><\/div><\/div>\n\t\t<\/div> \n\t<\/div> <div class=\"divider-wrap\" data-alignment=\"default\"><div style=\"height: 85px;\" class=\"divider\"><\/div><\/div>\n\t\t<\/div> \n\t<\/div>\n\t<\/div> \n<\/div><\/div>\n\t\t\t<\/div> \n\t\t\t<div id=\"tab-infos\" data-tab-icon=\"iconsmind-Information\" class=\"wpb_tab ui-tabs-panel wpb_ui-tabs-hide clearfix\"><span class=\"im-icon-wrap tab-icon\"><span><svg role=\"presentation\" version=\"1.1\" xmlns=\"http:\/\/www.w3.org\/2000\/svg\" width=\"32\" height=\"32\" viewbox=\"0 0 32 32\">\n        <path d=\"M18.007 24.028h-4c-0.368 0-0.667-0.3-0.667-0.667v-9.333c0-0.367 0.299-0.667 0.667-0.667h4c0.368 0 0.667 0.3 0.667 0.667v9.333c0 0.368-0.299 0.667-0.667 0.667zM14.673 22.695h2.667v-8h-2.667v8zM16.007 12.073c-1.475 0-2.675-1.197-2.675-2.675s1.2-2.675 2.675-2.675c1.475 0 2.675 1.197 2.675 2.675s-1.2 2.675-2.675 2.675zM16.007 8.057c-0.74 0-1.341 0.601-1.341 1.341s0.601 1.341 1.341 1.341c0.741 0 1.341-0.601 1.341-1.341s-0.6-1.341-1.341-1.341zM16 32c-8.823 0-16-7.177-16-16s7.177-16 16-16 16 7.177 16 16-7.177 16-16 16zM16 1.333c-8.087 0-14.667 6.583-14.667 14.667 0 8.087 6.58 14.667 14.667 14.667 8.085 0 14.667-6.58 14.667-14.667 0-8.085-6.579-14.667-14.667-14.667z\"><\/path>\n        <\/svg><\/span><\/span>\n\t\t\t\t<div id=\"fws_69f2cb05ad067\" data-midnight=\"\" data-column-margin=\"default\" class=\"wpb_row vc_row-fluid vc_row inner_row\"  style=\"padding-top: 10px; \"><div class=\"row-bg-wrap\"> <div class=\"row-bg\" ><\/div> <\/div><div class=\"row_col_wrap_12_inner col span_12  left\">\n\t<div  class=\"vc_col-sm-6 wpb_column column_container vc_column_container col child_column centered-text has-animation no-extra-padding inherit_tablet inherit_phone\"   data-padding-pos=\"all\" data-has-bg-color=\"false\" data-bg-color=\"\" data-bg-opacity=\"1\" data-animation=\"fade-in-from-bottom\" data-delay=\"0\" >\n\t\t<div class=\"vc_column-inner\" >\n\t\t<div class=\"wpb_wrapper\">\n\t\t\t<div class=\"img-with-aniamtion-wrap\" data-max-width=\"100%\" data-max-width-mobile=\"default\" data-shadow=\"none\" data-animation=\"none\" >\n      <div class=\"inner\">\n        <div class=\"hover-wrap\"> \n          <div class=\"hover-wrap-inner\">\n            <img loading=\"lazy\" decoding=\"async\" class=\"img-with-animation skip-lazy\" data-delay=\"0\" height=\"2560\" width=\"2560\" data-animation=\"none\" src=\"https:\/\/alpencupmx.eu\/wp-content\/uploads\/2025\/02\/Anmeldung-Geschlossen-Slate_Rietz-scaled.jpg\" alt=\"MSC Rietz 2025 - Anmeldung Geschlossen\" srcset=\"https:\/\/alpencupmx.eu\/wp-content\/uploads\/2025\/02\/Anmeldung-Geschlossen-Slate_Rietz-scaled.jpg 2560w, https:\/\/alpencupmx.eu\/wp-content\/uploads\/2025\/02\/Anmeldung-Geschlossen-Slate_Rietz-300x300.jpg 300w, https:\/\/alpencupmx.eu\/wp-content\/uploads\/2025\/02\/Anmeldung-Geschlossen-Slate_Rietz-1024x1024.jpg 1024w, https:\/\/alpencupmx.eu\/wp-content\/uploads\/2025\/02\/Anmeldung-Geschlossen-Slate_Rietz-150x150.jpg 150w, https:\/\/alpencupmx.eu\/wp-content\/uploads\/2025\/02\/Anmeldung-Geschlossen-Slate_Rietz-768x768.jpg 768w, https:\/\/alpencupmx.eu\/wp-content\/uploads\/2025\/02\/Anmeldung-Geschlossen-Slate_Rietz-1536x1536.jpg 1536w, https:\/\/alpencupmx.eu\/wp-content\/uploads\/2025\/02\/Anmeldung-Geschlossen-Slate_Rietz-2048x2048.jpg 2048w, https:\/\/alpencupmx.eu\/wp-content\/uploads\/2025\/02\/Anmeldung-Geschlossen-Slate_Rietz-12x12.jpg 12w, https:\/\/alpencupmx.eu\/wp-content\/uploads\/2025\/02\/Anmeldung-Geschlossen-Slate_Rietz-140x140.jpg 140w, https:\/\/alpencupmx.eu\/wp-content\/uploads\/2025\/02\/Anmeldung-Geschlossen-Slate_Rietz-100x100.jpg 100w, https:\/\/alpencupmx.eu\/wp-content\/uploads\/2025\/02\/Anmeldung-Geschlossen-Slate_Rietz-500x500.jpg 500w, https:\/\/alpencupmx.eu\/wp-content\/uploads\/2025\/02\/Anmeldung-Geschlossen-Slate_Rietz-350x350.jpg 350w, https:\/\/alpencupmx.eu\/wp-content\/uploads\/2025\/02\/Anmeldung-Geschlossen-Slate_Rietz-1000x1000.jpg 1000w, https:\/\/alpencupmx.eu\/wp-content\/uploads\/2025\/02\/Anmeldung-Geschlossen-Slate_Rietz-800x800.jpg 800w, https:\/\/alpencupmx.eu\/wp-content\/uploads\/2025\/02\/Anmeldung-Geschlossen-Slate_Rietz-600x600.jpg 600w\" sizes=\"auto, (max-width: 2560px) 100vw, 2560px\" \/>\n          <\/div>\n        <\/div>\n        \n      <\/div>\n    <\/div>\n\t\t<\/div> \n\t<\/div>\n\t<\/div> \n\n\t<div  class=\"vc_col-sm-6 wpb_column column_container vc_column_container col child_column padding-2-percent inherit_tablet inherit_phone\"   data-padding-pos=\"all\" data-has-bg-color=\"false\" data-bg-color=\"\" data-bg-opacity=\"1\" data-animation=\"\" data-delay=\"0\" >\n\t\t<div class=\"vc_column-inner\" >\n\t\t<div class=\"wpb_wrapper\">\n\t\t\t\n<div class=\"wpb_text_column wpb_content_element\" >\n\t<p><span style=\"font-size: 14pt;\"><strong>NENNUNG &amp; NACHNENNUNG ONLINE <\/strong><\/span><span style=\"font-size: 14pt;\"><strong>&#8211; <span style=\"color: #ff0000;\">GESCHLOSSEN<\/span><\/strong><\/span><\/p>\n<p><span style=\"font-size: 14pt;\"><strong>NENNUNG VOR ORT<br \/>\n<\/strong><\/span><em>Nur f\u00fcr wenige Restpl\u00e4tze in den jeweiligen Klassen f\u00fcr Nachnennungspreis.<\/em><br \/>\n<em>Keine Garantie, das es freie Pl\u00e4tze gibt. Keine Diskussionen vor Ort!<\/em><span style=\"font-size: 14pt;\"><br \/>\n<\/span><\/p>\n<p><strong>SABATO<\/strong>\u00a050cc | 65cc | 85cc | MX2 | Anziani\/Gladiatori<br \/>\n<strong>DOMENICA<\/strong> motore: Ladies Cup |\u00a0 SUPER \/INTER\/ HOBBY<\/p>\n<p><span style=\"font-size: 14pt;\"><strong>ARRIVARCI<\/strong><\/span><em><br \/>\n<\/em>Possibile da venerd\u00ec pomeriggio.<br \/>\n<strong><span style=\"color: #ff0000;\">BITTE ENG PARKEN. ES WIRD SEHR VOLL!<br \/>\n\u00dcBER 500 ANMELDUNGEN<\/span><\/strong><\/p>\n<p><span style=\"font-size: 14pt;\"><strong>REGISTRAZIONE\/PAGAMENTI\/ACCETTAZIONE CARTACEA<\/strong><\/span><br \/>\nVENERD\u00cc: 18:00 \u2013 20:00<br \/>\nSABATO: 06:30 \u2013 08:00 | 18:00 \u2013 20:00<br \/>\nDOMENICA: 06:30 \u2013 08:00<\/p>\n<p><span style=\"font-size: 14pt;\"><strong>DISCLAIMER<\/strong><\/span><br \/>\nL'esclusione di responsabilit\u00e0 per <span style=\"text-decoration: underline;\">STAMPA TE STESSO<\/span> puoi trovare \u27a1\ufe0f\u00a0<a href=\"https:\/\/alpencupmx.eu\/wp-content\/uploads\/2025\/09\/Haftungsauschluss_2025_ITA.pdf\" target=\"_blank\" rel=\"noopener\"><strong>Qui<\/strong><\/a><br \/>\nVi preghiamo di stamparlo e di portarlo compilato con voi al momento della registrazione in loco.<br \/>\nIn questo modo risparmierai a te e ad altri inutili tempi di attesa al momento della registrazione e aiuterai il nostro team organizzativo.<br \/>\nDie Anmeldegeb\u00fchr f\u00fcr eure Rennen wird vor Ort in Bar entrichtet.<\/p>\n<p><span style=\"font-family: georgia, palatino, serif;\"><strong>NUMERI DI PARTENZA RISERVATI CON\/SENZA TRANSPONDER<br \/>\n<\/strong>Ogni pilota che ha prenotato in anticipo un numero di partenza con\/senza transponder,<br \/>\ndeve il suo <strong>numeri di partenza \u2013 conferma prenotazione<\/strong> (Biglietto con codice QR) <strong>portare con s\u00e9 alla registrazione<\/strong>!<\/span><\/p>\n<p><span style=\"font-size: 14pt;\"><strong>INDICAZIONI:<\/strong><\/span><\/p>\n<p><strong>????<\/strong><a href=\"https:\/\/www.google.com\/maps\/dir\/\/msc+rietz,+Delagoweg+7,+6421+Rietz,+%C3%96sterreich\/@47.296098,11.0491781,17z\/data=!4m9!4m8!1m0!1m5!1m1!1s0x479d1976fc4b441f:0x7b1bccf03204c2f8!2m2!1d11.051753!2d47.296098!3e0?entry=ttu\">Google Maps<\/a><\/p>\n<p><strong>????<\/strong><a href=\"https:\/\/maps.apple.com\/?ll=47.295724,11.049830&amp;q=Stecknadel&amp;t=m\" target=\"_blank\" rel=\"noopener\">Mappe di Apple<\/a><\/p>\n<\/div>\n\n\n\n\n\t\t<\/div> \n\t<\/div>\n\t<\/div> \n<\/div><\/div><div id=\"fws_69f2cb05af0af\" data-midnight=\"\" data-column-margin=\"default\" class=\"wpb_row vc_row-fluid vc_row inner_row\"  style=\"padding-top: 10px; \"><div class=\"row-bg-wrap\"> <div class=\"row-bg\" ><\/div> <\/div><div class=\"row_col_wrap_12_inner col span_12  left\">\n\t<div  class=\"vc_col-sm-12 wpb_column column_container vc_column_container col child_column centered-text has-animation no-extra-padding inherit_tablet inherit_phone\"   data-padding-pos=\"all\" data-has-bg-color=\"false\" data-bg-color=\"\" data-bg-opacity=\"1\" data-animation=\"fade-in-from-bottom\" data-delay=\"0\" >\n\t\t<div class=\"vc_column-inner\" >\n\t\t<div class=\"wpb_wrapper\">\n\t\t\t\n<div class=\"wpb_text_column wpb_content_element\" >\n\t<p style=\"text-align: left;\"><strong>Rietz ist auch in 2025 wieder &#8222;the place to be&#8220; f\u00fcr den Alpencup Auftakt. Jeder der diese immer top gepflegten Strecke in Rietz (AUT) kennt, f\u00e4hrt sicher gerne zur Saisonsstart ins malerischen Tirol. Der Verein versteht nach zig ausgetragenen Alpencups und \u00d6sterreichischen Staatsmeisterschaften genau worauf es ankommt, einen Top-Event f\u00fcr Fahrer und Zuschauer auszurichten.<\/strong><\/p>\n<p style=\"text-align: left;\">La pista lunga 1.300 m ha molto da offrire con step-up, step-down, washboard, doppi, tripli e tunnel jump ed \u00e8 sempre una garanzia per gare difficili<br \/>\nin uno scenario alpino.<\/p>\n<p style=\"text-align: left;\"><strong>Ulteriori informazioni sul percorso e sul club possono essere trovate qui:<\/strong> <a href=\"https:\/\/www.msc-rietz.at\/\">www.msc-rietz.at<\/a><\/p>\n<\/div>\n\n\n\n\n\t\t<\/div> \n\t<\/div>\n\t<\/div> \n<\/div><\/div>\n\t\t\t<\/div> \n\t\t\t<div id=\"tab-ergebnisse\" data-tab-icon=\"iconsmind-Trophy\" class=\"wpb_tab ui-tabs-panel wpb_ui-tabs-hide clearfix\"><span class=\"im-icon-wrap tab-icon\"><span><svg role=\"presentation\" version=\"1.1\" xmlns=\"http:\/\/www.w3.org\/2000\/svg\" width=\"32\" height=\"32\" viewbox=\"0 0 32 32\">\n        <path d=\"M15.999 18c-5.331 0-9.397-12.307-9.397-17.333 0-0.367 0.299-0.667 0.667-0.667h17.461c0.368 0 0.667 0.3 0.667 0.667 0 5.027-4.067 17.333-9.397 17.333zM7.956 1.333c0.32 5.268 4.196 15.333 8.043 15.333s7.723-10.065 8.043-15.333h-16.085zM8.887 15.252c-0.305 0-0.583-0.211-0.651-0.525-0.057-0.259-0.091-0.416 0.713-1.289-7.092-0.804-8.664-7.221-8.68-7.293-0.045-0.195 0.001-0.404 0.128-0.563 0.127-0.16 0.319-0.251 0.523-0.251h6.412c0.368 0 0.667 0.3 0.667 0.667s-0.299 0.669-0.667 0.669h-5.493c0.681 1.72 2.84 5.524 8.604 5.524 0.269 0 0.512 0.164 0.616 0.415s0.047 0.533-0.144 0.727c-1.071 1.073-1.351 1.432-1.416 1.527-0.083 0.191-0.251 0.339-0.469 0.385-0.048 0.007-0.096 0.008-0.143 0.008zM23.111 15.252c-0.047 0-0.093-0.005-0.143-0.017-0.216-0.048-0.385-0.195-0.469-0.387-0.064-0.088-0.345-0.452-1.416-1.527-0.192-0.192-0.249-0.475-0.144-0.727 0.104-0.249 0.347-0.412 0.616-0.412 5.704 0 7.897-3.809 8.595-5.524h-5.484c-0.367 0-0.667-0.301-0.667-0.667 0-0.368 0.3-0.667 0.667-0.667h6.415c0.201 0 0.396 0.089 0.524 0.251 0.127 0.16 0.173 0.367 0.128 0.565-0.016 0.071-1.585 6.489-8.68 7.292 0.805 0.875 0.771 1.028 0.713 1.289-0.071 0.319-0.348 0.529-0.655 0.529zM23.999 32h-16c-0.368 0-0.667-0.3-0.667-0.667v-4c0-0.367 0.299-0.667 0.667-0.667h16c0.367 0 0.667 0.3 0.667 0.667v4c0 0.367-0.3 0.667-0.667 0.667zM8.665 30.667h14.667v-2.667h-14.667v2.667zM9.999 27.333c-0.053 0-0.108-0.007-0.163-0.021-0.357-0.088-0.575-0.451-0.485-0.807l2.667-10.667c0.088-0.36 0.451-0.573 0.808-0.484 0.357 0.091 0.575 0.451 0.485 0.807l-2.667 10.667c-0.075 0.305-0.345 0.505-0.645 0.505zM21.999 27.333c-0.3 0-0.571-0.2-0.645-0.505l-2.665-10.667c-0.089-0.357 0.128-0.719 0.484-0.807 0.357-0.084 0.719 0.131 0.807 0.484l2.668 10.667c0.085 0.357-0.128 0.719-0.485 0.807-0.055 0.015-0.109 0.021-0.163 0.021z\"><\/path>\n        <\/svg><\/span><\/span>\n\t\t\t\t<div id=\"fws_69f2cb05b090e\" data-midnight=\"\" data-column-margin=\"default\" class=\"wpb_row vc_row-fluid vc_row inner_row\"  style=\"\"><div class=\"row-bg-wrap\"> <div class=\"row-bg\" ><\/div> <\/div><div class=\"row_col_wrap_12_inner col span_12  left\">\n\t<div  class=\"vc_col-sm-12 wpb_column column_container vc_column_container col child_column no-extra-padding inherit_tablet inherit_phone\"   data-padding-pos=\"all\" data-has-bg-color=\"false\" data-bg-color=\"\" data-bg-opacity=\"1\" data-animation=\"\" data-delay=\"0\" >\n\t\t<div class=\"vc_column-inner\" >\n\t\t<div class=\"wpb_wrapper\">\n\t\t\t\n<div class=\"wpb_text_column wpb_content_element\" >\n\t<p><em>Ergebnisse werden angezeigt, sobald die Veranstaltung beginnt am 05. April 2025.<\/em><\/p>\n<\/div>\n\n\n\n\n\t\t<\/div> \n\t<\/div>\n\t<\/div> \n<\/div><\/div><div id=\"fws_69f2cb05b16d6\" data-midnight=\"\" data-column-margin=\"default\" class=\"wpb_row vc_row-fluid vc_row inner_row\"  style=\"\"><div class=\"row-bg-wrap\"> <div class=\"row-bg\" ><\/div> <\/div><div class=\"row_col_wrap_12_inner col span_12  left\">\n\t<div  class=\"vc_col-sm-6 wpb_column column_container vc_column_container col child_column centered-text no-extra-padding inherit_tablet inherit_phone\"   data-padding-pos=\"all\" data-has-bg-color=\"false\" data-bg-color=\"\" data-bg-opacity=\"1\" data-animation=\"\" data-delay=\"0\" >\n\t\t<div class=\"vc_column-inner\" >\n\t\t<div class=\"wpb_wrapper\">\n\t\t\t\n<div class=\"wpb_text_column wpb_content_element\" >\n\t<p><span style=\"font-size: 14pt;\"><strong>ERGEBNISSE RIETZ &#8211; SAMSTAG &#8211; 05.04.2025<\/strong><\/span><br \/>\nCLASSI PER BAMBINI<br \/>\nMX2 \/ GIOVANI<br \/>\nSENIOR \/ GLADIATORI<\/p>\n<\/div>\n\n\n\n<a class=\"nectar-button jumbo regular accent-color has-icon  regular-button\"  role=\"button\" style=\"\" target=\"_blank\" href=\"https:\/\/alpencupmx.eu\/it_it\/rietz-2025\/ergebnisse-rietz-samstag\/\" data-color-override=\"false\" data-hover-color-override=\"false\" data-hover-text-color-override=\"#fff\"><span>RISULTATI SABATO<\/span><i  class=\"fa fa-trophy\"><\/i><\/a>\n\t\t<\/div> \n\t<\/div>\n\t<\/div> \n\n\t<div  class=\"vc_col-sm-6 wpb_column column_container vc_column_container col child_column centered-text no-extra-padding inherit_tablet inherit_phone\"   data-padding-pos=\"all\" data-has-bg-color=\"false\" data-bg-color=\"\" data-bg-opacity=\"1\" data-animation=\"\" data-delay=\"0\" >\n\t\t<div class=\"vc_column-inner\" >\n\t\t<div class=\"wpb_wrapper\">\n\t\t\t\n<div class=\"wpb_text_column wpb_content_element\" >\n\t<p><span style=\"font-size: 14pt;\"><strong>ERGEBNISSE &#8211; SONNTAG &#8211; 06.04.2025<\/strong><\/span><br \/>\nLADIES<\/p>\n<p>SUPER \/ INTER \/ HOBBY<\/p>\n<\/div>\n\n\n\n<a class=\"nectar-button jumbo regular accent-color has-icon  regular-button\"  role=\"button\" style=\"\" target=\"_blank\" href=\"https:\/\/alpencupmx.eu\/it_it\/rietz-2025\/ergebnisse-rietz-sonntag\/\" data-color-override=\"false\" data-hover-color-override=\"false\" data-hover-text-color-override=\"#fff\"><span>RISULTATI DOMENICA<\/span><i  class=\"fa fa-trophy\"><\/i><\/a>\n\t\t<\/div> \n\t<\/div>\n\t<\/div> \n<\/div><\/div>\n\t\t\t<\/div> \n\t\t\t<div id=\"tab-zeitplan\" data-tab-icon=\"iconsmind-Clock-Forward\" class=\"wpb_tab ui-tabs-panel wpb_ui-tabs-hide clearfix\"><span class=\"im-icon-wrap tab-icon\"><span><svg role=\"presentation\" version=\"1.1\" xmlns=\"http:\/\/www.w3.org\/2000\/svg\" width=\"32\" height=\"32\" viewbox=\"0 0 32 32\">\n        <path d=\"M12.491 7.667c5.889 0 10.667 4.776 10.667 10.667s-4.776 10.667-10.667 10.667c-5.891 0-10.667-4.776-10.667-10.667s4.776-10.667 10.667-10.667zM12.491 6.333c-6.616 0-12 5.383-12 12s5.384 12 12 12c6.616 0 12-5.383 12-12s-5.384-12-12-12v0zM28.489 19c-0.367 0-0.667-0.3-0.667-0.667 0-8.455-6.877-15.333-15.333-15.333-0.368 0-0.667-0.3-0.667-0.667s0.299-0.667 0.667-0.667c9.191 0 16.667 7.476 16.667 16.667 0 0.367-0.299 0.667-0.667 0.667zM28.489 19.333c-0.203 0-0.393-0.091-0.524-0.251l-3.456-4.333c-0.232-0.289-0.185-0.707 0.104-0.937 0.287-0.227 0.708-0.184 0.935 0.107l2.789 3.495 1.901-4.049c0.159-0.336 0.555-0.477 0.885-0.323 0.333 0.159 0.476 0.555 0.32 0.888l-2.355 5.021c-0.099 0.209-0.3 0.355-0.528 0.379-0.020 0.003-0.045 0.004-0.072 0.004zM12.491 19c-0.171 0-0.341-0.065-0.472-0.195-0.26-0.257-0.26-0.683 0-0.943l5.333-5.333c0.26-0.257 0.683-0.257 0.943 0 0.26 0.26 0.26 0.685 0 0.943l-5.333 5.333c-0.129 0.129-0.3 0.195-0.471 0.195zM12.491 19c-0.171 0-0.341-0.065-0.472-0.195l-4-4c-0.26-0.257-0.26-0.683 0-0.943 0.26-0.257 0.683-0.257 0.943 0l4 4c0.26 0.26 0.26 0.685 0 0.943-0.129 0.129-0.3 0.195-0.471 0.195z\"><\/path>\n        <\/svg><\/span><\/span>\n\t\t\t\t<div id=\"fws_69f2cb05b3ac1\" data-midnight=\"\" data-column-margin=\"default\" class=\"wpb_row vc_row-fluid vc_row inner_row\"  style=\"\"><div class=\"row-bg-wrap\"> <div class=\"row-bg\" ><\/div> <\/div><div class=\"row_col_wrap_12_inner col span_12  left\">\n\t<div  class=\"vc_col-sm-12 wpb_column column_container vc_column_container col child_column no-extra-padding inherit_tablet inherit_phone\"   data-padding-pos=\"all\" data-has-bg-color=\"false\" data-bg-color=\"\" data-bg-opacity=\"1\" data-animation=\"\" data-delay=\"0\" >\n\t\t<div class=\"vc_column-inner\" >\n\t\t<div class=\"wpb_wrapper\">\n\t\t\t\n<div class=\"wpb_text_column wpb_content_element\" >\n\t<p style=\"text-align: center;\"><span style=\"font-size: 16pt;\"><strong>ZEITPLAN SAMSTAG &#8211;\u00a03 GRUPPEN<\/strong><\/span><\/p>\n<\/div>\n\n\n\n\n\t\t<\/div> \n\t<\/div>\n\t<\/div> \n<\/div><\/div><div id=\"fws_69f2cb05b47b7\" data-midnight=\"\" data-column-margin=\"default\" class=\"wpb_row vc_row-fluid vc_row inner_row\"  style=\"\"><div class=\"row-bg-wrap\"> <div class=\"row-bg\" ><\/div> <\/div><div class=\"row_col_wrap_12_inner col span_12  left\">\n\t<div  class=\"vc_col-sm-12 wpb_column column_container vc_column_container col child_column no-extra-padding inherit_tablet inherit_phone\"   data-padding-pos=\"all\" data-has-bg-color=\"false\" data-bg-color=\"\" data-bg-opacity=\"1\" data-animation=\"\" data-delay=\"0\" >\n\t\t<div class=\"vc_column-inner\" >\n\t\t<div class=\"wpb_wrapper\">\n\t\t\t\n<div class=\"wpb_text_column wpb_content_element\" >\n\t<p><span style=\"font-size: 14pt;\"><strong>Programma sabato MX2 - 3 gruppi<\/strong><\/span><\/p>\n<table width=\"669\">\n<tbody>\n<tr>\n<td width=\"165\">08.00 \u2013 08.15<\/td>\n<td width=\"197\">85ccm<\/td>\n<td width=\"163\">Pratica libera<\/td>\n<td width=\"144\">12 minuti<\/td>\n<\/tr>\n<tr>\n<td>08.15 \u2013 08.28<\/td>\n<td>65ccm<\/td>\n<td>Pratica libera<\/td>\n<td>10 minuti<\/td>\n<\/tr>\n<tr>\n<td>08.28 \u2013 08.41<\/td>\n<td>50ccm<\/td>\n<td>Pratica libera<\/td>\n<td>10 minuti<\/td>\n<\/tr>\n<tr>\n<td>08.41 \u2013 08.55 Uhr<\/td>\n<td>Anziani\/Gladiatori<\/td>\n<td>Pratica libera<\/td>\n<td>15 minuti<\/td>\n<\/tr>\n<tr>\n<td>08.55 \u2013 09.10 Uhr<\/td>\n<td>MX2 Under 17<\/td>\n<td>Pratica libera<\/td>\n<td>15 minuti<\/td>\n<\/tr>\n<tr>\n<td>09.10 \u2013 09.25 Uhr<\/td>\n<td>MX2<\/td>\n<td>Pratica libera<\/td>\n<td>15 minuti<\/td>\n<\/tr>\n<tr>\n<td>09.25 \u2013 09.40 Uhr<\/td>\n<td>MX2<\/td>\n<td>qualificazione<\/td>\n<td>15 minuti<\/td>\n<\/tr>\n<tr>\n<td>09.45 \u2013 10.00 Uhr<\/td>\n<td>85ccm<\/td>\n<td>qualificazione<\/td>\n<td>15 minuti<\/td>\n<\/tr>\n<tr>\n<td>10.00 \u2013 10.13 Uhr<\/td>\n<td>65ccm<\/td>\n<td>qualificazione<\/td>\n<td>13 Min<\/td>\n<\/tr>\n<tr>\n<td>10.13 \u2013 10.25 Uhr<\/td>\n<td>50ccm<\/td>\n<td>qualificazione<\/td>\n<td>10 minuti<\/td>\n<\/tr>\n<tr>\n<td>10.25 \u2013 10.40 Uhr<\/td>\n<td>Anziani\/Gladiatori<\/td>\n<td>qualificazione<\/td>\n<td>15 minuti<\/td>\n<\/tr>\n<tr>\n<td>10.40 \u2013 10.55 Uhr<\/td>\n<td>MX2 Under 17<\/td>\n<td>qualificazione<\/td>\n<td>15 minuti<\/td>\n<\/tr>\n<tr>\n<td>10.55 \u2013 11.10 Uhr<\/td>\n<td>MX2 &#8211; Hobby B<\/td>\n<td>qualificazione<\/td>\n<td>15 minuti<\/td>\n<\/tr>\n<tr>\n<td>11.10 &#8211; 11.25<\/td>\n<td>MX2 &#8211; Hobby A<\/td>\n<td>qualificazione<\/td>\n<td>15 minuti<\/td>\n<\/tr>\n<tr>\n<td>11.25 &#8211; 11.40<\/td>\n<td>MX2 &#8211; Sport<\/td>\n<td>qualificazione<\/td>\n<td>15 minuti<\/td>\n<\/tr>\n<\/tbody>\n<\/table>\n<p><strong>PAUSA PRANZO<\/strong><\/p>\n<table width=\"669\">\n<tbody>\n<tr>\n<td width=\"165\">12.30 \u2013 12.45 Uhr<\/td>\n<td width=\"197\">85ccm<\/td>\n<td width=\"163\">1 gara<\/td>\n<td width=\"144\">10 minuti + 2 giri<\/td>\n<\/tr>\n<tr>\n<td>12.50 \u2013 13.05 Uhr<\/td>\n<td>65ccm<\/td>\n<td>1 gara<\/td>\n<td>10 minuti + 2 giri<\/td>\n<\/tr>\n<tr>\n<td>13.05 &#8211; 13.15 Uhr<\/td>\n<td>50ccm<\/td>\n<td>1 gara<\/td>\n<td>10 minuti + 2 giri<\/td>\n<\/tr>\n<tr>\n<td>13.15 \u2013 13.35 Uhr<\/td>\n<td>Anziani\/Gladiatori<\/td>\n<td>1 gara<\/td>\n<td>12 minuti + 2 giri<\/td>\n<\/tr>\n<tr>\n<td>13.35 \u2013 13.55 Uhr<\/td>\n<td>MX2 Under 17<\/td>\n<td>1 gara<\/td>\n<td>12 minuti + 2 giri<\/td>\n<\/tr>\n<tr>\n<td>13.55 \u2013 14.10 Uhr<\/td>\n<td>MX2 &#8211; Hobby B<\/td>\n<td>1 gara<\/td>\n<td>12 minuti + 2 giri<\/td>\n<\/tr>\n<tr>\n<td>14.15 &#8211; 14.35 Uhr<\/td>\n<td>MX2 &#8211; Hobby A<\/td>\n<td>1 gara<\/td>\n<td>12 minuti + 2 giri<\/td>\n<\/tr>\n<tr>\n<td>14.35 &#8211; 14.55 Uhr<\/td>\n<td>MX2 &#8211; Sport<\/td>\n<td>1 gara<\/td>\n<td>15 minuti + 2 giri<\/td>\n<\/tr>\n<\/tbody>\n<\/table>\n<p><strong>ROTTURA<\/strong><\/p>\n<table width=\"669\">\n<tbody>\n<tr>\n<td width=\"165\">15.15 \u2013 15.35 Uhr<\/td>\n<td width=\"197\">85ccm<\/td>\n<td width=\"163\">2 gara<\/td>\n<td width=\"144\">12 minuti + 2 giri<\/td>\n<\/tr>\n<tr>\n<td>15.35 \u2013 15.50 Uhr<\/td>\n<td>65ccm<\/td>\n<td>2 gara<\/td>\n<td>10 minuti + 2 giri<\/td>\n<\/tr>\n<tr>\n<td>15.50 \u2013 16.05<\/td>\n<td>50ccm<\/td>\n<td>2 gara<\/td>\n<td>10 minuti + 2 giri<\/td>\n<\/tr>\n<tr>\n<td>16.05 &#8211; 16.25 Uhr<\/td>\n<td>Anziani\/Gladiatori<\/td>\n<td>2 gara<\/td>\n<td>12 minuti + 2 giri<\/td>\n<\/tr>\n<tr>\n<td>16.25 \u2013 16.45 Uhr<\/td>\n<td>MX2 Under 17<\/td>\n<td>2 gara<\/td>\n<td>12 minuti + 2 giri<\/td>\n<\/tr>\n<tr>\n<td>16.55 \u2013 17.05 Uhr<\/td>\n<td>MX2 &#8211; Hobby B<\/td>\n<td>2 gara<\/td>\n<td>12 minuti + 2 giri<\/td>\n<\/tr>\n<tr>\n<td>17.05 \u2013 17.30 Uhr<\/td>\n<td>MX2 &#8211; Hobby A<\/td>\n<td>2 gara<\/td>\n<td>12 minuti + 2 giri<\/td>\n<\/tr>\n<tr>\n<td>17.30 \u2013 17.50 Uhr<\/td>\n<td>MX2 &#8211; Sport<\/td>\n<td>\u00a02 gara<\/td>\n<td>15 minuti + 2 giri<\/td>\n<\/tr>\n<\/tbody>\n<\/table>\n<\/div>\n\n\n\n\n\t\t<\/div> \n\t<\/div>\n\t<\/div> \n<\/div><\/div><div class=\"divider-wrap\" data-alignment=\"default\"><div style=\"margin-top: 50px; height: 5px; margin-bottom: 50px;\" data-width=\"100%\" data-animate=\"\" data-animation-delay=\"\" data-color=\"default\" class=\"divider-border\"><\/div><\/div><div id=\"fws_69f2cb05b5888\" data-midnight=\"\" data-column-margin=\"default\" class=\"wpb_row vc_row-fluid vc_row inner_row\"  style=\"\"><div class=\"row-bg-wrap\"> <div class=\"row-bg\" ><\/div> <\/div><div class=\"row_col_wrap_12_inner col span_12  left\">\n\t<div  class=\"vc_col-sm-12 wpb_column column_container vc_column_container col child_column no-extra-padding inherit_tablet inherit_phone\"   data-padding-pos=\"all\" data-has-bg-color=\"false\" data-bg-color=\"\" data-bg-opacity=\"1\" data-animation=\"\" data-delay=\"0\" >\n\t\t<div class=\"vc_column-inner\" >\n\t\t<div class=\"wpb_wrapper\">\n\t\t\t\n<div class=\"wpb_text_column wpb_content_element\" >\n\t<p style=\"text-align: center;\"><span style=\"font-size: 18pt;\"><strong>PROGRAMMA DELLA DOMENICA<\/strong><\/span><\/p>\n<p style=\"text-align: center;\"><span style=\"color: #ff0000;\"><strong><em>Provvisorio \u2013 Gli orari potranno essere modificati se necessario.<\/em><\/strong><\/span><br \/>\n<span style=\"color: #ff0000;\"><strong><em>Aktuell (Stand 3. April) sieht es nach der Variante 5 Gruppen aus.<\/em><\/strong><\/span><\/p>\n<\/div>\n\n\n\n\n\t\t<\/div> \n\t<\/div>\n\t<\/div> \n<\/div><\/div><div id=\"fws_69f2cb05b64a1\" data-midnight=\"\" data-column-margin=\"default\" class=\"wpb_row vc_row-fluid vc_row inner_row\"  style=\"\"><div class=\"row-bg-wrap\"> <div class=\"row-bg\" ><\/div> <\/div><div class=\"row_col_wrap_12_inner col span_12  left\">\n\t<div  class=\"vc_col-sm-12 wpb_column column_container vc_column_container col child_column no-extra-padding inherit_tablet inherit_phone\"   data-padding-pos=\"all\" data-has-bg-color=\"false\" data-bg-color=\"\" data-bg-opacity=\"1\" data-animation=\"\" data-delay=\"0\" >\n\t\t<div class=\"vc_column-inner\" >\n\t\t<div class=\"wpb_wrapper\">\n\t\t\t\n<div class=\"wpb_text_column wpb_content_element\" >\n\t<table width=\"679\">\n<tbody>\n<tr>\n<td width=\"287\">08.00 \u2013 08.15<\/td>\n<td width=\"152\">Ladys Cup<\/td>\n<td width=\"107\">Pratica libera<\/td>\n<td width=\"133\">12 minuti<\/td>\n<\/tr>\n<tr>\n<td>08.15 \u2013 08.35<\/td>\n<td>Super \/ Inter \/ Hobby<\/td>\n<td>Pratica libera<\/td>\n<td>15 minuti<\/td>\n<\/tr>\n<tr>\n<td>08.35 \u2013 08.55<\/td>\n<td>Super \/ Inter \/ Hobby<\/td>\n<td>Pratica libera<\/td>\n<td>15 minuti<\/td>\n<\/tr>\n<tr>\n<td>08.55 \u2013 09.15<\/td>\n<td>Super \/ Inter \/ Hobby<\/td>\n<td>Pratica libera<\/td>\n<td>15 minuti<\/td>\n<\/tr>\n<tr>\n<td>09.15 \u2013 09.35<\/td>\n<td>Super \/ Inter \/ Hobby<\/td>\n<td>Pratica libera<\/td>\n<td>15 minuti<\/td>\n<\/tr>\n<tr>\n<td>09.35 \u2013 09.55<\/td>\n<td>Super \/ Inter \/ Hobby<\/td>\n<td>Pratica libera<\/td>\n<td>15 minuti<\/td>\n<\/tr>\n<tr>\n<td>09.55 \u2013 10.10<\/td>\n<td>Ladys Cup<\/td>\n<td>qualificazione<\/td>\n<td>12 minuti<\/td>\n<\/tr>\n<tr>\n<td>10.10 \u2013 10.30<\/td>\n<td>Super \/ Inter \/ Hobby<\/td>\n<td>qualificazione<\/td>\n<td>15 minuti<\/td>\n<\/tr>\n<tr>\n<td>10.30 \u2013 10.50<\/td>\n<td>Super \/ Inter \/ Hobby<\/td>\n<td>qualificazione<\/td>\n<td>15 minuti<\/td>\n<\/tr>\n<tr>\n<td>10.50 \u2013 11.10<\/td>\n<td>Super \/ Inter \/ Hobby<\/td>\n<td>qualificazione<\/td>\n<td>15 minuti<\/td>\n<\/tr>\n<tr>\n<td>11.10 \u2013 11.30<\/td>\n<td>Super \/ Inter \/ Hobby<\/td>\n<td>qualificazione<\/td>\n<td>15 minuti<\/td>\n<\/tr>\n<tr>\n<td>11.30 \u2013 11.50<\/td>\n<td>Super \/ Inter \/ Hobby<\/td>\n<td>qualificazione<\/td>\n<td>15 minuti<\/td>\n<\/tr>\n<\/tbody>\n<\/table>\n<p><strong>PAUSA PRANZO<\/strong><\/p>\n<table width=\"679\">\n<tbody>\n<tr>\n<td width=\"287\">12.45 \u2013 13.05 Uhr<\/td>\n<td width=\"152\">Hobby C<\/td>\n<td width=\"107\">1 gara<\/td>\n<td width=\"133\">12 minuti + 2 giri<\/td>\n<\/tr>\n<tr>\n<td>13.05 \u2013 13.25 Uhr<\/td>\n<td>Ladies Cup<\/td>\n<td>1 gara<\/td>\n<td>12 minuti + 2 giri<\/td>\n<\/tr>\n<tr>\n<td>13.25 \u2013 13.45 Uhr<\/td>\n<td>Hobby B<\/td>\n<td>1 gara<\/td>\n<td>12 minuti + 2 giri<\/td>\n<\/tr>\n<tr>\n<td>13.45 \u2013 14.05 Uhr<\/td>\n<td>Hobby A<\/td>\n<td>1 gara<\/td>\n<td>12 minuti + 2 giri<\/td>\n<\/tr>\n<tr>\n<td>14.05 &#8211; 14.25 Uhr<\/td>\n<td>Inter Class<\/td>\n<td>1 gara<\/td>\n<td>15 minuti + 2 giri<\/td>\n<\/tr>\n<tr>\n<td>14.25 &#8211; 14.50 Uhr<\/td>\n<td>Super Class<\/td>\n<td>1 gara<\/td>\n<td>20 minute + 2 giri<\/td>\n<\/tr>\n<\/tbody>\n<\/table>\n<p><strong>PAUSE &#8211; STRECKENARBEITEN<\/strong><\/p>\n<table width=\"766\">\n<tbody>\n<tr>\n<td width=\"287\">15.20 \u2013 15.40<\/td>\n<td width=\"152\">Hobby C<\/td>\n<td width=\"107\">2 gara<\/td>\n<td width=\"133\">12 minuti + 2 giri<\/td>\n<td width=\"87\"><\/td>\n<\/tr>\n<tr>\n<td>15.45 \u2013 16.05 Uhr<\/td>\n<td>Ladies Cup<\/td>\n<td>2 gara<\/td>\n<td>12 minuti + 2 giri<\/td>\n<td><\/td>\n<\/tr>\n<tr>\n<td>16.05 &#8211; 16.25 Uhr<\/td>\n<td>Hobby B<\/td>\n<td>2 gara<\/td>\n<td>12 minuti + 2 giri<\/td>\n<td><\/td>\n<\/tr>\n<tr>\n<td>16.25 \u2013 16.45<\/td>\n<td>Hobby A<\/td>\n<td>2 gara<\/td>\n<td>12 minuti + 2 giri<\/td>\n<td><\/td>\n<\/tr>\n<tr>\n<td>16.45 &#8211; 17.05 Uhr<\/td>\n<td>Inter Class<\/td>\n<td>2 gara<\/td>\n<td>15 minuti + 2 giri<\/td>\n<td><\/td>\n<\/tr>\n<tr>\n<td>17.05 \u2013 17.30 Uhr<\/td>\n<td>Super Class<\/td>\n<td>2 gara<\/td>\n<td>20 minute + 2 giri<\/td>\n<td><\/td>\n<\/tr>\n<\/tbody>\n<\/table>\n<\/div>\n\n\n\n\n\t\t<\/div> \n\t<\/div>\n\t<\/div> \n<\/div><\/div>\n\t\t\t<\/div> \n\t\t\t<div id=\"tab-strecke\" data-tab-icon=\"iconsmind-Map2\" class=\"wpb_tab ui-tabs-panel wpb_ui-tabs-hide clearfix\"><span class=\"im-icon-wrap tab-icon\"><span><svg role=\"presentation\" version=\"1.1\" xmlns=\"http:\/\/www.w3.org\/2000\/svg\" width=\"32\" height=\"32\" viewbox=\"0 0 32 32\">\n        <path d=\"M31.333 29.976c-0.055 0-0.108-0.005-0.161-0.021l-10.505-2.624-10.505 2.625c-0.113 0.028-0.233 0.027-0.344-0.005l-9.333-2.667c-0.287-0.084-0.484-0.344-0.484-0.641v-16c0-0.209 0.099-0.407 0.265-0.532 0.167-0.124 0.385-0.165 0.584-0.108l9.163 2.617 3.453-0.863c0.353-0.093 0.719 0.127 0.808 0.485 0.089 0.357-0.128 0.719-0.485 0.808l-3.627 0.907c-0.113 0.029-0.233 0.027-0.344-0.005l-8.484-2.424v14.612l8.679 2.479 10.493-2.625c0.105-0.027 0.217-0.027 0.323 0l9.839 2.463v-14.624l-6.697-1.675c-0.357-0.089-0.575-0.451-0.484-0.808 0.087-0.359 0.449-0.579 0.807-0.485l7.203 1.801c0.297 0.075 0.505 0.34 0.505 0.647v16c0 0.203-0.095 0.399-0.255 0.527-0.12 0.091-0.267 0.137-0.412 0.137zM18.688 19.013c-0.137 0-0.273-0.041-0.391-0.128-0.255-0.188-6.261-4.607-6.261-10.228 0-3.721 2.921-6.635 6.652-6.635 3.732 0 6.652 2.915 6.652 6.635 0 5.621-6.005 10.044-6.261 10.228-0.115 0.087-0.253 0.128-0.391 0.128zM18.688 3.357c-2.983 0-5.319 2.329-5.319 5.301 0 4.168 4.029 7.791 5.319 8.841 1.289-1.055 5.319-4.672 5.319-8.841 0-2.972-2.337-5.301-5.319-5.301zM18.688 11.309c-1.471 0-2.667-1.196-2.667-2.667s1.196-2.667 2.667-2.667c1.472 0 2.667 1.196 2.667 2.667s-1.196 2.667-2.667 2.667zM18.688 7.309c-0.735 0-1.333 0.599-1.333 1.333s0.599 1.333 1.333 1.333 1.333-0.599 1.333-1.333-0.6-1.333-1.333-1.333zM10 29.309c-0.368 0-0.667-0.3-0.667-0.667v-14.667c0-0.368 0.299-0.667 0.667-0.667s0.667 0.299 0.667 0.667v14.667c0 0.368-0.299 0.667-0.667 0.667zM20.667 26.643c-0.367 0-0.667-0.3-0.667-0.667v-9.333c0-0.367 0.3-0.667 0.667-0.667s0.667 0.3 0.667 0.667v9.333c0 0.368-0.3 0.667-0.667 0.667z\"><\/path>\n        <\/svg><\/span><\/span>\n\t\t\t\t<div class=\"nectar_image_with_hotspots\" data-stlye=\"color_pulse\" data-hotspot-icon=\"plus_sign\" data-size=\"medium\" data-color=\"extra-color-2\" data-tooltip-func=\"hover\" data-tooltip_shadow=\"small_depth\" data-animation=\"\"><img loading=\"lazy\" decoding=\"async\" width=\"1500\" height=\"1125\" src=\"https:\/\/alpencupmx.eu\/wp-content\/uploads\/2024\/04\/DJI_0180-small.jpg\" class=\"attachment-full size-full\" alt=\"Alpencup MX Rietz 2024 - Strecke Luftbild (1500px breit)\" srcset=\"https:\/\/alpencupmx.eu\/wp-content\/uploads\/2024\/04\/DJI_0180-small.jpg 1500w, https:\/\/alpencupmx.eu\/wp-content\/uploads\/2024\/04\/DJI_0180-small-600x450.jpg 600w, https:\/\/alpencupmx.eu\/wp-content\/uploads\/2024\/04\/DJI_0180-small-300x225.jpg 300w, https:\/\/alpencupmx.eu\/wp-content\/uploads\/2024\/04\/DJI_0180-small-1024x768.jpg 1024w, https:\/\/alpencupmx.eu\/wp-content\/uploads\/2024\/04\/DJI_0180-small-768x576.jpg 768w, https:\/\/alpencupmx.eu\/wp-content\/uploads\/2024\/04\/DJI_0180-small-16x12.jpg 16w\" sizes=\"auto, (max-width: 1500px) 100vw, 1500px\" \/><div class=\"nectar_hotspot_wrap\" style=\"top: 74.7405%; left: 7.06381%;\"><div class=\"nectar_hotspot\"><span><\/span><\/div><div class=\"nttip\" data-tooltip-position=\"top\"><div class=\"inner\">Kurve 1<\/div><\/div><\/div><div class=\"nectar_hotspot_wrap\" style=\"top: 52.7454%; left: 26.2061%;\"><div class=\"nectar_hotspot\"><span><\/span><\/div><div class=\"nttip\" data-tooltip-position=\"top\"><div class=\"inner\">Kurve 2<\/div><\/div><\/div><div class=\"nectar_hotspot_wrap\" style=\"top: 55.176%; left: 81.1232%;\"><div class=\"nectar_hotspot\"><span><\/span><\/div><div class=\"nttip\" data-tooltip-position=\"top\"><div class=\"inner\">Kurve 3<\/div><\/div><\/div><div class=\"nectar_hotspot_wrap\" style=\"top: 75.1275%; left: 92.137%;\"><div class=\"nectar_hotspot\"><span><\/span><\/div><div class=\"nttip\" data-tooltip-position=\"top\"><div class=\"inner\">Kurve 4<\/div><\/div><\/div><div class=\"nectar_hotspot_wrap\" style=\"top: 65.6075%; left: 65.7039%;\"><div class=\"nectar_hotspot\"><span><\/span><\/div><div class=\"nttip\" data-tooltip-position=\"top\"><div class=\"inner\">Kurve 5<\/div><\/div><\/div><div class=\"nectar_hotspot_wrap\" style=\"top: 64.8986%; left: 26.1302%;\"><div class=\"nectar_hotspot\"><span><\/span><\/div><div class=\"nttip\" data-tooltip-position=\"top\"><div class=\"inner\">Kurve 6<\/div><\/div><\/div><div class=\"nectar_hotspot_wrap\" style=\"top: 67.9369%; left: 83.1741%;\"><div class=\"nectar_hotspot\"><span><\/span><\/div><div class=\"nttip\" data-tooltip-position=\"top\"><div class=\"inner\">Kurve 7<\/div><\/div><\/div><div class=\"nectar_hotspot_wrap\" style=\"top: 56.1878%; left: 21.7999%;\"><div class=\"nectar_hotspot\"><span><\/span><\/div><div class=\"nttip\" data-tooltip-position=\"top\"><div class=\"inner\">Kurve 8<\/div><\/div><\/div><div class=\"nectar_hotspot_wrap\" style=\"top: 74.9247%; left: 18.534%;\"><div class=\"nectar_hotspot\"><span><\/span><\/div><div class=\"nttip\" data-tooltip-position=\"top\"><div class=\"inner\">Kurve 8<\/div><\/div><\/div><div class=\"nectar_hotspot_wrap\" style=\"top: 72.0892%; left: 67.5269%;\"><div class=\"nectar_hotspot\"><span><\/span><\/div><div class=\"nttip\" data-tooltip-position=\"top\"><div class=\"inner\">Kurve 9<\/div><\/div><\/div><div class=\"nectar_hotspot_wrap\" style=\"top: 72.8994%; left: 58.0322%;\"><div class=\"nectar_hotspot\"><span><\/span><\/div><div class=\"nttip\" data-tooltip-position=\"top\"><div class=\"inner\">Kurve 10<\/div><\/div><\/div><div class=\"nectar_hotspot_wrap\" style=\"top: 76.5454%; left: 98.0617%;\"><div class=\"nectar_hotspot\"><span><\/span><\/div><div class=\"nttip\" data-tooltip-position=\"top\"><div class=\"inner\">Kurve 11<\/div><\/div><\/div><div class=\"nectar_hotspot_wrap\" style=\"top: 37.4523%; left: 73.3748%;\"><div class=\"nectar_hotspot\"><span><\/span><\/div><div class=\"nttip\" data-tooltip-position=\"top\"><div class=\"inner\">Kurve 12<\/div><\/div><\/div><div class=\"nectar_hotspot_wrap\" style=\"top: 50.6175%; left: 78.0083%;\"><div class=\"nectar_hotspot\"><span><\/span><\/div><div class=\"nttip\" data-tooltip-position=\"top\"><div class=\"inner\">Kurve 14<\/div><\/div><\/div><div class=\"nectar_hotspot_wrap\" style=\"top: 48.6934%; left: 27.117%;\"><div class=\"nectar_hotspot\"><span><\/span><\/div><div class=\"nttip\" data-tooltip-position=\"top\"><div class=\"inner\">Kurve 15<\/div><\/div><\/div><div class=\"nectar_hotspot_wrap\" style=\"top: 49.3012%; left: 14.0521%;\"><div class=\"nectar_hotspot\"><span><\/span><\/div><div class=\"nttip\" data-tooltip-position=\"top\"><div class=\"inner\">START<\/div><\/div><\/div><div class=\"nectar_hotspot_wrap\" style=\"top: 71.8677%; left: 30.0031%;\"><div class=\"nectar_hotspot\"><span><\/span><\/div><div class=\"nttip\" data-tooltip-position=\"top\"><div class=\"inner\">ZIEL <\/div><\/div><\/div><\/div>\n\t\t\t<\/div> \n\t\t\t<div id=\"tab-fahrerliste\" data-tab-icon=\"iconsmind-User\" class=\"wpb_tab ui-tabs-panel wpb_ui-tabs-hide clearfix\"><span class=\"im-icon-wrap tab-icon\"><span><svg role=\"presentation\" version=\"1.1\" xmlns=\"http:\/\/www.w3.org\/2000\/svg\" width=\"32\" height=\"32\" viewbox=\"0 0 32 32\">\n        <path d=\"M11.391 25.221c-0.028 0-0.057 0-0.087-0.005-0.209-0.028-0.393-0.151-0.496-0.336l-4.467-8.031c-0.179-0.323-0.063-0.728 0.259-0.908 0.323-0.177 0.728-0.063 0.907 0.256l4.029 7.248 3.985-4.128c0.256-0.263 0.68-0.271 0.943-0.019 0.264 0.255 0.272 0.677 0.017 0.943l-4.611 4.773c-0.127 0.136-0.301 0.207-0.48 0.207zM20.609 25.221c-0.18 0-0.353-0.073-0.479-0.2l-4.609-4.773c-0.255-0.265-0.248-0.691 0.017-0.943 0.264-0.255 0.688-0.251 0.943 0.016l3.984 4.128 4.029-7.247c0.177-0.32 0.584-0.437 0.907-0.256 0.32 0.179 0.437 0.584 0.257 0.907l-4.467 8.031c-0.103 0.188-0.287 0.307-0.496 0.339-0.027-0.001-0.057-0.001-0.087-0.001zM16 20.448c-4.507 0-8.164-7.031-8.164-11.619 0-4.503 3.663-8.164 8.164-8.164 4.5 0 8.161 3.661 8.161 8.164 0 4.588-3.656 11.619-8.161 11.619zM16 1.999c-3.767 0-6.831 3.063-6.831 6.831 0 3.873 3.193 10.285 6.831 10.285s6.828-6.412 6.828-10.285c0-3.768-3.063-6.831-6.828-6.831zM19.779 31.331c-0.591 0-1.2-0.003-1.825-0.008l-1.951-0.008-1.952 0.008c-5.027 0.044-9 0.057-10.987-1.917-0.813-0.807-1.225-1.917-1.225-3.284 0-3.528 2.871-9.383 7.507-12.684l0.773 1.084c-4.156 2.959-6.947 8.387-6.947 11.597 0 1.016 0.272 1.781 0.832 2.336 1.595 1.584 5.511 1.557 10.039 1.528l1.96-0.008 1.959 0.008c4.531 0.031 8.443 0.055 10.036-1.528 0.56-0.557 0.831-1.323 0.831-2.339 0-3.211-2.791-8.639-6.945-11.597l0.773-1.084c4.636 3.301 7.505 9.153 7.505 12.684 0 1.369-0.412 2.473-1.224 3.284-1.743 1.733-5.003 1.928-9.159 1.928z\"><\/path>\n        <\/svg><\/span><\/span>\n\t\t\t\t<div id=\"fws_69f2cb05bb753\" data-midnight=\"\" data-column-margin=\"default\" class=\"wpb_row vc_row-fluid vc_row inner_row\"  style=\"\"><div class=\"row-bg-wrap\"> <div class=\"row-bg\" ><\/div> <\/div><div class=\"row_col_wrap_12_inner col span_12  left\">\n\t<div  class=\"vc_col-sm-6 wpb_column column_container vc_column_container col child_column centered-text no-extra-padding inherit_tablet inherit_phone\"   data-padding-pos=\"all\" data-has-bg-color=\"false\" data-bg-color=\"\" data-bg-opacity=\"1\" data-animation=\"\" data-delay=\"0\" >\n\t\t<div class=\"vc_column-inner\" >\n\t\t<div class=\"wpb_wrapper\">\n\t\t\t\n<div class=\"wpb_text_column wpb_content_element\" >\n\t<p><span style=\"font-size: 14pt;\"><strong>FAHRER RIETZ &#8211; SAMSTAG &#8211; 05.04.2025<\/strong><\/span><br \/>\nCLASSI PER BAMBINI<br \/>\nMX2 \/ GIOVANI<br \/>\nSENIOR \/ GLADIATORI<\/p>\n<\/div>\n\n\n\n<a class=\"nectar-button jumbo regular accent-color has-icon  regular-button\"  role=\"button\" style=\"\" target=\"_blank\" href=\"https:\/\/alpencupmx.eu\/it_it\/rietz-2024\/fahrer-rietz-samstag\/\" data-color-override=\"false\" data-hover-color-override=\"false\" data-hover-text-color-override=\"#fff\"><span>PILOTA SABATO<\/span><i  class=\"fa fa-users\"><\/i><\/a>\n\t\t<\/div> \n\t<\/div>\n\t<\/div> \n\n\t<div  class=\"vc_col-sm-6 wpb_column column_container vc_column_container col child_column centered-text no-extra-padding inherit_tablet inherit_phone\"   data-padding-pos=\"all\" data-has-bg-color=\"false\" data-bg-color=\"\" data-bg-opacity=\"1\" data-animation=\"\" data-delay=\"0\" >\n\t\t<div class=\"vc_column-inner\" >\n\t\t<div class=\"wpb_wrapper\">\n\t\t\t\n<div class=\"wpb_text_column wpb_content_element\" >\n\t<p><span style=\"font-size: 14pt;\"><strong>FAHRER RIETZ &#8211; SONNTAG &#8211; 06.04.2025<\/strong><\/span><br \/>\nLADIES<\/p>\n<p>SUPER \/ INTER \/ HOBBY<\/p>\n<\/div>\n\n\n\n<a class=\"nectar-button jumbo regular accent-color has-icon  regular-button\"  role=\"button\" style=\"\" target=\"_blank\" href=\"https:\/\/alpencupmx.eu\/it_it\/rietz-2024\/fahrer-rietz-sonntag\/\" data-color-override=\"false\" data-hover-color-override=\"false\" data-hover-text-color-override=\"#fff\"><span>PILOTA DOMENICA<\/span><i  class=\"fa fa-users\"><\/i><\/a>\n\t\t<\/div> \n\t<\/div>\n\t<\/div> \n<\/div><\/div>\n\t\t\t<\/div> \n\t\t<\/div> \n\t<\/div> <div id=\"fws_69f2cb05bdded\" data-midnight=\"\" data-column-margin=\"default\" class=\"wpb_row vc_row-fluid vc_row inner_row\"  style=\"\"><div class=\"row-bg-wrap\"> <div class=\"row-bg\" ><\/div> <\/div><div class=\"row_col_wrap_12_inner col span_12  left\">\n\t<div  class=\"vc_col-sm-2 wpb_column column_container vc_column_container col child_column no-extra-padding inherit_tablet inherit_phone\"   data-padding-pos=\"all\" data-has-bg-color=\"false\" data-bg-color=\"\" data-bg-opacity=\"1\" data-animation=\"\" data-delay=\"0\" >\n\t\t<div class=\"vc_column-inner\" >\n\t\t<div class=\"wpb_wrapper\">\n\t\t\t\n\t\t<\/div> \n\t<\/div>\n\t<\/div> \n\n\t<div  class=\"vc_col-sm-8 wpb_column column_container vc_column_container col child_column no-extra-padding inherit_tablet inherit_phone\"   data-padding-pos=\"all\" data-has-bg-color=\"false\" data-bg-color=\"\" data-bg-opacity=\"1\" data-animation=\"\" data-delay=\"0\" >\n\t\t<div class=\"vc_column-inner\" >\n\t\t<div class=\"wpb_wrapper\">\n\t\t\t<div class=\"divider-wrap\" data-alignment=\"default\"><div style=\"height: 45px;\" class=\"divider\"><\/div><\/div>\n<div class=\"wpb_text_column wpb_content_element\" >\n\t<p style=\"text-align: center;\"><strong><span style=\"font-size: 18pt;\">Lokale Partner Rietz<\/span><\/strong><\/p>\n<\/div>\n\n\n\n\n\t\t<\/div> \n\t<\/div>\n\t<\/div> \n\n\t<div  class=\"vc_col-sm-2 wpb_column column_container vc_column_container col child_column no-extra-padding inherit_tablet inherit_phone\"   data-padding-pos=\"all\" data-has-bg-color=\"false\" data-bg-color=\"\" data-bg-opacity=\"1\" data-animation=\"\" data-delay=\"0\" >\n\t\t<div class=\"vc_column-inner\" >\n\t\t<div class=\"wpb_wrapper\">\n\t\t\t\n\t\t<\/div> \n\t<\/div>\n\t<\/div> \n<\/div><\/div>\t\n\t\t\n\t<div class=\"clients no-carousel four-cols fade-in-animation\" data-he=\"greyscale_to_color\" data-additional_padding=\"3\">\n\t\t\t<div><a href=\"https:\/\/www.arboe.at\/\" target=\"_blank\">\n\t\t<img loading=\"lazy\" decoding=\"async\" src=\"https:\/\/alpencupmx.eu\/wp-content\/uploads\/2025\/03\/arboe-logo-vector.svg\" alt=\"Arb\u00f6 Logo - Partner Alpencup Rietz\" width=\"0\" height=\"0\" \/>\t<\/a><\/div>\n\t<div><a href=\"https:\/\/www.msc-rietz.at\/\" target=\"_blank\">\n\t\t<img loading=\"lazy\" decoding=\"async\" src=\"https:\/\/alpencupmx.eu\/wp-content\/uploads\/2025\/03\/9075f7_b865090f08894437ade13472297aa6ecmv2.gif\" alt=\"MSC Rietz Logo\" width=\"160\" height=\"149\" \/>\t<\/a><\/div>\n\t<div><a href=\"https:\/\/dirt-alert.de\" target=\"_blank\">\n\t\t<img loading=\"lazy\" decoding=\"async\" src=\"https:\/\/alpencupmx.eu\/wp-content\/uploads\/2025\/03\/Dirt-Alert-Logo.jpg\" alt=\"Dirt Alert Partner Logo Local - Alpencup MX\" width=\"548\" height=\"130\" \/>\t<\/a><\/div>\n\t<div><a href=\"https:\/\/www.ferlu-shop.com\/\" target=\"_blank\">\n\t\t<img loading=\"lazy\" decoding=\"async\" src=\"https:\/\/alpencupmx.eu\/wp-content\/uploads\/2025\/03\/ferlu_giallo.png\" alt=\"FER.LU Racing Equipment - Partner Logo Alpencup\" width=\"500\" height=\"118\" \/>\t<\/a><\/div>\n\t<\/div>\n\t\n\n\t\t\t<\/div> \n\t\t<\/div>\n\t<\/div> \n<\/div><\/div>\n\t\t<div id=\"fws_69f2cb05c2486\"  data-column-margin=\"default\" data-midnight=\"dark\"  class=\"wpb_row vc_row-fluid vc_row\"  style=\"padding-top: 0px; padding-bottom: 0px; \"><div class=\"row-bg-wrap\" data-bg-animation=\"none\" data-bg-animation-delay=\"\" data-bg-overlay=\"false\"><div class=\"inner-wrap row-bg-layer\" ><div class=\"row-bg viewport-desktop\"  style=\"\"><\/div><\/div><\/div><div class=\"row_col_wrap_12 col span_12 dark left\">\n\t<div  class=\"vc_col-sm-12 wpb_column column_container vc_column_container col no-extra-padding inherit_tablet inherit_phone\"  data-padding-pos=\"all\" data-has-bg-color=\"false\" data-bg-color=\"\" data-bg-opacity=\"1\" data-animation=\"\" data-delay=\"0\" >\n\t\t<div class=\"vc_column-inner\" >\n\t\t\t<div class=\"wpb_wrapper\">\n\t\t\t\t<div class=\"divider-wrap\" data-alignment=\"center\"><div style=\"margin-top: 12.5px; width: 20%; height: 2px; margin-bottom: 12.5px;\" data-width=\"20%\" data-animate=\"\" data-animation-delay=\"\" data-color=\"default\" class=\"divider-small-border\"><\/div><\/div>\n<div class=\"wpb_text_column wpb_content_element\" >\n\t<h2>Rietz NEWS<\/h2>\n<\/div>\n\n\n\n\n<div class=\"row\">\n\n <div class=\"post-area col  span_12 col_last masonry material\" data-ams=\"\" data-remove-post-date=\"\" data-remove-post-author=\"\" data-remove-post-comment-number=\"\" data-remove-post-nectar-love=\"\"> <div class=\"posts-container\" data-load-animation=\"none\">     \n     \n<article id=\"post-15929\" class=\"masonry-blog-item post-15929 post type-post status-publish format-gallery has-post-thumbnail category-news category-race-reports category-rietz tag-alpencup tag-motocross tag-mx post_format-post-format-gallery\">  \n    \n  <div class=\"inner-wrap animated\">\n    \n    <div class=\"post-content\">\n\n      <div class=\"content-inner\">\n        \n        <a class=\"entire-meta-link\" href=\"https:\/\/alpencupmx.eu\/it_it\/rietz-2026-galerie-sonntag\/\"><\/a>\n        \n        <a href=\"https:\/\/alpencupmx.eu\/it_it\/rietz-2026-galerie-sonntag\/\" class=\"img-link\"><span class=\"post-featured-img\"><img loading=\"lazy\" decoding=\"async\" width=\"1024\" height=\"683\" src=\"https:\/\/alpencupmx.eu\/wp-content\/uploads\/2026\/04\/2026_APR_Alpencup_Rietz_Sunday_Austria-4867-1024x683.jpg\" class=\"attachment-large size-large skip-lazy wp-post-image\" alt=\"Alpencup Rietz 2026 - Sonntag - Bild 30\" title=\"\" sizes=\"auto, (min-width: 1600px) 20vw, (min-width: 1300px) 25vw, (min-width: 1000px) 33.3vw, (min-width: 690px) 50vw, 100vw\" srcset=\"https:\/\/alpencupmx.eu\/wp-content\/uploads\/2026\/04\/2026_APR_Alpencup_Rietz_Sunday_Austria-4867-1024x683.jpg 1024w, https:\/\/alpencupmx.eu\/wp-content\/uploads\/2026\/04\/2026_APR_Alpencup_Rietz_Sunday_Austria-4867-300x200.jpg 300w, https:\/\/alpencupmx.eu\/wp-content\/uploads\/2026\/04\/2026_APR_Alpencup_Rietz_Sunday_Austria-4867-768x512.jpg 768w, https:\/\/alpencupmx.eu\/wp-content\/uploads\/2026\/04\/2026_APR_Alpencup_Rietz_Sunday_Austria-4867-1536x1024.jpg 1536w, https:\/\/alpencupmx.eu\/wp-content\/uploads\/2026\/04\/2026_APR_Alpencup_Rietz_Sunday_Austria-4867-2048x1366.jpg 2048w, https:\/\/alpencupmx.eu\/wp-content\/uploads\/2026\/04\/2026_APR_Alpencup_Rietz_Sunday_Austria-4867-18x12.jpg 18w, https:\/\/alpencupmx.eu\/wp-content\/uploads\/2026\/04\/2026_APR_Alpencup_Rietz_Sunday_Austria-4867-900x600.jpg 900w\" \/><\/span><\/a><span class=\"meta-category\"><a class=\"news\" href=\"https:\/\/alpencupmx.eu\/it_it\/category\/news\/\">Notizia<\/a><a class=\"race-reports\" href=\"https:\/\/alpencupmx.eu\/it_it\/category\/race-reports\/\">Race Reports<\/a><a class=\"rietz\" href=\"https:\/\/alpencupmx.eu\/it_it\/category\/rietz\/\">Rietz<\/a><\/span>        \n        <div class=\"article-content-wrap\">\n          \n          <div class=\"post-header\">\n            <h3 class=\"title\"><a href=\"https:\/\/alpencupmx.eu\/it_it\/rietz-2026-galerie-sonntag\/\"> Rietz 2026 \u2013 Galerie Sonntag<\/a><\/h3>\n          <\/div>\n          \n          <div class=\"excerpt\">Unsere Bildauswahl vom 1. Rennen in Rietz \u2013 2026 Viel Spass mit der Auswahl vom&hellip;<\/div><div class=\"grav-wrap\"><a href=\"https:\/\/alpencupmx.eu\/it_it\/author\/admin\/\"><img alt='' src='https:\/\/secure.gravatar.com\/avatar\/e5f0b4bafda3c5c3f53cf2e2a794bb775dec1e9d845f3c4a15d59a6af63d7e61?s=70&#038;d=blank&#038;r=g' srcset='https:\/\/secure.gravatar.com\/avatar\/e5f0b4bafda3c5c3f53cf2e2a794bb775dec1e9d845f3c4a15d59a6af63d7e61?s=140&#038;d=blank&#038;r=g 2x' class='avatar avatar-70 photo' height='70' width='70' \/><\/a><div class=\"text\"><a href=\"https:\/\/alpencupmx.eu\/it_it\/author\/admin\/\" rel=\"author\"><\/a><span><\/span><\/div><\/div>\n        <\/div><!--article-content-wrap-->\n        \n      <\/div><!--\/content-inner-->\n        \n    <\/div><!--\/post-content-->\n      \n  <\/div><!--\/inner-wrap-->\n    \n<\/article>     \n     \n<article id=\"post-16007\" class=\"masonry-blog-item post-16007 post type-post status-publish format-gallery has-post-thumbnail category-news category-race-reports category-rietz tag-alpencup tag-motocross tag-mx post_format-post-format-gallery\">  \n    \n  <div class=\"inner-wrap animated\">\n    \n    <div class=\"post-content\">\n\n      <div class=\"content-inner\">\n        \n        <a class=\"entire-meta-link\" href=\"https:\/\/alpencupmx.eu\/it_it\/rietz-2026-galerie-samstag\/\"><\/a>\n        \n        <a href=\"https:\/\/alpencupmx.eu\/it_it\/rietz-2026-galerie-samstag\/\" class=\"img-link\"><span class=\"post-featured-img\"><img loading=\"lazy\" decoding=\"async\" width=\"1024\" height=\"683\" src=\"https:\/\/alpencupmx.eu\/wp-content\/uploads\/2026\/04\/2026_APR_Alpencup_Rietz_Austria-3429-1024x683.jpg\" class=\"attachment-large size-large skip-lazy wp-post-image\" alt=\"Alpencup Rietz 2026 - Samstag - Bild 8\" title=\"\" sizes=\"auto, (min-width: 1600px) 20vw, (min-width: 1300px) 25vw, (min-width: 1000px) 33.3vw, (min-width: 690px) 50vw, 100vw\" srcset=\"https:\/\/alpencupmx.eu\/wp-content\/uploads\/2026\/04\/2026_APR_Alpencup_Rietz_Austria-3429-1024x683.jpg 1024w, https:\/\/alpencupmx.eu\/wp-content\/uploads\/2026\/04\/2026_APR_Alpencup_Rietz_Austria-3429-300x200.jpg 300w, https:\/\/alpencupmx.eu\/wp-content\/uploads\/2026\/04\/2026_APR_Alpencup_Rietz_Austria-3429-768x512.jpg 768w, https:\/\/alpencupmx.eu\/wp-content\/uploads\/2026\/04\/2026_APR_Alpencup_Rietz_Austria-3429-1536x1024.jpg 1536w, https:\/\/alpencupmx.eu\/wp-content\/uploads\/2026\/04\/2026_APR_Alpencup_Rietz_Austria-3429-18x12.jpg 18w, https:\/\/alpencupmx.eu\/wp-content\/uploads\/2026\/04\/2026_APR_Alpencup_Rietz_Austria-3429-900x600.jpg 900w, https:\/\/alpencupmx.eu\/wp-content\/uploads\/2026\/04\/2026_APR_Alpencup_Rietz_Austria-3429.jpg 1800w\" \/><\/span><\/a><span class=\"meta-category\"><a class=\"news\" href=\"https:\/\/alpencupmx.eu\/it_it\/category\/news\/\">Notizia<\/a><a class=\"race-reports\" href=\"https:\/\/alpencupmx.eu\/it_it\/category\/race-reports\/\">Race Reports<\/a><a class=\"rietz\" href=\"https:\/\/alpencupmx.eu\/it_it\/category\/rietz\/\">Rietz<\/a><\/span>        \n        <div class=\"article-content-wrap\">\n          \n          <div class=\"post-header\">\n            <h3 class=\"title\"><a href=\"https:\/\/alpencupmx.eu\/it_it\/rietz-2026-galerie-samstag\/\"> Rietz 2026 \u2013 Galerie Samstag<\/a><\/h3>\n          <\/div>\n          \n          <div class=\"excerpt\">Unsere Bildauswahl vom 1. Rennen in Rietz \u2013 2026 Viel Spass mit der Auswahl vom&hellip;<\/div><div class=\"grav-wrap\"><a href=\"https:\/\/alpencupmx.eu\/it_it\/author\/admin\/\"><img alt='' src='https:\/\/secure.gravatar.com\/avatar\/e5f0b4bafda3c5c3f53cf2e2a794bb775dec1e9d845f3c4a15d59a6af63d7e61?s=70&#038;d=blank&#038;r=g' srcset='https:\/\/secure.gravatar.com\/avatar\/e5f0b4bafda3c5c3f53cf2e2a794bb775dec1e9d845f3c4a15d59a6af63d7e61?s=140&#038;d=blank&#038;r=g 2x' class='avatar avatar-70 photo' height='70' width='70' \/><\/a><div class=\"text\"><a href=\"https:\/\/alpencupmx.eu\/it_it\/author\/admin\/\" rel=\"author\"><\/a><span><\/span><\/div><\/div>\n        <\/div><!--article-content-wrap-->\n        \n      <\/div><!--\/content-inner-->\n        \n    <\/div><!--\/post-content-->\n      \n  <\/div><!--\/inner-wrap-->\n    \n<\/article>     \n     \n<article id=\"post-15625\" class=\"masonry-blog-item post-15625 post type-post status-publish format-standard has-post-thumbnail category-kundl category-moeggers category-news category-pfitsch category-rietz category-st-anna\">  \n    \n  <div class=\"inner-wrap animated\">\n    \n    <div class=\"post-content\">\n\n      <div class=\"content-inner\">\n        \n        <a class=\"entire-meta-link\" href=\"https:\/\/alpencupmx.eu\/it_it\/weber-werke-alpencup-deal-2026\/\"><span class=\"screen-reader-text\">Weber Werke &#8211; Alpencup DEAL 2026<\/span><\/a>\n        \n        <span class=\"post-featured-img\"><img loading=\"lazy\" decoding=\"async\" width=\"1024\" height=\"429\" src=\"https:\/\/alpencupmx.eu\/wp-content\/uploads\/2026\/02\/weber_werkeholics_slider_01-1024x429.webp\" class=\"attachment-large size-large skip-lazy wp-post-image\" alt=\"Weber Werke News 2026 - Header Image\" title=\"\" sizes=\"auto, (min-width: 1600px) 20vw, (min-width: 1300px) 25vw, (min-width: 1000px) 33.3vw, (min-width: 690px) 50vw, 100vw\" srcset=\"https:\/\/alpencupmx.eu\/wp-content\/uploads\/2026\/02\/weber_werkeholics_slider_01-1024x429.webp 1024w, https:\/\/alpencupmx.eu\/wp-content\/uploads\/2026\/02\/weber_werkeholics_slider_01-300x126.webp 300w, https:\/\/alpencupmx.eu\/wp-content\/uploads\/2026\/02\/weber_werkeholics_slider_01-768x322.webp 768w, https:\/\/alpencupmx.eu\/wp-content\/uploads\/2026\/02\/weber_werkeholics_slider_01-1536x644.webp 1536w, https:\/\/alpencupmx.eu\/wp-content\/uploads\/2026\/02\/weber_werkeholics_slider_01-18x8.webp 18w, https:\/\/alpencupmx.eu\/wp-content\/uploads\/2026\/02\/weber_werkeholics_slider_01.webp 1920w\" \/><\/span><span class=\"meta-category\"><a class=\"kundl\" href=\"https:\/\/alpencupmx.eu\/it_it\/category\/kundl\/\">Kundl<\/a><a class=\"moeggers\" href=\"https:\/\/alpencupmx.eu\/it_it\/category\/moeggers\/\">M\u00f6ggers<\/a><a class=\"news\" href=\"https:\/\/alpencupmx.eu\/it_it\/category\/news\/\">Notizia<\/a><a class=\"pfitsch\" href=\"https:\/\/alpencupmx.eu\/it_it\/category\/pfitsch\/\">Pfitsch<\/a><a class=\"rietz\" href=\"https:\/\/alpencupmx.eu\/it_it\/category\/rietz\/\">Rietz<\/a><a class=\"st-anna\" href=\"https:\/\/alpencupmx.eu\/it_it\/category\/st-anna\/\">San\u00b4t Anna<\/a><\/span>        \n        <div class=\"article-content-wrap\">\n          \n          <div class=\"post-header\">\n            <h3 class=\"title\"><a href=\"https:\/\/alpencupmx.eu\/it_it\/weber-werke-alpencup-deal-2026\/\"> Weber Werke &#8211; Alpencup DEAL 2026<\/a><\/h3>\n          <\/div>\n          \n          <div class=\"excerpt\">Bevor es richtig los geht mit der neuen Alpencup MX Saison 2026, haben wir f\u00fcr&hellip;<\/div><div class=\"grav-wrap\"><a href=\"https:\/\/alpencupmx.eu\/it_it\/author\/admin\/\"><img alt='' src='https:\/\/secure.gravatar.com\/avatar\/e5f0b4bafda3c5c3f53cf2e2a794bb775dec1e9d845f3c4a15d59a6af63d7e61?s=70&#038;d=blank&#038;r=g' srcset='https:\/\/secure.gravatar.com\/avatar\/e5f0b4bafda3c5c3f53cf2e2a794bb775dec1e9d845f3c4a15d59a6af63d7e61?s=140&#038;d=blank&#038;r=g 2x' class='avatar avatar-70 photo' height='70' width='70' \/><\/a><div class=\"text\"><a href=\"https:\/\/alpencupmx.eu\/it_it\/author\/admin\/\" rel=\"author\"><\/a><span><\/span><\/div><\/div>\n        <\/div><!--article-content-wrap-->\n        \n      <\/div><!--\/content-inner-->\n        \n    <\/div><!--\/post-content-->\n      \n  <\/div><!--\/inner-wrap-->\n    \n<\/article>     \n     \n<article id=\"post-12897\" class=\"masonry-blog-item post-12897 post type-post status-publish format-standard has-post-thumbnail category-ankuendigungen category-hohenlinden category-moeggers category-news category-pfitsch category-rietz category-st-anna tag-alpencup-2025\">  \n    \n  <div class=\"inner-wrap animated\">\n    \n    <div class=\"post-content\">\n\n      <div class=\"content-inner\">\n        \n        <a class=\"entire-meta-link\" href=\"https:\/\/alpencupmx.eu\/it_it\/gesamtergebnisse-2025-online\/\"><span class=\"screen-reader-text\">Risultati complessivi 2025 online!<\/span><\/a>\n        \n        <span class=\"post-featured-img\"><img loading=\"lazy\" decoding=\"async\" width=\"1024\" height=\"683\" src=\"https:\/\/alpencupmx.eu\/wp-content\/uploads\/2025\/04\/2025_APR_AUT_Alpencup_Rietz_watermark-8599-1024x683.jpg\" class=\"attachment-large size-large skip-lazy wp-post-image\" alt=\"Alpencup Rietz 2025 - Sonntag - Bild 29\" title=\"\" sizes=\"auto, (min-width: 1600px) 20vw, (min-width: 1300px) 25vw, (min-width: 1000px) 33.3vw, (min-width: 690px) 50vw, 100vw\" srcset=\"https:\/\/alpencupmx.eu\/wp-content\/uploads\/2025\/04\/2025_APR_AUT_Alpencup_Rietz_watermark-8599-1024x683.jpg 1024w, https:\/\/alpencupmx.eu\/wp-content\/uploads\/2025\/04\/2025_APR_AUT_Alpencup_Rietz_watermark-8599-300x200.jpg 300w, https:\/\/alpencupmx.eu\/wp-content\/uploads\/2025\/04\/2025_APR_AUT_Alpencup_Rietz_watermark-8599-768x512.jpg 768w, https:\/\/alpencupmx.eu\/wp-content\/uploads\/2025\/04\/2025_APR_AUT_Alpencup_Rietz_watermark-8599-1536x1024.jpg 1536w, https:\/\/alpencupmx.eu\/wp-content\/uploads\/2025\/04\/2025_APR_AUT_Alpencup_Rietz_watermark-8599-2048x1366.jpg 2048w, https:\/\/alpencupmx.eu\/wp-content\/uploads\/2025\/04\/2025_APR_AUT_Alpencup_Rietz_watermark-8599-18x12.jpg 18w, https:\/\/alpencupmx.eu\/wp-content\/uploads\/2025\/04\/2025_APR_AUT_Alpencup_Rietz_watermark-8599-900x600.jpg 900w, https:\/\/alpencupmx.eu\/wp-content\/uploads\/2025\/04\/2025_APR_AUT_Alpencup_Rietz_watermark-8599-600x400.jpg 600w\" \/><\/span><span class=\"meta-category\"><a class=\"ankuendigungen\" href=\"https:\/\/alpencupmx.eu\/it_it\/category\/ankuendigungen\/\">Annunci<\/a><a class=\"hohenlinden\" href=\"https:\/\/alpencupmx.eu\/it_it\/category\/hohenlinden\/\">Hohenlinden<\/a><a class=\"moeggers\" href=\"https:\/\/alpencupmx.eu\/it_it\/category\/moeggers\/\">M\u00f6ggers<\/a><a class=\"news\" href=\"https:\/\/alpencupmx.eu\/it_it\/category\/news\/\">Notizia<\/a><a class=\"pfitsch\" href=\"https:\/\/alpencupmx.eu\/it_it\/category\/pfitsch\/\">Pfitsch<\/a><a class=\"rietz\" href=\"https:\/\/alpencupmx.eu\/it_it\/category\/rietz\/\">Rietz<\/a><a class=\"st-anna\" href=\"https:\/\/alpencupmx.eu\/it_it\/category\/st-anna\/\">San\u00b4t Anna<\/a><\/span>        \n        <div class=\"article-content-wrap\">\n          \n          <div class=\"post-header\">\n            <h3 class=\"title\"><a href=\"https:\/\/alpencupmx.eu\/it_it\/gesamtergebnisse-2025-online\/\"> Risultati complessivi 2025 online!<\/a><\/h3>\n          <\/div>\n          \n          <div class=\"excerpt\">Gesamtergebnisse 2025 online! Danke f\u00fcr Eure Geduld! Die Gesamtergebnistabelle f\u00fcr die aktuelle Saison ist nun&hellip;<\/div><div class=\"grav-wrap\"><a href=\"https:\/\/alpencupmx.eu\/it_it\/author\/boss_alpencup_mx25\/\"><img alt='' src='https:\/\/secure.gravatar.com\/avatar\/32988068e025708fb9fea40886c10d8dde1eb06486a5316ccd966a20567d0832?s=70&#038;d=blank&#038;r=g' srcset='https:\/\/secure.gravatar.com\/avatar\/32988068e025708fb9fea40886c10d8dde1eb06486a5316ccd966a20567d0832?s=140&#038;d=blank&#038;r=g 2x' class='avatar avatar-70 photo' height='70' width='70' \/><\/a><div class=\"text\"><a href=\"https:\/\/alpencupmx.eu\/it_it\/author\/boss_alpencup_mx25\/\" rel=\"author\"><\/a><span><\/span><\/div><\/div>\n        <\/div><!--article-content-wrap-->\n        \n      <\/div><!--\/content-inner-->\n        \n    <\/div><!--\/post-content-->\n      \n  <\/div><!--\/inner-wrap-->\n    \n<\/article>     \n     \n<article id=\"post-13076\" class=\"masonry-blog-item post-13076 post type-post status-publish format-gallery has-post-thumbnail category-news category-race-reports category-rietz tag-alpencup tag-motocross tag-mx post_format-post-format-gallery\">  \n    \n  <div class=\"inner-wrap animated\">\n    \n    <div class=\"post-content\">\n\n      <div class=\"content-inner\">\n        \n        <a class=\"entire-meta-link\" href=\"https:\/\/alpencupmx.eu\/it_it\/rietz-2025-galerie-sonntag\/\"><\/a>\n        \n        <a href=\"https:\/\/alpencupmx.eu\/it_it\/rietz-2025-galerie-sonntag\/\" class=\"img-link\"><span class=\"post-featured-img\"><img loading=\"lazy\" decoding=\"async\" width=\"1024\" height=\"683\" src=\"https:\/\/alpencupmx.eu\/wp-content\/uploads\/2025\/04\/2025_APR_AUT_Alpencup_Rietz_watermark-5848-1024x683.jpg\" class=\"attachment-large size-large skip-lazy wp-post-image\" alt=\"Alpencup Rietz 2025 - Sonntag - Bild 4\" title=\"\" sizes=\"auto, (min-width: 1600px) 20vw, (min-width: 1300px) 25vw, (min-width: 1000px) 33.3vw, (min-width: 690px) 50vw, 100vw\" srcset=\"https:\/\/alpencupmx.eu\/wp-content\/uploads\/2025\/04\/2025_APR_AUT_Alpencup_Rietz_watermark-5848-1024x683.jpg 1024w, https:\/\/alpencupmx.eu\/wp-content\/uploads\/2025\/04\/2025_APR_AUT_Alpencup_Rietz_watermark-5848-300x200.jpg 300w, https:\/\/alpencupmx.eu\/wp-content\/uploads\/2025\/04\/2025_APR_AUT_Alpencup_Rietz_watermark-5848-768x512.jpg 768w, https:\/\/alpencupmx.eu\/wp-content\/uploads\/2025\/04\/2025_APR_AUT_Alpencup_Rietz_watermark-5848-1536x1024.jpg 1536w, https:\/\/alpencupmx.eu\/wp-content\/uploads\/2025\/04\/2025_APR_AUT_Alpencup_Rietz_watermark-5848-2048x1366.jpg 2048w, https:\/\/alpencupmx.eu\/wp-content\/uploads\/2025\/04\/2025_APR_AUT_Alpencup_Rietz_watermark-5848-18x12.jpg 18w, https:\/\/alpencupmx.eu\/wp-content\/uploads\/2025\/04\/2025_APR_AUT_Alpencup_Rietz_watermark-5848-900x600.jpg 900w, https:\/\/alpencupmx.eu\/wp-content\/uploads\/2025\/04\/2025_APR_AUT_Alpencup_Rietz_watermark-5848-600x400.jpg 600w\" \/><\/span><\/a><span class=\"meta-category\"><a class=\"news\" href=\"https:\/\/alpencupmx.eu\/it_it\/category\/news\/\">Notizia<\/a><a class=\"race-reports\" href=\"https:\/\/alpencupmx.eu\/it_it\/category\/race-reports\/\">Race Reports<\/a><a class=\"rietz\" href=\"https:\/\/alpencupmx.eu\/it_it\/category\/rietz\/\">Rietz<\/a><\/span>        \n        <div class=\"article-content-wrap\">\n          \n          <div class=\"post-header\">\n            <h3 class=\"title\"><a href=\"https:\/\/alpencupmx.eu\/it_it\/rietz-2025-galerie-sonntag\/\"> Rietz 2025 \u2013 Galleria Domenica<\/a><\/h3>\n          <\/div>\n          \n          <div class=\"excerpt\">Unsere Bildauswahl vom 2. Tag in Rietz \u2013 2025 Viel Spass mit der Auswahl vom&hellip;<\/div><div class=\"grav-wrap\"><a href=\"https:\/\/alpencupmx.eu\/it_it\/author\/boss_alpencup_mx25\/\"><img alt='' src='https:\/\/secure.gravatar.com\/avatar\/32988068e025708fb9fea40886c10d8dde1eb06486a5316ccd966a20567d0832?s=70&#038;d=blank&#038;r=g' srcset='https:\/\/secure.gravatar.com\/avatar\/32988068e025708fb9fea40886c10d8dde1eb06486a5316ccd966a20567d0832?s=140&#038;d=blank&#038;r=g 2x' class='avatar avatar-70 photo' height='70' width='70' \/><\/a><div class=\"text\"><a href=\"https:\/\/alpencupmx.eu\/it_it\/author\/boss_alpencup_mx25\/\" rel=\"author\"><\/a><span><\/span><\/div><\/div>\n        <\/div><!--article-content-wrap-->\n        \n      <\/div><!--\/content-inner-->\n        \n    <\/div><!--\/post-content-->\n      \n  <\/div><!--\/inner-wrap-->\n    \n<\/article>     \n     \n<article id=\"post-13028\" class=\"masonry-blog-item post-13028 post type-post status-publish format-gallery has-post-thumbnail category-news category-race-reports category-rietz tag-alpencup tag-motocross tag-mx post_format-post-format-gallery\">  \n    \n  <div class=\"inner-wrap animated\">\n    \n    <div class=\"post-content\">\n\n      <div class=\"content-inner\">\n        \n        <a class=\"entire-meta-link\" href=\"https:\/\/alpencupmx.eu\/it_it\/rietz-samstag-galerie-2025\/\"><\/a>\n        \n        <a href=\"https:\/\/alpencupmx.eu\/it_it\/rietz-samstag-galerie-2025\/\" class=\"img-link\"><span class=\"post-featured-img\"><img loading=\"lazy\" decoding=\"async\" width=\"1024\" height=\"683\" src=\"https:\/\/alpencupmx.eu\/wp-content\/uploads\/2025\/04\/2025_APR_AUT_Alpencup_Rietz_PR-Size-0791-1024x683.jpg\" class=\"attachment-large size-large skip-lazy wp-post-image\" alt=\"Alpencup Rietz 2025 - Samstag - Bild 13\" title=\"\" sizes=\"auto, (min-width: 1600px) 20vw, (min-width: 1300px) 25vw, (min-width: 1000px) 33.3vw, (min-width: 690px) 50vw, 100vw\" srcset=\"https:\/\/alpencupmx.eu\/wp-content\/uploads\/2025\/04\/2025_APR_AUT_Alpencup_Rietz_PR-Size-0791-1024x683.jpg 1024w, https:\/\/alpencupmx.eu\/wp-content\/uploads\/2025\/04\/2025_APR_AUT_Alpencup_Rietz_PR-Size-0791-300x200.jpg 300w, https:\/\/alpencupmx.eu\/wp-content\/uploads\/2025\/04\/2025_APR_AUT_Alpencup_Rietz_PR-Size-0791-768x512.jpg 768w, https:\/\/alpencupmx.eu\/wp-content\/uploads\/2025\/04\/2025_APR_AUT_Alpencup_Rietz_PR-Size-0791-1536x1024.jpg 1536w, https:\/\/alpencupmx.eu\/wp-content\/uploads\/2025\/04\/2025_APR_AUT_Alpencup_Rietz_PR-Size-0791-2048x1366.jpg 2048w, https:\/\/alpencupmx.eu\/wp-content\/uploads\/2025\/04\/2025_APR_AUT_Alpencup_Rietz_PR-Size-0791-18x12.jpg 18w, https:\/\/alpencupmx.eu\/wp-content\/uploads\/2025\/04\/2025_APR_AUT_Alpencup_Rietz_PR-Size-0791-900x600.jpg 900w, https:\/\/alpencupmx.eu\/wp-content\/uploads\/2025\/04\/2025_APR_AUT_Alpencup_Rietz_PR-Size-0791-600x400.jpg 600w\" \/><\/span><\/a><span class=\"meta-category\"><a class=\"news\" href=\"https:\/\/alpencupmx.eu\/it_it\/category\/news\/\">Notizia<\/a><a class=\"race-reports\" href=\"https:\/\/alpencupmx.eu\/it_it\/category\/race-reports\/\">Race Reports<\/a><a class=\"rietz\" href=\"https:\/\/alpencupmx.eu\/it_it\/category\/rietz\/\">Rietz<\/a><\/span>        \n        <div class=\"article-content-wrap\">\n          \n          <div class=\"post-header\">\n            <h3 class=\"title\"><a href=\"https:\/\/alpencupmx.eu\/it_it\/rietz-samstag-galerie-2025\/\"> Rietz 2025 \u2013 Galleria Sabato<\/a><\/h3>\n          <\/div>\n          \n          <div class=\"excerpt\">Unsere Bildauswahl vom Saisonstart in Rietz \u2013 2025 Viel Spass mit der Auswahl vom Samstag!&hellip;<\/div><div class=\"grav-wrap\"><a href=\"https:\/\/alpencupmx.eu\/it_it\/author\/boss_alpencup_mx25\/\"><img alt='' src='https:\/\/secure.gravatar.com\/avatar\/32988068e025708fb9fea40886c10d8dde1eb06486a5316ccd966a20567d0832?s=70&#038;d=blank&#038;r=g' srcset='https:\/\/secure.gravatar.com\/avatar\/32988068e025708fb9fea40886c10d8dde1eb06486a5316ccd966a20567d0832?s=140&#038;d=blank&#038;r=g 2x' class='avatar avatar-70 photo' height='70' width='70' \/><\/a><div class=\"text\"><a href=\"https:\/\/alpencupmx.eu\/it_it\/author\/boss_alpencup_mx25\/\" rel=\"author\"><\/a><span><\/span><\/div><\/div>\n        <\/div><!--article-content-wrap-->\n        \n      <\/div><!--\/content-inner-->\n        \n    <\/div><!--\/post-content-->\n      \n  <\/div><!--\/inner-wrap-->\n    \n<\/article>     \n     \n<article id=\"post-12967\" class=\"masonry-blog-item post-12967 post type-post status-publish format-standard has-post-thumbnail category-ankuendigungen category-news category-rietz tag-alpencup-2025\">  \n    \n  <div class=\"inner-wrap animated\">\n    \n    <div class=\"post-content\">\n\n      <div class=\"content-inner\">\n        \n        <a class=\"entire-meta-link\" href=\"https:\/\/alpencupmx.eu\/it_it\/nachnennung-rietz-2025\/\"><span class=\"screen-reader-text\">Iscrizione tardiva Rietz aperta<\/span><\/a>\n        \n        <span class=\"post-featured-img\"><img loading=\"lazy\" decoding=\"async\" width=\"1024\" height=\"682\" src=\"https:\/\/alpencupmx.eu\/wp-content\/uploads\/2024\/04\/IMG_6115-1024x682.jpg\" class=\"attachment-large size-large skip-lazy wp-post-image\" alt=\"Alpencup Rietz 2024 - Sonntag - Bild 9\" title=\"\" sizes=\"auto, (min-width: 1600px) 20vw, (min-width: 1300px) 25vw, (min-width: 1000px) 33.3vw, (min-width: 690px) 50vw, 100vw\" srcset=\"https:\/\/alpencupmx.eu\/wp-content\/uploads\/2024\/04\/IMG_6115-1024x682.jpg 1024w, https:\/\/alpencupmx.eu\/wp-content\/uploads\/2024\/04\/IMG_6115-600x400.jpg 600w, https:\/\/alpencupmx.eu\/wp-content\/uploads\/2024\/04\/IMG_6115-300x200.jpg 300w, https:\/\/alpencupmx.eu\/wp-content\/uploads\/2024\/04\/IMG_6115-768x512.jpg 768w, https:\/\/alpencupmx.eu\/wp-content\/uploads\/2024\/04\/IMG_6115-1536x1024.jpg 1536w, https:\/\/alpencupmx.eu\/wp-content\/uploads\/2024\/04\/IMG_6115-18x12.jpg 18w, https:\/\/alpencupmx.eu\/wp-content\/uploads\/2024\/04\/IMG_6115-900x600.jpg 900w, https:\/\/alpencupmx.eu\/wp-content\/uploads\/2024\/04\/IMG_6115.jpg 2000w\" \/><\/span><span class=\"meta-category\"><a class=\"ankuendigungen\" href=\"https:\/\/alpencupmx.eu\/it_it\/category\/ankuendigungen\/\">Annunci<\/a><a class=\"news\" href=\"https:\/\/alpencupmx.eu\/it_it\/category\/news\/\">Notizia<\/a><a class=\"rietz\" href=\"https:\/\/alpencupmx.eu\/it_it\/category\/rietz\/\">Rietz<\/a><\/span>        \n        <div class=\"article-content-wrap\">\n          \n          <div class=\"post-header\">\n            <h3 class=\"title\"><a href=\"https:\/\/alpencupmx.eu\/it_it\/nachnennung-rietz-2025\/\"> Iscrizione tardiva Rietz aperta<\/a><\/h3>\n          <\/div>\n          \n          <div class=\"excerpt\">???? Last Chance! Nachnennung @mscrietz ab sofort ge\u00f6ffnet! Wer noch beim Saisonauftakt des Alpencups 2025&hellip;<\/div><div class=\"grav-wrap\"><a href=\"https:\/\/alpencupmx.eu\/it_it\/author\/boss_alpencup_mx25\/\"><img alt='' src='https:\/\/secure.gravatar.com\/avatar\/32988068e025708fb9fea40886c10d8dde1eb06486a5316ccd966a20567d0832?s=70&#038;d=blank&#038;r=g' srcset='https:\/\/secure.gravatar.com\/avatar\/32988068e025708fb9fea40886c10d8dde1eb06486a5316ccd966a20567d0832?s=140&#038;d=blank&#038;r=g 2x' class='avatar avatar-70 photo' height='70' width='70' \/><\/a><div class=\"text\"><a href=\"https:\/\/alpencupmx.eu\/it_it\/author\/boss_alpencup_mx25\/\" rel=\"author\"><\/a><span><\/span><\/div><\/div>\n        <\/div><!--article-content-wrap-->\n        \n      <\/div><!--\/content-inner-->\n        \n    <\/div><!--\/post-content-->\n      \n  <\/div><!--\/inner-wrap-->\n    \n<\/article>     \n     \n<article id=\"post-12822\" class=\"masonry-blog-item post-12822 post type-post status-publish format-video has-post-thumbnail category-ankuendigungen category-news category-rietz tag-alpencup-2025 post_format-post-format-video\">  \n    \n  <div class=\"inner-wrap animated\">\n    \n    <div class=\"post-content\">\n\n      <div class=\"content-inner\">\n        \n        <a class=\"entire-meta-link\" href=\"https:\/\/alpencupmx.eu\/it_it\/anmeldung-rietz-2025-wird-voll\/\" aria-label=\"Anmeldung Rietz 2025 &#8211; Es wird voll!\"><\/a>\n        \n        <span class=\"post-featured-img\">\n<span class=\"video-play-button\">\n  <svg aria-hidden=\"true\" version=\"1.1\" xmlns=\"http:\/\/www.w3.org\/2000\/svg\" xmlns:xlink=\"http:\/\/www.w3.org\/1999\/xlink\" width=\"600px\" height=\"800px\" x=\"0px\" y=\"0px\" viewbox=\"0 0 600 800\" enable-background=\"new 0 0 600 800\" xml:space=\"preserve\"><path fill=\"none\" d=\"M0-1.79v800L600,395L0-1.79z\"><\/path> \n  <\/svg>\n<\/span>\n\n<img loading=\"lazy\" decoding=\"async\" width=\"1024\" height=\"576\" src=\"https:\/\/alpencupmx.eu\/wp-content\/uploads\/2025\/03\/Bildschirmfoto-2025-03-19-um-11.59.19-1024x576.png\" class=\"attachment-large size-large skip-lazy wp-post-image\" alt=\"Keyframe Heusi - Rietz Alpencup Training Cut 20224\" title=\"\" sizes=\"auto, (min-width: 1600px) 20vw, (min-width: 1300px) 25vw, (min-width: 1000px) 33.3vw, (min-width: 690px) 50vw, 100vw\" srcset=\"https:\/\/alpencupmx.eu\/wp-content\/uploads\/2025\/03\/Bildschirmfoto-2025-03-19-um-11.59.19-1024x576.png 1024w, https:\/\/alpencupmx.eu\/wp-content\/uploads\/2025\/03\/Bildschirmfoto-2025-03-19-um-11.59.19-300x169.png 300w, https:\/\/alpencupmx.eu\/wp-content\/uploads\/2025\/03\/Bildschirmfoto-2025-03-19-um-11.59.19-768x432.png 768w, https:\/\/alpencupmx.eu\/wp-content\/uploads\/2025\/03\/Bildschirmfoto-2025-03-19-um-11.59.19-1536x865.png 1536w, https:\/\/alpencupmx.eu\/wp-content\/uploads\/2025\/03\/Bildschirmfoto-2025-03-19-um-11.59.19-2048x1153.png 2048w, https:\/\/alpencupmx.eu\/wp-content\/uploads\/2025\/03\/Bildschirmfoto-2025-03-19-um-11.59.19-18x10.png 18w, https:\/\/alpencupmx.eu\/wp-content\/uploads\/2025\/03\/Bildschirmfoto-2025-03-19-um-11.59.19-600x338.png 600w\" \/><\/span><span class=\"meta-category\"><a class=\"ankuendigungen\" href=\"https:\/\/alpencupmx.eu\/it_it\/category\/ankuendigungen\/\">Annunci<\/a><a class=\"news\" href=\"https:\/\/alpencupmx.eu\/it_it\/category\/news\/\">Notizia<\/a><a class=\"rietz\" href=\"https:\/\/alpencupmx.eu\/it_it\/category\/rietz\/\">Rietz<\/a><\/span>        \n        <div class=\"article-content-wrap\">\n          \n          <div class=\"post-header\">\n            <h3 class=\"title\"><a href=\"https:\/\/alpencupmx.eu\/it_it\/anmeldung-rietz-2025-wird-voll\/\"> Anmeldung Rietz 2025 &#8211; Es wird voll!<\/a><\/h3>\n          <\/div>\n          \n          <div class=\"excerpt\">???? Es wird voll in Rietz ???????? !!! Wir haben in den ersten 4 Tagen&hellip;<\/div><div class=\"grav-wrap\"><a href=\"https:\/\/alpencupmx.eu\/it_it\/author\/boss_alpencup_mx25\/\"><img alt='' src='https:\/\/secure.gravatar.com\/avatar\/32988068e025708fb9fea40886c10d8dde1eb06486a5316ccd966a20567d0832?s=70&#038;d=blank&#038;r=g' srcset='https:\/\/secure.gravatar.com\/avatar\/32988068e025708fb9fea40886c10d8dde1eb06486a5316ccd966a20567d0832?s=140&#038;d=blank&#038;r=g 2x' class='avatar avatar-70 photo' height='70' width='70' \/><\/a><div class=\"text\"><a href=\"https:\/\/alpencupmx.eu\/it_it\/author\/boss_alpencup_mx25\/\" rel=\"author\"><\/a><span><\/span><\/div><\/div>\n        <\/div><!--article-content-wrap-->\n        \n      <\/div><!--\/content-inner-->\n        \n    <\/div><!--\/post-content-->\n      \n  <\/div><!--\/inner-wrap-->\n    \n<\/article>     \n     \n<article id=\"post-7895\" class=\"masonry-blog-item post-7895 post type-post status-publish format-standard has-post-thumbnail category-ankuendigungen category-hohenlinden category-kundl category-moeggers category-news category-pfitsch category-rennablauf category-rietz category-st-anna tag-rennablauf tag-zeiten tag-zeitplan\">  \n    \n  <div class=\"inner-wrap animated\">\n    \n    <div class=\"post-content\">\n\n      <div class=\"content-inner\">\n        \n        <a class=\"entire-meta-link\" href=\"https:\/\/alpencupmx.eu\/it_it\/zeitplaene\/\"><span class=\"screen-reader-text\">Orari del fine settimana di gara<\/span><\/a>\n        \n        <span class=\"post-featured-img\"><img loading=\"lazy\" decoding=\"async\" width=\"1024\" height=\"681\" src=\"https:\/\/alpencupmx.eu\/wp-content\/uploads\/2024\/03\/JUL_3125-1024x681.jpeg\" class=\"attachment-large size-large skip-lazy wp-post-image\" alt=\"Newsbild - Zeitpl\u00e4ne 2024 - Alpencup MX\" title=\"\" sizes=\"auto, (min-width: 1600px) 20vw, (min-width: 1300px) 25vw, (min-width: 1000px) 33.3vw, (min-width: 690px) 50vw, 100vw\" srcset=\"https:\/\/alpencupmx.eu\/wp-content\/uploads\/2024\/03\/JUL_3125-1024x681.jpeg 1024w, https:\/\/alpencupmx.eu\/wp-content\/uploads\/2024\/03\/JUL_3125-scaled-600x399.jpeg 600w, https:\/\/alpencupmx.eu\/wp-content\/uploads\/2024\/03\/JUL_3125-300x200.jpeg 300w, https:\/\/alpencupmx.eu\/wp-content\/uploads\/2024\/03\/JUL_3125-768x511.jpeg 768w, https:\/\/alpencupmx.eu\/wp-content\/uploads\/2024\/03\/JUL_3125-1536x1022.jpeg 1536w, https:\/\/alpencupmx.eu\/wp-content\/uploads\/2024\/03\/JUL_3125-2048x1363.jpeg 2048w, https:\/\/alpencupmx.eu\/wp-content\/uploads\/2024\/03\/JUL_3125-18x12.jpeg 18w, https:\/\/alpencupmx.eu\/wp-content\/uploads\/2024\/03\/JUL_3125-900x600.jpeg 900w\" \/><\/span><span class=\"meta-category\"><a class=\"ankuendigungen\" href=\"https:\/\/alpencupmx.eu\/it_it\/category\/ankuendigungen\/\">Annunci<\/a><a class=\"hohenlinden\" href=\"https:\/\/alpencupmx.eu\/it_it\/category\/hohenlinden\/\">Hohenlinden<\/a><a class=\"kundl\" href=\"https:\/\/alpencupmx.eu\/it_it\/category\/kundl\/\">Kundl<\/a><a class=\"moeggers\" href=\"https:\/\/alpencupmx.eu\/it_it\/category\/moeggers\/\">M\u00f6ggers<\/a><a class=\"news\" href=\"https:\/\/alpencupmx.eu\/it_it\/category\/news\/\">Notizia<\/a><a class=\"pfitsch\" href=\"https:\/\/alpencupmx.eu\/it_it\/category\/pfitsch\/\">Pfitsch<\/a><a class=\"rennablauf\" href=\"https:\/\/alpencupmx.eu\/it_it\/category\/rennablauf\/\">Processo di gara<\/a><a class=\"rietz\" href=\"https:\/\/alpencupmx.eu\/it_it\/category\/rietz\/\">Rietz<\/a><a class=\"st-anna\" href=\"https:\/\/alpencupmx.eu\/it_it\/category\/st-anna\/\">San\u00b4t Anna<\/a><\/span>        \n        <div class=\"article-content-wrap\">\n          \n          <div class=\"post-header\">\n            <h3 class=\"title\"><a href=\"https:\/\/alpencupmx.eu\/it_it\/zeitplaene\/\"> Orari del fine settimana di gara<\/a><\/h3>\n          <\/div>\n          \n          <div class=\"excerpt\">2025 Rennen - Zeitpl\u00e4ne ZEITPLAN SAMSTAG - JE NACH TEILNEHMERANZAHL 2 ODER 3 GRUPPEN Zeitplan&hellip;<\/div><div class=\"grav-wrap\"><a href=\"https:\/\/alpencupmx.eu\/it_it\/author\/admin\/\"><img alt='' src='https:\/\/secure.gravatar.com\/avatar\/e5f0b4bafda3c5c3f53cf2e2a794bb775dec1e9d845f3c4a15d59a6af63d7e61?s=70&#038;d=blank&#038;r=g' srcset='https:\/\/secure.gravatar.com\/avatar\/e5f0b4bafda3c5c3f53cf2e2a794bb775dec1e9d845f3c4a15d59a6af63d7e61?s=140&#038;d=blank&#038;r=g 2x' class='avatar avatar-70 photo' height='70' width='70' \/><\/a><div class=\"text\"><a href=\"https:\/\/alpencupmx.eu\/it_it\/author\/admin\/\" rel=\"author\"><\/a><span><\/span><\/div><\/div>\n        <\/div><!--article-content-wrap-->\n        \n      <\/div><!--\/content-inner-->\n        \n    <\/div><!--\/post-content-->\n      \n  <\/div><!--\/inner-wrap-->\n    \n<\/article>     \n     \n<article id=\"post-8599\" class=\"masonry-blog-item post-8599 post type-post status-publish format-video has-post-thumbnail category-news category-race-reports category-rietz category-videos post_format-post-format-video\">  \n    \n  <div class=\"inner-wrap animated\">\n    \n    <div class=\"post-content\">\n\n      <div class=\"content-inner\">\n        \n        <a class=\"entire-meta-link\" href=\"https:\/\/alpencupmx.eu\/it_it\/rietz-2024-action-clip\/\" aria-label=\"Clip d&#039;azione Rietz\"><\/a>\n        \n        <span class=\"post-featured-img\">\n<span class=\"video-play-button\">\n  <svg aria-hidden=\"true\" version=\"1.1\" xmlns=\"http:\/\/www.w3.org\/2000\/svg\" xmlns:xlink=\"http:\/\/www.w3.org\/1999\/xlink\" width=\"600px\" height=\"800px\" x=\"0px\" y=\"0px\" viewbox=\"0 0 600 800\" enable-background=\"new 0 0 600 800\" xml:space=\"preserve\"><path fill=\"none\" d=\"M0-1.79v800L600,395L0-1.79z\"><\/path> \n  <\/svg>\n<\/span>\n\n<img loading=\"lazy\" decoding=\"async\" width=\"1024\" height=\"556\" src=\"https:\/\/alpencupmx.eu\/wp-content\/uploads\/2024\/04\/Bildschirmfoto-2024-04-19-um-14.22.43-1024x556.png\" class=\"attachment-large size-large skip-lazy wp-post-image\" alt=\"Alpencup Rietz 2024 - Actionclip Keyframe\" title=\"\" sizes=\"auto, (min-width: 1600px) 20vw, (min-width: 1300px) 25vw, (min-width: 1000px) 33.3vw, (min-width: 690px) 50vw, 100vw\" srcset=\"https:\/\/alpencupmx.eu\/wp-content\/uploads\/2024\/04\/Bildschirmfoto-2024-04-19-um-14.22.43-1024x556.png 1024w, https:\/\/alpencupmx.eu\/wp-content\/uploads\/2024\/04\/Bildschirmfoto-2024-04-19-um-14.22.43-600x326.png 600w, https:\/\/alpencupmx.eu\/wp-content\/uploads\/2024\/04\/Bildschirmfoto-2024-04-19-um-14.22.43-300x163.png 300w, https:\/\/alpencupmx.eu\/wp-content\/uploads\/2024\/04\/Bildschirmfoto-2024-04-19-um-14.22.43-768x417.png 768w, https:\/\/alpencupmx.eu\/wp-content\/uploads\/2024\/04\/Bildschirmfoto-2024-04-19-um-14.22.43-1536x834.png 1536w, https:\/\/alpencupmx.eu\/wp-content\/uploads\/2024\/04\/Bildschirmfoto-2024-04-19-um-14.22.43-2048x1113.png 2048w, https:\/\/alpencupmx.eu\/wp-content\/uploads\/2024\/04\/Bildschirmfoto-2024-04-19-um-14.22.43-18x10.png 18w\" \/><\/span><span class=\"meta-category\"><a class=\"news\" href=\"https:\/\/alpencupmx.eu\/it_it\/category\/news\/\">Notizia<\/a><a class=\"race-reports\" href=\"https:\/\/alpencupmx.eu\/it_it\/category\/race-reports\/\">Race Reports<\/a><a class=\"rietz\" href=\"https:\/\/alpencupmx.eu\/it_it\/category\/rietz\/\">Rietz<\/a><a class=\"videos\" href=\"https:\/\/alpencupmx.eu\/it_it\/category\/videos\/\">Videos<\/a><\/span>        \n        <div class=\"article-content-wrap\">\n          \n          <div class=\"post-header\">\n            <h3 class=\"title\"><a href=\"https:\/\/alpencupmx.eu\/it_it\/rietz-2024-action-clip\/\"> Clip d'azione Rietz<\/a><\/h3>\n          <\/div>\n          \n          <div class=\"excerpt\">Che inizio per Alpencup MX 2.0 a Rietz, in Tirolo. Grazie a tutti coloro che\u2026<\/div><div class=\"grav-wrap\"><a href=\"https:\/\/alpencupmx.eu\/it_it\/author\/admin\/\"><img alt='' src='https:\/\/secure.gravatar.com\/avatar\/e5f0b4bafda3c5c3f53cf2e2a794bb775dec1e9d845f3c4a15d59a6af63d7e61?s=70&#038;d=blank&#038;r=g' srcset='https:\/\/secure.gravatar.com\/avatar\/e5f0b4bafda3c5c3f53cf2e2a794bb775dec1e9d845f3c4a15d59a6af63d7e61?s=140&#038;d=blank&#038;r=g 2x' class='avatar avatar-70 photo' height='70' width='70' \/><\/a><div class=\"text\"><a href=\"https:\/\/alpencupmx.eu\/it_it\/author\/admin\/\" rel=\"author\"><\/a><span><\/span><\/div><\/div>\n        <\/div><!--article-content-wrap-->\n        \n      <\/div><!--\/content-inner-->\n        \n    <\/div><!--\/post-content-->\n      \n  <\/div><!--\/inner-wrap-->\n    \n<\/article>    \n    <\/div><!--\/posts container-->\n    \n      \n<\/div><!--\/post area-->\n\n  \n\n<\/div>\n\n<div class=\"divider-wrap\" data-alignment=\"center\"><div style=\"margin-top: 12.5px; width: 20%; height: 2px; margin-bottom: 12.5px;\" data-width=\"20%\" data-animate=\"\" data-animation-delay=\"\" data-color=\"default\" class=\"divider-small-border\"><\/div><\/div>\n\t\t\t<\/div> \n\t\t<\/div>\n\t<\/div> \n<\/div><\/div>\n\t\t<div id=\"nextevents\"  data-column-margin=\"default\" data-midnight=\"dark\"  class=\"wpb_row vc_row-fluid vc_row full-width-section has-row-bg-color\"  style=\"padding-top: 0px; padding-bottom: 0px; --row-bg-color: #ffffff;\"><div class=\"row-bg-wrap\" data-bg-animation=\"none\" data-bg-animation-delay=\"\" data-bg-overlay=\"false\"><div class=\"inner-wrap row-bg-layer\" ><div class=\"row-bg viewport-desktop using-bg-color\"  style=\"background-color: #ffffff; \"><\/div><\/div><\/div><div class=\"row_col_wrap_12 col span_12 dark left\">\n\t<div  class=\"vc_col-sm-12 wpb_column column_container vc_column_container col no-extra-padding inherit_tablet inherit_phone\"  data-padding-pos=\"all\" data-has-bg-color=\"false\" data-bg-color=\"\" data-bg-opacity=\"1\" data-animation=\"\" data-delay=\"0\" >\n\t\t<div class=\"vc_column-inner\" >\n\t\t\t<div class=\"wpb_wrapper\">\n\t\t\t\t<div class=\"nectar-split-heading\" data-align=\"default\" data-m-align=\"inherit\" data-text-effect=\"default\" data-animation-type=\"line-reveal-by-space\" data-animation-delay=\"0\" data-animation-offset=\"\" data-m-rm-animation=\"\" data-stagger=\"\" data-custom-font-size=\"false\" ><h2 style=\"max-width: 450px;\">LE PROSSIME GARE<\/h2><\/div><div class=\"nectar-flickity not-initialized nectar-carousel\" data-centered-cells=\"false\" data-pause-on-hover=\"\" data-touch-icon-color=\"default\" data-control-color=\"default\" data-overflow=\"visible\" data-r-bottom-total=\"\" data-drag-scale=\"true\" data-wrap=\"no-wrap\" data-spacing=\"default\" data-controls=\"touch_total\" data-pagination-alignment=\"default\" data-adaptive-height=\"\" data-border-radius=\"none\" data-column-border=\"\" data-column-padding=\"0\" data-format=\"default\" data-autoplay=\"\" data-autoplay-dur=\"5000\" data-control-style=\"material_pagination\" data-desktop-columns=\"3\" data-small-desktop-columns=\"3\" data-tablet-columns=\"2\" data-phone-columns=\"1\" data-column-color=\"\"><div class=\"flickity-viewport\"> <div class=\"flickity-slider\"><div class=\"cell\"><div class=\"inner-wrap-outer\"><div class=\"inner-wrap\" ><div class=\"nectar-fancy-box using-img\" data-style=\"default\" data-animation=\"\" data-hover-o=\"default\" data-border-radius=\"10px\" data-border=\"\" data-box-color-opacity=\"1\" data-delay=\"\" data-alignment=\"left\" data-color=\"extra-color-2\" ><div class=\"box-bg\" role=\"presentation\"  style=\"background-image: url('https:\/\/alpencupmx.eu\/wp-content\/uploads\/2025\/02\/Pfitsch-Neu-2025.jpg'); \"><\/div> <div class=\"inner\" style=\"min-height: 300px\"><span class=\"im-icon-wrap\" data-color=\"extra-color-2\"><span><svg role=\"presentation\" version=\"1.1\" xmlns=\"http:\/\/www.w3.org\/2000\/svg\" width=\"30px\" height=\"30px\" viewbox=\"0 0 32 32\">\n        <path d=\"M16 13.889c-2.205 0-4-1.795-4-4s1.795-4 4-4c2.205 0 4 1.795 4 4s-1.795 4-4 4zM16 7.223c-1.471 0-2.667 1.196-2.667 2.667s1.196 2.667 2.667 2.667c1.472 0 2.667-1.196 2.667-2.667s-1.195-2.667-2.667-2.667zM16 32.111v0c-0.368 0-0.667-0.3-0.667-0.667-0.027-1.012-3.405-8.289-6.424-11.397-1.823-1.875-4.243-4.828-4.243-8.824 0-6.249 5.084-11.333 11.333-11.333 6.251 0 11.333 5.084 11.333 11.333 0 3.409-1.695 6.636-4.909 9.331-3.753 3.153-5.759 9.905-5.759 10.891v0 0c0 0.001 0 0.001 0 0.001v0.001c0 0 0 0 0 0.001v0c0 0.001 0 0.001 0 0.001v0.003c0 0 0 0 0 0.001v0c0 0.001 0 0.001 0 0.001 0 0.001 0 0.001 0 0.001v0.003c0 0 0 0 0 0.001v0c0 0.003 0 0.003 0 0.003v0 0.003c0 0 0 0 0 0.003v0 0 0.005c0 0 0 0 0 0.003v0c-0.016 0.352-0.308 0.635-0.665 0.635zM16 1.223c-5.515 0-10 4.485-10 10 0 2.672 1.228 5.18 3.864 7.895 2.232 2.299 4.777 6.903 6.028 9.861 0.872-2.756 2.764-6.997 5.676-9.445 2.024-1.697 4.432-4.516 4.432-8.309 0-5.516-4.485-10.001-10-10.001z\"><\/path>\n        <\/svg><\/span><\/span>\n<h3>PFITSCH<\/h3>\n<p>???? 17-18 maggio 2025<\/p>\n<p>???????? Motocross Pfitsch &#8211; S\u00fcdtirol<\/div> <div class=\"link-text\">INFORMAZIONI SULL'EVENTO<span class=\"arrow\"><\/span><\/div> <a  href=\"https:\/\/alpencupmx.eu\/it_it\/pfitsch-2025\/\" class=\"box-link\"><\/a> <\/div><\/div><\/div><\/div><div class=\"cell\"><div class=\"inner-wrap-outer\"><div class=\"inner-wrap\" ><div class=\"nectar-fancy-box using-img\" data-style=\"default\" data-animation=\"\" data-hover-o=\"default\" data-border-radius=\"10px\" data-border=\"\" data-box-color-opacity=\"1\" data-delay=\"\" data-alignment=\"left\" data-color=\"extra-color-2\" ><div class=\"box-bg\" role=\"presentation\"  style=\"background-image: url('https:\/\/alpencupmx.eu\/wp-content\/uploads\/2025\/02\/Kundl-neu-2025.jpg'); \"><\/div> <div class=\"inner\" style=\"min-height: 300px\"><span class=\"im-icon-wrap\" data-color=\"extra-color-2\"><span><svg role=\"presentation\" version=\"1.1\" xmlns=\"http:\/\/www.w3.org\/2000\/svg\" width=\"30px\" height=\"30px\" viewbox=\"0 0 32 32\">\n        <path d=\"M16 13.889c-2.205 0-4-1.795-4-4s1.795-4 4-4c2.205 0 4 1.795 4 4s-1.795 4-4 4zM16 7.223c-1.471 0-2.667 1.196-2.667 2.667s1.196 2.667 2.667 2.667c1.472 0 2.667-1.196 2.667-2.667s-1.195-2.667-2.667-2.667zM16 32.111v0c-0.368 0-0.667-0.3-0.667-0.667-0.027-1.012-3.405-8.289-6.424-11.397-1.823-1.875-4.243-4.828-4.243-8.824 0-6.249 5.084-11.333 11.333-11.333 6.251 0 11.333 5.084 11.333 11.333 0 3.409-1.695 6.636-4.909 9.331-3.753 3.153-5.759 9.905-5.759 10.891v0 0c0 0.001 0 0.001 0 0.001v0.001c0 0 0 0 0 0.001v0c0 0.001 0 0.001 0 0.001v0.003c0 0 0 0 0 0.001v0c0 0.001 0 0.001 0 0.001 0 0.001 0 0.001 0 0.001v0.003c0 0 0 0 0 0.001v0c0 0.003 0 0.003 0 0.003v0 0.003c0 0 0 0 0 0.003v0 0 0.005c0 0 0 0 0 0.003v0c-0.016 0.352-0.308 0.635-0.665 0.635zM16 1.223c-5.515 0-10 4.485-10 10 0 2.672 1.228 5.18 3.864 7.895 2.232 2.299 4.777 6.903 6.028 9.861 0.872-2.756 2.764-6.997 5.676-9.445 2.024-1.697 4.432-4.516 4.432-8.309 0-5.516-4.485-10.001-10-10.001z\"><\/path>\n        <\/svg><\/span><\/span>\n<h3>KUNDL<\/h3>\n<p>Da definire<\/p>\n<p>???????? MC-Kundl Motocross Tirolo<\/div> <div class=\"link-text\">INFORMAZIONI SULL'EVENTO<span class=\"arrow\"><\/span><\/div> <a  href=\"https:\/\/alpencupmx.eu\/it_it\/kundl-2025\/\" class=\"box-link\"><\/a> <\/div><\/div><\/div><\/div><div class=\"cell\"><div class=\"inner-wrap-outer\"><div class=\"inner-wrap\" ><div class=\"nectar-fancy-box using-img\" data-style=\"default\" data-animation=\"\" data-hover-o=\"default\" data-border-radius=\"10px\" data-border=\"\" data-box-color-opacity=\"1\" data-delay=\"\" data-alignment=\"left\" data-color=\"extra-color-2\" ><div class=\"box-bg\" role=\"presentation\"  style=\"background-image: url('https:\/\/alpencupmx.eu\/wp-content\/uploads\/2023\/12\/0879766.jpg'); \"><\/div> <div class=\"inner\" style=\"min-height: 300px\"><span class=\"im-icon-wrap\" data-color=\"extra-color-2\"><span><svg role=\"presentation\" version=\"1.1\" xmlns=\"http:\/\/www.w3.org\/2000\/svg\" width=\"30px\" height=\"30px\" viewbox=\"0 0 32 32\">\n        <path d=\"M16 13.889c-2.205 0-4-1.795-4-4s1.795-4 4-4c2.205 0 4 1.795 4 4s-1.795 4-4 4zM16 7.223c-1.471 0-2.667 1.196-2.667 2.667s1.196 2.667 2.667 2.667c1.472 0 2.667-1.196 2.667-2.667s-1.195-2.667-2.667-2.667zM16 32.111v0c-0.368 0-0.667-0.3-0.667-0.667-0.027-1.012-3.405-8.289-6.424-11.397-1.823-1.875-4.243-4.828-4.243-8.824 0-6.249 5.084-11.333 11.333-11.333 6.251 0 11.333 5.084 11.333 11.333 0 3.409-1.695 6.636-4.909 9.331-3.753 3.153-5.759 9.905-5.759 10.891v0 0c0 0.001 0 0.001 0 0.001v0.001c0 0 0 0 0 0.001v0c0 0.001 0 0.001 0 0.001v0.003c0 0 0 0 0 0.001v0c0 0.001 0 0.001 0 0.001 0 0.001 0 0.001 0 0.001v0.003c0 0 0 0 0 0.001v0c0 0.003 0 0.003 0 0.003v0 0.003c0 0 0 0 0 0.003v0 0 0.005c0 0 0 0 0 0.003v0c-0.016 0.352-0.308 0.635-0.665 0.635zM16 1.223c-5.515 0-10 4.485-10 10 0 2.672 1.228 5.18 3.864 7.895 2.232 2.299 4.777 6.903 6.028 9.861 0.872-2.756 2.764-6.997 5.676-9.445 2.024-1.697 4.432-4.516 4.432-8.309 0-5.516-4.485-10.001-10-10.001z\"><\/path>\n        <\/svg><\/span><\/span>\n<h3>M\u00d6GGERS<\/h3>\n<p>???? 28-29 giugno 2025<\/p>\n<p>???????? MCC M\u00f6ggers<\/div> <div class=\"link-text\">INFORMAZIONI SULL'EVENTO<span class=\"arrow\"><\/span><\/div> <a  href=\"https:\/\/alpencupmx.eu\/it_it\/moeggers-2025\/\" class=\"box-link\"><\/a> <\/div><\/div><\/div><\/div><div class=\"cell\"><div class=\"inner-wrap-outer\"><div class=\"inner-wrap\" ><div class=\"nectar-fancy-box using-img\" data-style=\"default\" data-animation=\"\" data-hover-o=\"default\" data-border-radius=\"10px\" data-border=\"\" data-box-color-opacity=\"1\" data-delay=\"\" data-alignment=\"left\" data-color=\"extra-color-2\" ><div class=\"box-bg\" role=\"presentation\"  style=\"background-image: url('https:\/\/alpencupmx.eu\/wp-content\/uploads\/2023\/12\/2741E7A4-280E-47B6-B189-07DB6D97802C-scaled.jpg'); \"><\/div> <div class=\"inner\" style=\"min-height: 300px\"><span class=\"im-icon-wrap\" data-color=\"extra-color-2\"><span><svg role=\"presentation\" version=\"1.1\" xmlns=\"http:\/\/www.w3.org\/2000\/svg\" width=\"30px\" height=\"30px\" viewbox=\"0 0 32 32\">\n        <path d=\"M16 13.889c-2.205 0-4-1.795-4-4s1.795-4 4-4c2.205 0 4 1.795 4 4s-1.795 4-4 4zM16 7.223c-1.471 0-2.667 1.196-2.667 2.667s1.196 2.667 2.667 2.667c1.472 0 2.667-1.196 2.667-2.667s-1.195-2.667-2.667-2.667zM16 32.111v0c-0.368 0-0.667-0.3-0.667-0.667-0.027-1.012-3.405-8.289-6.424-11.397-1.823-1.875-4.243-4.828-4.243-8.824 0-6.249 5.084-11.333 11.333-11.333 6.251 0 11.333 5.084 11.333 11.333 0 3.409-1.695 6.636-4.909 9.331-3.753 3.153-5.759 9.905-5.759 10.891v0 0c0 0.001 0 0.001 0 0.001v0.001c0 0 0 0 0 0.001v0c0 0.001 0 0.001 0 0.001v0.003c0 0 0 0 0 0.001v0c0 0.001 0 0.001 0 0.001 0 0.001 0 0.001 0 0.001v0.003c0 0 0 0 0 0.001v0c0 0.003 0 0.003 0 0.003v0 0.003c0 0 0 0 0 0.003v0 0 0.005c0 0 0 0 0 0.003v0c-0.016 0.352-0.308 0.635-0.665 0.635zM16 1.223c-5.515 0-10 4.485-10 10 0 2.672 1.228 5.18 3.864 7.895 2.232 2.299 4.777 6.903 6.028 9.861 0.872-2.756 2.764-6.997 5.676-9.445 2.024-1.697 4.432-4.516 4.432-8.309 0-5.516-4.485-10.001-10-10.001z\"><\/path>\n        <\/svg><\/span><\/span>\n<h3>HOHENLINDEN<\/h3>\n<p>???? 2-3 agosto 2025<\/p>\n<p>???????? MC Hohenlinden e.V.<\/div> <div class=\"link-text\">INFORMAZIONI SULL'EVENTO<span class=\"arrow\"><\/span><\/div> <a  href=\"https:\/\/alpencupmx.eu\/it_it\/hohenlinden-2025\/\" class=\"box-link\"><\/a> <\/div><\/div><\/div><\/div><div class=\"cell\"><div class=\"inner-wrap-outer\"><div class=\"inner-wrap\" ><div class=\"nectar-fancy-box using-img\" data-style=\"default\" data-animation=\"\" data-hover-o=\"default\" data-border-radius=\"10px\" data-border=\"\" data-box-color-opacity=\"1\" data-delay=\"\" data-alignment=\"left\" data-color=\"extra-color-2\" ><div class=\"box-bg\" role=\"presentation\"  style=\"background-image: url('https:\/\/alpencupmx.eu\/wp-content\/uploads\/2025\/02\/DJI_20240409144717_0018_D-2.jpg'); \"><\/div> <div class=\"inner\" style=\"min-height: 300px\"><span class=\"im-icon-wrap\" data-color=\"extra-color-2\"><span><svg role=\"presentation\" version=\"1.1\" xmlns=\"http:\/\/www.w3.org\/2000\/svg\" width=\"30px\" height=\"30px\" viewbox=\"0 0 32 32\">\n        <path d=\"M16 13.889c-2.205 0-4-1.795-4-4s1.795-4 4-4c2.205 0 4 1.795 4 4s-1.795 4-4 4zM16 7.223c-1.471 0-2.667 1.196-2.667 2.667s1.196 2.667 2.667 2.667c1.472 0 2.667-1.196 2.667-2.667s-1.195-2.667-2.667-2.667zM16 32.111v0c-0.368 0-0.667-0.3-0.667-0.667-0.027-1.012-3.405-8.289-6.424-11.397-1.823-1.875-4.243-4.828-4.243-8.824 0-6.249 5.084-11.333 11.333-11.333 6.251 0 11.333 5.084 11.333 11.333 0 3.409-1.695 6.636-4.909 9.331-3.753 3.153-5.759 9.905-5.759 10.891v0 0c0 0.001 0 0.001 0 0.001v0.001c0 0 0 0 0 0.001v0c0 0.001 0 0.001 0 0.001v0.003c0 0 0 0 0 0.001v0c0 0.001 0 0.001 0 0.001 0 0.001 0 0.001 0 0.001v0.003c0 0 0 0 0 0.001v0c0 0.003 0 0.003 0 0.003v0 0.003c0 0 0 0 0 0.003v0 0 0.005c0 0 0 0 0 0.003v0c-0.016 0.352-0.308 0.635-0.665 0.635zM16 1.223c-5.515 0-10 4.485-10 10 0 2.672 1.228 5.18 3.864 7.895 2.232 2.299 4.777 6.903 6.028 9.861 0.872-2.756 2.764-6.997 5.676-9.445 2.024-1.697 4.432-4.516 4.432-8.309 0-5.516-4.485-10.001-10-10.001z\"><\/path>\n        <\/svg><\/span><\/span>\n<h3>VALPOCENTER SAN\u00b4T ANNA D\u00c1LFAEDO<\/h3>\n<p>???? 27-28 settembre 2025<\/p>\n<p>???????? Motoclub ValpoCross Monte Loffa<\/div> <div class=\"link-text\">INFORMAZIONI SULL'EVENTO<span class=\"arrow\"><\/span><\/div> <a  href=\"https:\/\/alpencupmx.eu\/it_it\/st-ana-2025\/\" class=\"box-link\"><\/a> <\/div><\/div><\/div><\/div><\/div><\/div><\/div>\n\t\t\t<\/div> \n\t\t<\/div>\n\t<\/div> \n<\/div><\/div>\n\t\t<div id=\"fws_69f2cb05e7c2f\"  data-column-margin=\"default\" data-midnight=\"dark\" data-top-percent=\"3%\" data-bottom-percent=\"3%\"  class=\"wpb_row vc_row-fluid vc_row full-width-section has-row-bg-color\"  style=\"padding-top: calc(100vw * 0.03); padding-bottom: calc(100vw * 0.03); --row-bg-color: #ffffff;\"><div class=\"row-bg-wrap\" data-bg-animation=\"none\" data-bg-animation-delay=\"\" data-bg-overlay=\"false\"><div class=\"inner-wrap row-bg-layer\" ><div class=\"row-bg viewport-desktop using-bg-color\"  style=\"background-color: #ffffff; \"><\/div><\/div><\/div><div class=\"row_col_wrap_12 col span_12 dark left\">\n\t<div  class=\"vc_col-sm-1 wpb_column column_container vc_column_container col no-extra-padding inherit_tablet inherit_phone\"  data-padding-pos=\"all\" data-has-bg-color=\"false\" data-bg-color=\"\" data-bg-opacity=\"1\" data-animation=\"\" data-delay=\"0\" >\n\t\t<div class=\"vc_column-inner\" >\n\t\t\t<div class=\"wpb_wrapper\">\n\t\t\t\t\n\t\t\t<\/div> \n\t\t<\/div>\n\t<\/div> \n\n\t<div  class=\"vc_col-sm-10 wpb_column column_container vc_column_container col no-extra-padding inherit_tablet inherit_phone\"  data-padding-pos=\"all\" data-has-bg-color=\"false\" data-bg-color=\"\" data-bg-opacity=\"1\" data-animation=\"\" data-delay=\"0\" >\n\t\t<div class=\"vc_column-inner\" >\n\t\t\t<div class=\"wpb_wrapper\">\n\t\t\t\t\t\n\t\t\n\t<div class=\"clients no-carousel three-cols fade-in-animation\" data-he=\"greyscale_to_color\" data-additional_padding=\"none\">\n\t\t\t<div><a href=\"http:\/\/shop-waldmann.de\" target=\"_blank\">\n\t\t<img loading=\"lazy\" decoding=\"async\" src=\"https:\/\/alpencupmx.eu\/wp-content\/uploads\/2023\/09\/waldmann-web-logo.png\" alt=\"Sponsor Logo - Motorrad Waldmann\" width=\"2000\" height=\"442\" \/>\t<\/a><\/div>\n\t<div><a href=\"https:\/\/foxhead.com\" target=\"_blank\">\n\t\t<img loading=\"lazy\" decoding=\"async\" src=\"https:\/\/alpencupmx.eu\/wp-content\/uploads\/2023\/09\/fox-racing-logo-web-2023.png\" alt=\"Sponsor Logo - Fox Moto\" width=\"2000\" height=\"442\" \/>\t<\/a><\/div>\n\t<\/div>\n\t\n\t\n\t\t\n\t<div class=\"clients no-carousel four-cols fade-in-animation\" data-he=\"greyscale_to_color\" data-additional_padding=\"3\">\n\t\t\t<div><a href=\"https:\/\/www.champion-oel.de\/\" target=\"_blank\">\n\t\t<img loading=\"lazy\" decoding=\"async\" src=\"https:\/\/alpencupmx.eu\/wp-content\/uploads\/2024\/05\/Champion_logo-lubricants-2019.png\" alt=\"Sponsor Logo - Champion Lubricants\" width=\"1212\" height=\"318\" \/>\t<\/a><\/div>\n\t<div><a href=\"https:\/\/www.x-grip.at\/\" target=\"_blank\">\n\t\t<img loading=\"lazy\" decoding=\"async\" src=\"https:\/\/alpencupmx.eu\/wp-content\/uploads\/2024\/05\/X-GRIP-Logo-1-black.png\" alt=\"client\" width=\"296\" height=\"59\" \/>\t<\/a><\/div>\n\t<\/div>\n\t\n\n\t\t\t<\/div> \n\t\t<\/div>\n\t<\/div> \n\n\t<div  class=\"vc_col-sm-1 wpb_column column_container vc_column_container col no-extra-padding inherit_tablet inherit_phone\"  data-padding-pos=\"all\" data-has-bg-color=\"false\" data-bg-color=\"\" data-bg-opacity=\"1\" data-animation=\"\" data-delay=\"0\" >\n\t\t<div class=\"vc_column-inner\" >\n\t\t\t<div class=\"wpb_wrapper\">\n\t\t\t\t\n\t\t\t<\/div> \n\t\t<\/div>\n\t<\/div> \n<\/div><\/div>","protected":false},"excerpt":{"rendered":"Was ein Auftakt f\u00fcr den Alpencup 2.0 in Rietz, Tirol. Danke an Alle, welche zu unserem Event nach \u00d6sterreich gekommen sind! Super Wetter, eine perfekt pr\u00e4parierte Strecke, gutes Racing, top...","protected":false},"author":1,"featured_media":13066,"parent":0,"menu_order":13,"comment_status":"closed","ping_status":"closed","template":"","meta":{"footnotes":""},"class_list":["post-11069","page","type-page","status-publish","has-post-thumbnail"],"yoast_head":"<!-- This site is optimized with the Yoast SEO plugin v27.4 - https:\/\/yoast.com\/product\/yoast-seo-wordpress\/ -->\n<title>Rennen Rietz 2025 - Alpencup Motocross<\/title>\n<meta name=\"description\" content=\"Die neue Auflage des Alpencups startete auf der immer top gepflegten Strecke in Rietz (AUT). Der Verein in Tirol versteht nach zig ausgetragenen Alpencups und \u00d6sterreichischen Staatsmeisterschaften genau worauf es ankommt, einen Top-Event f\u00fcr Fahrer und Zuschauer auszurichten.\" \/>\n<meta name=\"robots\" content=\"index, follow, max-snippet:-1, max-image-preview:large, max-video-preview:-1\" \/>\n<link rel=\"canonical\" href=\"https:\/\/alpencupmx.eu\/it_it\/rietz-2025\/\" \/>\n<meta property=\"og:locale\" content=\"it_IT\" \/>\n<meta property=\"og:type\" content=\"article\" \/>\n<meta property=\"og:title\" content=\"Rennen Rietz 2025 - Alpencup Motocross\" \/>\n<meta property=\"og:description\" content=\"Die neue Auflage des Alpencups startete auf der immer top gepflegten Strecke in Rietz (AUT). Der Verein in Tirol versteht nach zig ausgetragenen Alpencups und \u00d6sterreichischen Staatsmeisterschaften genau worauf es ankommt, einen Top-Event f\u00fcr Fahrer und Zuschauer auszurichten.\" \/>\n<meta property=\"og:url\" content=\"https:\/\/alpencupmx.eu\/it_it\/rietz-2025\/\" \/>\n<meta property=\"og:site_name\" content=\"Alpencup Motocross\" \/>\n<meta property=\"article:modified_time\" content=\"2025-04-24T12:04:57+00:00\" \/>\n<meta property=\"og:image\" content=\"https:\/\/alpencupmx.eu\/wp-content\/uploads\/2025\/04\/2025_APR_AUT_Alpencup_Rietz_PR-Size-5093-1024x683.jpg\" \/>\n\t<meta property=\"og:image:width\" content=\"1024\" \/>\n\t<meta property=\"og:image:height\" content=\"683\" \/>\n\t<meta property=\"og:image:type\" content=\"image\/jpeg\" \/>\n<meta name=\"twitter:card\" content=\"summary_large_image\" \/>\n<meta name=\"twitter:label1\" content=\"Tempo di lettura stimato\" \/>\n\t<meta name=\"twitter:data1\" content=\"14 minuti\" \/>\n<script type=\"application\/ld+json\" class=\"yoast-schema-graph\">{\"@context\":\"https:\\\/\\\/schema.org\",\"@graph\":[{\"@type\":\"WebPage\",\"@id\":\"https:\\\/\\\/alpencupmx.eu\\\/rietz-2025\\\/\",\"url\":\"https:\\\/\\\/alpencupmx.eu\\\/rietz-2025\\\/\",\"name\":\"Rennen Rietz 2025 - Alpencup Motocross\",\"isPartOf\":{\"@id\":\"https:\\\/\\\/alpencupmx.eu\\\/#website\"},\"primaryImageOfPage\":{\"@id\":\"https:\\\/\\\/alpencupmx.eu\\\/rietz-2025\\\/#primaryimage\"},\"image\":{\"@id\":\"https:\\\/\\\/alpencupmx.eu\\\/rietz-2025\\\/#primaryimage\"},\"thumbnailUrl\":\"https:\\\/\\\/alpencupmx.eu\\\/wp-content\\\/uploads\\\/2025\\\/04\\\/2025_APR_AUT_Alpencup_Rietz_PR-Size-5093.jpg\",\"datePublished\":\"2025-02-11T15:45:33+00:00\",\"dateModified\":\"2025-04-24T12:04:57+00:00\",\"description\":\"Die neue Auflage des Alpencups startete auf der immer top gepflegten Strecke in Rietz (AUT). Der Verein in Tirol versteht nach zig ausgetragenen Alpencups und \u00d6sterreichischen Staatsmeisterschaften genau worauf es ankommt, einen Top-Event f\u00fcr Fahrer und Zuschauer auszurichten.\",\"breadcrumb\":{\"@id\":\"https:\\\/\\\/alpencupmx.eu\\\/rietz-2025\\\/#breadcrumb\"},\"inLanguage\":\"it-IT\",\"potentialAction\":[{\"@type\":\"ReadAction\",\"target\":[\"https:\\\/\\\/alpencupmx.eu\\\/rietz-2025\\\/\"]}]},{\"@type\":\"ImageObject\",\"inLanguage\":\"it-IT\",\"@id\":\"https:\\\/\\\/alpencupmx.eu\\\/rietz-2025\\\/#primaryimage\",\"url\":\"https:\\\/\\\/alpencupmx.eu\\\/wp-content\\\/uploads\\\/2025\\\/04\\\/2025_APR_AUT_Alpencup_Rietz_PR-Size-5093.jpg\",\"contentUrl\":\"https:\\\/\\\/alpencupmx.eu\\\/wp-content\\\/uploads\\\/2025\\\/04\\\/2025_APR_AUT_Alpencup_Rietz_PR-Size-5093.jpg\",\"width\":2500,\"height\":1667,\"caption\":\"Alpencup Rietz 2025 - Samstag - Bild 7\"},{\"@type\":\"BreadcrumbList\",\"@id\":\"https:\\\/\\\/alpencupmx.eu\\\/rietz-2025\\\/#breadcrumb\",\"itemListElement\":[{\"@type\":\"ListItem\",\"position\":1,\"name\":\"Startseite\",\"item\":\"https:\\\/\\\/alpencupmx.eu\\\/\"},{\"@type\":\"ListItem\",\"position\":2,\"name\":\"Rietz\"}]},{\"@type\":\"WebSite\",\"@id\":\"https:\\\/\\\/alpencupmx.eu\\\/#website\",\"url\":\"https:\\\/\\\/alpencupmx.eu\\\/\",\"name\":\"Alpencup Motocross\",\"description\":\"Event Serie\",\"potentialAction\":[{\"@type\":\"SearchAction\",\"target\":{\"@type\":\"EntryPoint\",\"urlTemplate\":\"https:\\\/\\\/alpencupmx.eu\\\/?s={search_term_string}\"},\"query-input\":{\"@type\":\"PropertyValueSpecification\",\"valueRequired\":true,\"valueName\":\"search_term_string\"}}],\"inLanguage\":\"it-IT\"}]}<\/script>\n<!-- \/ Yoast SEO plugin. -->","yoast_head_json":{"title":"Rennen Rietz 2025 - Alpencup Motocross","description":"Die neue Auflage des Alpencups startete auf der immer top gepflegten Strecke in Rietz (AUT). Der Verein in Tirol versteht nach zig ausgetragenen Alpencups und \u00d6sterreichischen Staatsmeisterschaften genau worauf es ankommt, einen Top-Event f\u00fcr Fahrer und Zuschauer auszurichten.","robots":{"index":"index","follow":"follow","max-snippet":"max-snippet:-1","max-image-preview":"max-image-preview:large","max-video-preview":"max-video-preview:-1"},"canonical":"https:\/\/alpencupmx.eu\/it_it\/rietz-2025\/","og_locale":"it_IT","og_type":"article","og_title":"Rennen Rietz 2025 - Alpencup Motocross","og_description":"Die neue Auflage des Alpencups startete auf der immer top gepflegten Strecke in Rietz (AUT). Der Verein in Tirol versteht nach zig ausgetragenen Alpencups und \u00d6sterreichischen Staatsmeisterschaften genau worauf es ankommt, einen Top-Event f\u00fcr Fahrer und Zuschauer auszurichten.","og_url":"https:\/\/alpencupmx.eu\/it_it\/rietz-2025\/","og_site_name":"Alpencup Motocross","article_modified_time":"2025-04-24T12:04:57+00:00","og_image":[{"width":1024,"height":683,"url":"https:\/\/alpencupmx.eu\/wp-content\/uploads\/2025\/04\/2025_APR_AUT_Alpencup_Rietz_PR-Size-5093-1024x683.jpg","type":"image\/jpeg"}],"twitter_card":"summary_large_image","twitter_misc":{"Tempo di lettura stimato":"14 minuti"},"schema":{"@context":"https:\/\/schema.org","@graph":[{"@type":"WebPage","@id":"https:\/\/alpencupmx.eu\/rietz-2025\/","url":"https:\/\/alpencupmx.eu\/rietz-2025\/","name":"Rennen Rietz 2025 - Alpencup Motocross","isPartOf":{"@id":"https:\/\/alpencupmx.eu\/#website"},"primaryImageOfPage":{"@id":"https:\/\/alpencupmx.eu\/rietz-2025\/#primaryimage"},"image":{"@id":"https:\/\/alpencupmx.eu\/rietz-2025\/#primaryimage"},"thumbnailUrl":"https:\/\/alpencupmx.eu\/wp-content\/uploads\/2025\/04\/2025_APR_AUT_Alpencup_Rietz_PR-Size-5093.jpg","datePublished":"2025-02-11T15:45:33+00:00","dateModified":"2025-04-24T12:04:57+00:00","description":"Die neue Auflage des Alpencups startete auf der immer top gepflegten Strecke in Rietz (AUT). Der Verein in Tirol versteht nach zig ausgetragenen Alpencups und \u00d6sterreichischen Staatsmeisterschaften genau worauf es ankommt, einen Top-Event f\u00fcr Fahrer und Zuschauer auszurichten.","breadcrumb":{"@id":"https:\/\/alpencupmx.eu\/rietz-2025\/#breadcrumb"},"inLanguage":"it-IT","potentialAction":[{"@type":"ReadAction","target":["https:\/\/alpencupmx.eu\/rietz-2025\/"]}]},{"@type":"ImageObject","inLanguage":"it-IT","@id":"https:\/\/alpencupmx.eu\/rietz-2025\/#primaryimage","url":"https:\/\/alpencupmx.eu\/wp-content\/uploads\/2025\/04\/2025_APR_AUT_Alpencup_Rietz_PR-Size-5093.jpg","contentUrl":"https:\/\/alpencupmx.eu\/wp-content\/uploads\/2025\/04\/2025_APR_AUT_Alpencup_Rietz_PR-Size-5093.jpg","width":2500,"height":1667,"caption":"Alpencup Rietz 2025 - Samstag - Bild 7"},{"@type":"BreadcrumbList","@id":"https:\/\/alpencupmx.eu\/rietz-2025\/#breadcrumb","itemListElement":[{"@type":"ListItem","position":1,"name":"Startseite","item":"https:\/\/alpencupmx.eu\/"},{"@type":"ListItem","position":2,"name":"Rietz"}]},{"@type":"WebSite","@id":"https:\/\/alpencupmx.eu\/#website","url":"https:\/\/alpencupmx.eu\/","name":"Alpencup Motocross","description":"Event Serie","potentialAction":[{"@type":"SearchAction","target":{"@type":"EntryPoint","urlTemplate":"https:\/\/alpencupmx.eu\/?s={search_term_string}"},"query-input":{"@type":"PropertyValueSpecification","valueRequired":true,"valueName":"search_term_string"}}],"inLanguage":"it-IT"}]}},"_links":{"self":[{"href":"https:\/\/alpencupmx.eu\/it_it\/wp-json\/wp\/v2\/pages\/11069","targetHints":{"allow":["GET"]}}],"collection":[{"href":"https:\/\/alpencupmx.eu\/it_it\/wp-json\/wp\/v2\/pages"}],"about":[{"href":"https:\/\/alpencupmx.eu\/it_it\/wp-json\/wp\/v2\/types\/page"}],"author":[{"embeddable":true,"href":"https:\/\/alpencupmx.eu\/it_it\/wp-json\/wp\/v2\/users\/1"}],"replies":[{"embeddable":true,"href":"https:\/\/alpencupmx.eu\/it_it\/wp-json\/wp\/v2\/comments?post=11069"}],"version-history":[{"count":59,"href":"https:\/\/alpencupmx.eu\/it_it\/wp-json\/wp\/v2\/pages\/11069\/revisions"}],"predecessor-version":[{"id":11116,"href":"https:\/\/alpencupmx.eu\/it_it\/wp-json\/wp\/v2\/pages\/11069\/revisions\/11116"}],"wp:featuredmedia":[{"embeddable":true,"href":"https:\/\/alpencupmx.eu\/it_it\/wp-json\/wp\/v2\/media\/13066"}],"wp:attachment":[{"href":"https:\/\/alpencupmx.eu\/it_it\/wp-json\/wp\/v2\/media?parent=11069"}],"curies":[{"name":"wp","href":"https:\/\/api.w.org\/{rel}","templated":true}]}}